{"id":104861,"date":"2025-11-26T08:08:57","date_gmt":"2025-11-26T07:08:57","guid":{"rendered":"https:\/\/www.hautes-alpes.net\/ein-tausendjaehriges-erbe\/"},"modified":"2025-12-18T17:12:01","modified_gmt":"2025-12-18T16:12:01","slug":"ein-tausendjaehriges-erbe","status":"publish","type":"page","link":"https:\/\/www.hautes-alpes.net\/de\/ikonische\/ein-tausendjaehriges-erbe\/","title":{"rendered":"Ein tausendj\u00e4hriges Erbe"},"content":{"rendered":"\n<div class=\"wp-block-group alignfull hero-banner-simple has-global-padding is-layout-constrained wp-block-group-is-layout-constrained\"><div class=\"yoast-breadcrumbs\"><span><span><a href=\"https:\/\/www.hautes-alpes.net\/de\/hautes-alpes\/\">Accueil<\/a><\/span>  <span><a href=\"https:\/\/www.hautes-alpes.net\/de\/ikonische\/\">Ikonische<\/a><\/span>  <span><a href=\"https:\/\/www.hautes-alpes.net\/de\/ikonische\/\">Ikonische<\/a><\/span>  <span class=\"breadcrumb_last\" aria-current=\"page\">Ein tausendj\u00e4hriges Erbe<\/span><\/span><\/div>\n\n\n<h1 class=\"wp-block-ws-library-post-title\">Ein tausendj\u00e4hriges Erbe<\/h1>\n\n\n\n<p class=\"subtitle\"><\/p>\n\n\n\n<p class=\"has-text-align-center\">Durchqueren Sie D\u00f6rfer, die von Sch\u00f6nheit und Charakter gepr\u00e4gt sind. Hier ein farbenfroher Markt, ein Fest der Transhumanz, dort Holzscheunen, eine Pilgerfahrt zu einem Heiligtum, dort ein Musikfestival. <br\/><\/p>\n<\/div>\n\n<div class=\"wp-block-ws-library-ws-columns has-2-columns are-vertically-aligned-center layout-3565\">\n<div class=\"wp-block-ws-library-ws-column\"><div class=\"wrapper\">\n<div class=\"wp-block-ws-library-ws-image\"><div class=\"wrapper\"><div class=\"group-media\"><img decoding=\"async\" src=\"https:\/\/www.hautes-alpes.net\/wp-content\/uploads\/2025\/11\/vallouise-pelvoux-paul-brechu-25-1-427x640.jpg\" alt=\"\" class=\"single_image ws-image-48009\"><div class=\"credits\">P. Brechu<\/div><\/div><p class=\"caption\"><\/p><\/div><\/div>\n<\/div><\/div>\n\n\n\n<div class=\"wp-block-ws-library-ws-column\"><div class=\"wrapper\">\n<div class=\"wp-block-ws-library-ws-image\"><div class=\"wrapper\"><div class=\"group-media\"><img decoding=\"async\" src=\"https:\/\/www.hautes-alpes.net\/wp-content\/uploads\/2025\/12\/vallouise-alpesphotographiescom-10-427x640.jpg\" alt=\"\" class=\"single_image ws-image-91999\"><div class=\"credits\">Alpen Fotografien<\/div><\/div><p class=\"caption\"><\/p><\/div><\/div>\n<\/div><\/div>\n<\/div>\n\n<h3 class=\"wp-block-heading is-style-title-1\">D\u00f6rfer <strong>und lebende Steine<\/strong><\/h3>\n\n<p>In den Hautes-Alpes ist jedes Dorf ein offenes Buch. Gepflasterte Gassen, <strong>Vauban-Festungen<\/strong>, die zum UNESCO-Weltkulturerbe geh\u00f6ren, Kapellen mit alten Fresken oder Abteien, die sich im Wald verstecken: Das bauliche Erbe ist kein starres Dekor, sondern ein bewohntes Erbe. Diese Steine, die geduldig gegen Wind und Wetter aufgerichtet wurden, zeugen von einer jahrhundertealten Z\u00e4higkeit und einer einfachen Sch\u00f6nheit, die man auf Schritt und Tritt wiederfindet.  <\/p>\n\n<h3 class=\"wp-block-heading is-style-title-1\">Tradition <strong>in der Gegenwart<\/strong><\/h3>\n\n<p>Feste der Transhumanz, Pilgerfahrten, Herbstm\u00e4rkte wie der Markt der alten Fr\u00fcchte in Orpierre: Br\u00e4uche bestimmen noch immer den Rhythmus des kollektiven Lebens. Diese immateriellen <g id=\"gid_0\">Traditionen <\/g>, die das Ergebnis einer jahrhundertelangen Anpassung an die Bergwelt sind, behalten ihre ganze Vitalit\u00e4t. Sie erinnern daran, dass das Kulturerbe nicht nur in Museen aufbewahrt wird: Es wird gelebt, getanzt, in der Stra\u00dfenmusik geh\u00f6rt und um eine Herde in Bewegung geteilt.  <\/p>\n\n<div class=\"wp-block-ws-library-ws-columns has-2-columns are-vertically-aligned-center layout-6535\">\n<div class=\"wp-block-ws-library-ws-column\"><div class=\"wrapper\">\n<div class=\"wp-block-ws-library-ws-image is-style-simple\"><div class=\"wrapper\"><div class=\"group-media\"><img decoding=\"async\" src=\"https:\/\/www.hautes-alpes.net\/wp-content\/uploads\/2025\/12\/img-1659-1-1089x640.jpg\" alt=\"\" class=\"single_image ws-image-92000\"><div class=\"credits\">P. Domeyne - AD05<\/div><\/div><p class=\"caption\"><\/p><\/div><\/div>\n<\/div><\/div>\n\n\n\n<div class=\"wp-block-ws-library-ws-column\"><div class=\"wrapper\">\n<div class=\"wp-block-ws-library-ws-image\"><div class=\"wrapper\"><div class=\"group-media\"><img decoding=\"async\" src=\"https:\/\/www.hautes-alpes.net\/wp-content\/uploads\/2025\/12\/11022018-th-98401-nb-427x640.jpg\" alt=\"\" class=\"single_image ws-image-91998\"><div class=\"credits\">F. Thibault<\/div><\/div><p class=\"caption\"><\/p><\/div><\/div>\n<\/div><\/div>\n<\/div>\n\n<h3 class=\"wp-block-heading is-style-title-1\"><strong>\u00dcberliefertes<\/strong> Know-how<\/h3>\n\n<p>Das <strong>geschnitzte Holz des <a href=\"https:\/\/www.hautes-alpes.net\/de\/reiseziele-hautes-alpes\/guillestrois-queyras\/\">Queyras<\/a><\/strong>, die <strong>handgewebten Stoffe<\/strong>, die in kleinen Werkst\u00e4tten gefertigten <strong>Instrumente <\/strong>&#8230; All dies sind \u00fcberlieferte Gesten, die das Ged\u00e4chtnis der Region verk\u00f6rpern. Diese zerbrechlichen, aber wertvollen handwerklichen Fertigkeiten sind ein wesentlicher Bestandteil des immateriellen Erbes der Hautes-Alpes. Jedes geschaffene Objekt, jedes reparierte Werkzeug ist eine Br\u00fccke zwischen Vergangenheit und Zukunft.<\/p>\n\n<h3 class=\"wp-block-heading is-style-title-1\">Eine tief verwurzelte <strong>und lebendige<\/strong> Kultur<\/h3>\n\n<p>Die Berge inspirieren auch die Kunst. <strong>Musikfestivals<\/strong>, <strong>Bergfilme<\/strong>, <strong>Ausstellungen in den Zitadellen<\/strong>: Die <a href=\"https:\/\/www.hautes-alpes.net\/de\/erfahrungen-hautes-alpes\/kultur-und-tradition\/\">alpine Kultur<\/a> steht in st\u00e4ndigem Dialog mit ihren Landschaften. Es ist eine Kreativit\u00e4t, die sich aus dem Erbe n\u00e4hrt, aber in die Zukunft blickt, die die Hautes-Alpes zu einem Gebiet macht, in dem alte und zeitgen\u00f6ssische Kunst immer einen Raum findet, um sich auszudr\u00fccken.<\/p>\n\n<div class=\"wp-block-ws-library-ws-columns has-2-columns are-vertically-aligned-center layout-3565\">\n<div class=\"wp-block-ws-library-ws-column\"><div class=\"wrapper\">\n<div class=\"wp-block-ws-library-ws-image\"><div class=\"wrapper\"><div class=\"group-media\"><img decoding=\"async\" src=\"https:\/\/www.hautes-alpes.net\/wp-content\/uploads\/2025\/12\/ilake-2025-patrick-domeyne-54-427x640.jpg\" alt=\"\" class=\"single_image ws-image-92004\"><div class=\"credits\">P. Domeyne - AD05<\/div><\/div><p class=\"caption\"><\/p><\/div><\/div>\n<\/div><\/div>\n\n\n\n<div class=\"wp-block-ws-library-ws-column\"><div class=\"wrapper\">\n<div class=\"wp-block-ws-library-ws-image is-style-simple\"><div class=\"wrapper\"><div class=\"group-media\"><img decoding=\"async\" src=\"https:\/\/www.hautes-alpes.net\/wp-content\/uploads\/2025\/12\/10-ans-agence-de-developpement-des-hautesalpes-mont-dauphin-26-juin-2025-addet05-123-960x640.jpg\" alt=\"\" class=\"single_image ws-image-90983\"><div class=\"credits\">P. Domeyne - AD05<\/div><\/div><p class=\"caption\"><\/p><\/div><\/div>\n<\/div><\/div>\n<\/div>\n\n<h3 class=\"wp-block-heading is-style-title-1\">Der Geist der Berge, ein <strong>tausendj\u00e4hriger Faden<\/strong><\/h3>\n\n<p>\u00dcber die Steine, Feste und Gegenst\u00e4nde hinaus ist es eine Geisteshaltung, die fortbesteht: die der Solidarit\u00e4t, des Teilens und der Einfachheit. Dieser <g id=\"gid_0\">Berggeist<\/g>, der durch Jahrhunderte des Lebens in der H\u00f6he gepr\u00e4gt wurde, ist vielleicht das wertvollste Erbe. Ob materiell oder immateriell, gebaut oder gesungen, er bildet einen tausendj\u00e4hrigen Faden, der die Bewohner von gestern mit denen von heute verbindet und den Hautes-Alpes ihre einzigartige Seele verleiht.  <\/p>\n\n<div class=\"wp-block-ws-library-ws-image is-style-simple\"><div class=\"wrapper\"><div class=\"group-media\"><img decoding=\"async\" src=\"https:\/\/www.hautes-alpes.net\/wp-content\/uploads\/2025\/10\/0266798cc7583010257e0b8897fdbc8d9bd7e143-1-scaled-960x640.jpg\" alt=\"\" class=\"single_image ws-image-60\"><div class=\"credits\">P. Domeyne - AD05<\/div><\/div><p class=\"caption\"><\/p><\/div><\/div>\n\n<div class=\"wp-block-ws-library-ws-share\"><span class=\"share-subtitle\">Hat Ihnen diese Seite gefallen?<\/span><span class=\"share-title\">Teilen Sie es mit anderen!<\/span><button class=\"ws-share-button wp-element-button\">Diese Seite teilen<\/button><\/div>\n","protected":false},"excerpt":{"rendered":"<p>Durchqueren Sie D\u00f6rfer, die von Sch\u00f6nheit und Charakter gepr\u00e4gt sind. Hier ein farbenfroher Markt, ein Fest der Transhumanz, dort Holzscheunen, [&hellip;]<\/p>\n","protected":false},"author":6,"featured_media":0,"parent":107966,"menu_order":0,"comment_status":"closed","ping_status":"closed","template":"","meta":{"is_dark_mode":false,"footnotes":""},"page_label":[],"class_list":["post-104861","page","type-page","status-publish","hentry"],"yoast_head":"<!-- This site is optimized with the Yoast SEO plugin v27.2 - https:\/\/yoast.com\/product\/yoast-seo-wordpress\/ -->\n<title>Ein tausendj\u00e4hriges Erbe - Hautes-Alpes<\/title>\n<meta name=\"description\" content=\"Ein tausendj\u00e4hriges Erbe Durchqueren Sie D\u00f6rfer, die von Sch\u00f6nheit und Charakter gepr\u00e4gt sind. Hier ein farbenfroher Markt, ein Fest der Transhumanz, dort\" \/>\n<meta name=\"robots\" content=\"index, follow, max-snippet:-1, max-image-preview:large, max-video-preview:-1\" \/>\n<link rel=\"canonical\" href=\"https:\/\/www.hautes-alpes.net\/de\/ikonische\/ein-tausendjaehriges-erbe\/\" \/>\n<meta property=\"og:locale\" content=\"de_DE\" \/>\n<meta property=\"og:type\" content=\"article\" \/>\n<meta property=\"og:title\" content=\"Ein tausendj\u00e4hriges Erbe - Hautes-Alpes\" \/>\n<meta property=\"og:description\" content=\"Ein tausendj\u00e4hriges Erbe Durchqueren Sie D\u00f6rfer, die von Sch\u00f6nheit und Charakter gepr\u00e4gt sind. Hier ein farbenfroher Markt, ein Fest der Transhumanz, dort\" \/>\n<meta property=\"og:url\" content=\"https:\/\/www.hautes-alpes.net\/de\/ikonische\/ein-tausendjaehriges-erbe\/\" \/>\n<meta property=\"og:site_name\" content=\"Hautes-Alpes\" \/>\n<meta property=\"article:modified_time\" content=\"2025-12-18T16:12:01+00:00\" \/>\n<meta property=\"og:image\" content=\"https:\/\/www.hautes-alpes.net\/wp-content\/uploads\/2025\/11\/vallouise-pelvoux-paul-brechu-25-1-427x640.jpg\" \/>\n<meta name=\"twitter:card\" content=\"summary_large_image\" \/>\n<meta name=\"twitter:label1\" content=\"Gesch\u00e4tzte Lesezeit\" \/>\n\t<meta name=\"twitter:data1\" content=\"2 Minuten\" \/>\n<script type=\"application\/ld+json\" class=\"yoast-schema-graph\">{\"@context\":\"https:\/\/schema.org\",\"@graph\":[{\"@type\":\"WebPage\",\"@id\":\"https:\/\/www.hautes-alpes.net\/de\/ikonische\/ein-tausendjaehriges-erbe\/\",\"url\":\"https:\/\/www.hautes-alpes.net\/de\/ikonische\/ein-tausendjaehriges-erbe\/\",\"name\":\"Ein tausendj\u00e4hriges Erbe - Hautes-Alpes\",\"isPartOf\":{\"@id\":\"https:\/\/www.hautes-alpes.net\/de\/#website\"},\"primaryImageOfPage\":{\"@id\":\"https:\/\/www.hautes-alpes.net\/de\/ikonische\/ein-tausendjaehriges-erbe\/#primaryimage\"},\"image\":{\"@id\":\"https:\/\/www.hautes-alpes.net\/de\/ikonische\/ein-tausendjaehriges-erbe\/#primaryimage\"},\"thumbnailUrl\":\"https:\/\/www.hautes-alpes.net\/wp-content\/uploads\/2025\/11\/vallouise-pelvoux-paul-brechu-25-1-427x640.jpg\",\"datePublished\":\"2025-11-26T07:08:57+00:00\",\"dateModified\":\"2025-12-18T16:12:01+00:00\",\"description\":\"Ein tausendj\u00e4hriges Erbe Durchqueren Sie D\u00f6rfer, die von Sch\u00f6nheit und Charakter gepr\u00e4gt sind. Hier ein farbenfroher Markt, ein Fest der Transhumanz, dort\",\"breadcrumb\":{\"@id\":\"https:\/\/www.hautes-alpes.net\/de\/ikonische\/ein-tausendjaehriges-erbe\/#breadcrumb\"},\"inLanguage\":\"de\",\"potentialAction\":[{\"@type\":\"ReadAction\",\"target\":[\"https:\/\/www.hautes-alpes.net\/de\/ikonische\/ein-tausendjaehriges-erbe\/\"]}]},{\"@type\":\"ImageObject\",\"inLanguage\":\"de\",\"@id\":\"https:\/\/www.hautes-alpes.net\/de\/ikonische\/ein-tausendjaehriges-erbe\/#primaryimage\",\"url\":\"https:\/\/www.hautes-alpes.net\/wp-content\/uploads\/2025\/11\/vallouise-pelvoux-paul-brechu-25-1-427x640.jpg\",\"contentUrl\":\"https:\/\/www.hautes-alpes.net\/wp-content\/uploads\/2025\/11\/vallouise-pelvoux-paul-brechu-25-1-427x640.jpg\"},{\"@type\":\"BreadcrumbList\",\"@id\":\"https:\/\/www.hautes-alpes.net\/de\/ikonische\/ein-tausendjaehriges-erbe\/#breadcrumb\",\"itemListElement\":[{\"@type\":\"ListItem\",\"position\":1,\"name\":\"Accueil\",\"item\":\"https:\/\/www.hautes-alpes.net\/de\/hautes-alpes\/\"},{\"@type\":\"ListItem\",\"position\":2,\"name\":\"Ikonische\",\"item\":\"https:\/\/www.hautes-alpes.net\/de\/ikonische\/\"},{\"@type\":\"ListItem\",\"position\":3,\"name\":\"Ikonische\",\"item\":\"https:\/\/www.hautes-alpes.net\/de\/ikonische\/\"},{\"@type\":\"ListItem\",\"position\":4,\"name\":\"Ein tausendj\u00e4hriges Erbe\"}]},{\"@type\":\"WebSite\",\"@id\":\"https:\/\/www.hautes-alpes.net\/de\/#website\",\"url\":\"https:\/\/www.hautes-alpes.net\/de\/\",\"name\":\"ADDET\",\"description\":\"\",\"publisher\":{\"@id\":\"https:\/\/www.hautes-alpes.net\/de\/#organization\"},\"potentialAction\":[{\"@type\":\"SearchAction\",\"target\":{\"@type\":\"EntryPoint\",\"urlTemplate\":\"https:\/\/www.hautes-alpes.net\/de\/?s={search_term_string}\"},\"query-input\":{\"@type\":\"PropertyValueSpecification\",\"valueRequired\":true,\"valueName\":\"search_term_string\"}}],\"inLanguage\":\"de\"},{\"@type\":\"Organization\",\"@id\":\"https:\/\/www.hautes-alpes.net\/de\/#organization\",\"name\":\"Agence D\u00e9partementale de D\u00e9veloppement Economique et Touristique des Hautes-Alpes\",\"url\":\"https:\/\/www.hautes-alpes.net\/de\/\",\"logo\":{\"@type\":\"ImageObject\",\"inLanguage\":\"de\",\"@id\":\"https:\/\/www.hautes-alpes.net\/de\/#\/schema\/logo\/image\/\",\"url\":\"https:\/\/www.hautes-alpes.net\/wp-content\/uploads\/2026\/01\/black-logo-2.svg\",\"contentUrl\":\"https:\/\/www.hautes-alpes.net\/wp-content\/uploads\/2026\/01\/black-logo-2.svg\",\"caption\":\"Agence D\u00e9partementale de D\u00e9veloppement Economique et Touristique des Hautes-Alpes\"},\"image\":{\"@id\":\"https:\/\/www.hautes-alpes.net\/de\/#\/schema\/logo\/image\/\"}}]}<\/script>\n<!-- \/ Yoast SEO plugin. -->","yoast_head_json":{"title":"Ein tausendj\u00e4hriges Erbe - Hautes-Alpes","description":"Ein tausendj\u00e4hriges Erbe Durchqueren Sie D\u00f6rfer, die von Sch\u00f6nheit und Charakter gepr\u00e4gt sind. Hier ein farbenfroher Markt, ein Fest der Transhumanz, dort","robots":{"index":"index","follow":"follow","max-snippet":"max-snippet:-1","max-image-preview":"max-image-preview:large","max-video-preview":"max-video-preview:-1"},"canonical":"https:\/\/www.hautes-alpes.net\/de\/ikonische\/ein-tausendjaehriges-erbe\/","og_locale":"de_DE","og_type":"article","og_title":"Ein tausendj\u00e4hriges Erbe - Hautes-Alpes","og_description":"Ein tausendj\u00e4hriges Erbe Durchqueren Sie D\u00f6rfer, die von Sch\u00f6nheit und Charakter gepr\u00e4gt sind. Hier ein farbenfroher Markt, ein Fest der Transhumanz, dort","og_url":"https:\/\/www.hautes-alpes.net\/de\/ikonische\/ein-tausendjaehriges-erbe\/","og_site_name":"Hautes-Alpes","article_modified_time":"2025-12-18T16:12:01+00:00","og_image":[{"url":"https:\/\/www.hautes-alpes.net\/wp-content\/uploads\/2025\/11\/vallouise-pelvoux-paul-brechu-25-1-427x640.jpg","type":"","width":"","height":""}],"twitter_card":"summary_large_image","twitter_misc":{"Gesch\u00e4tzte Lesezeit":"2 Minuten"},"schema":{"@context":"https:\/\/schema.org","@graph":[{"@type":"WebPage","@id":"https:\/\/www.hautes-alpes.net\/de\/ikonische\/ein-tausendjaehriges-erbe\/","url":"https:\/\/www.hautes-alpes.net\/de\/ikonische\/ein-tausendjaehriges-erbe\/","name":"Ein tausendj\u00e4hriges Erbe - Hautes-Alpes","isPartOf":{"@id":"https:\/\/www.hautes-alpes.net\/de\/#website"},"primaryImageOfPage":{"@id":"https:\/\/www.hautes-alpes.net\/de\/ikonische\/ein-tausendjaehriges-erbe\/#primaryimage"},"image":{"@id":"https:\/\/www.hautes-alpes.net\/de\/ikonische\/ein-tausendjaehriges-erbe\/#primaryimage"},"thumbnailUrl":"https:\/\/www.hautes-alpes.net\/wp-content\/uploads\/2025\/11\/vallouise-pelvoux-paul-brechu-25-1-427x640.jpg","datePublished":"2025-11-26T07:08:57+00:00","dateModified":"2025-12-18T16:12:01+00:00","description":"Ein tausendj\u00e4hriges Erbe Durchqueren Sie D\u00f6rfer, die von Sch\u00f6nheit und Charakter gepr\u00e4gt sind. Hier ein farbenfroher Markt, ein Fest der Transhumanz, dort","breadcrumb":{"@id":"https:\/\/www.hautes-alpes.net\/de\/ikonische\/ein-tausendjaehriges-erbe\/#breadcrumb"},"inLanguage":"de","potentialAction":[{"@type":"ReadAction","target":["https:\/\/www.hautes-alpes.net\/de\/ikonische\/ein-tausendjaehriges-erbe\/"]}]},{"@type":"ImageObject","inLanguage":"de","@id":"https:\/\/www.hautes-alpes.net\/de\/ikonische\/ein-tausendjaehriges-erbe\/#primaryimage","url":"https:\/\/www.hautes-alpes.net\/wp-content\/uploads\/2025\/11\/vallouise-pelvoux-paul-brechu-25-1-427x640.jpg","contentUrl":"https:\/\/www.hautes-alpes.net\/wp-content\/uploads\/2025\/11\/vallouise-pelvoux-paul-brechu-25-1-427x640.jpg"},{"@type":"BreadcrumbList","@id":"https:\/\/www.hautes-alpes.net\/de\/ikonische\/ein-tausendjaehriges-erbe\/#breadcrumb","itemListElement":[{"@type":"ListItem","position":1,"name":"Accueil","item":"https:\/\/www.hautes-alpes.net\/de\/hautes-alpes\/"},{"@type":"ListItem","position":2,"name":"Ikonische","item":"https:\/\/www.hautes-alpes.net\/de\/ikonische\/"},{"@type":"ListItem","position":3,"name":"Ikonische","item":"https:\/\/www.hautes-alpes.net\/de\/ikonische\/"},{"@type":"ListItem","position":4,"name":"Ein tausendj\u00e4hriges Erbe"}]},{"@type":"WebSite","@id":"https:\/\/www.hautes-alpes.net\/de\/#website","url":"https:\/\/www.hautes-alpes.net\/de\/","name":"ADDET","description":"","publisher":{"@id":"https:\/\/www.hautes-alpes.net\/de\/#organization"},"potentialAction":[{"@type":"SearchAction","target":{"@type":"EntryPoint","urlTemplate":"https:\/\/www.hautes-alpes.net\/de\/?s={search_term_string}"},"query-input":{"@type":"PropertyValueSpecification","valueRequired":true,"valueName":"search_term_string"}}],"inLanguage":"de"},{"@type":"Organization","@id":"https:\/\/www.hautes-alpes.net\/de\/#organization","name":"Agence D\u00e9partementale de D\u00e9veloppement Economique et Touristique des Hautes-Alpes","url":"https:\/\/www.hautes-alpes.net\/de\/","logo":{"@type":"ImageObject","inLanguage":"de","@id":"https:\/\/www.hautes-alpes.net\/de\/#\/schema\/logo\/image\/","url":"https:\/\/www.hautes-alpes.net\/wp-content\/uploads\/2026\/01\/black-logo-2.svg","contentUrl":"https:\/\/www.hautes-alpes.net\/wp-content\/uploads\/2026\/01\/black-logo-2.svg","caption":"Agence D\u00e9partementale de D\u00e9veloppement Economique et Touristique des Hautes-Alpes"},"image":{"@id":"https:\/\/www.hautes-alpes.net\/de\/#\/schema\/logo\/image\/"}}]}},"_links":{"self":[{"href":"https:\/\/www.hautes-alpes.net\/de\/wp-json\/wp\/v2\/pages\/104861","targetHints":{"allow":["GET"]}}],"collection":[{"href":"https:\/\/www.hautes-alpes.net\/de\/wp-json\/wp\/v2\/pages"}],"about":[{"href":"https:\/\/www.hautes-alpes.net\/de\/wp-json\/wp\/v2\/types\/page"}],"author":[{"embeddable":true,"href":"https:\/\/www.hautes-alpes.net\/de\/wp-json\/wp\/v2\/users\/6"}],"replies":[{"embeddable":true,"href":"https:\/\/www.hautes-alpes.net\/de\/wp-json\/wp\/v2\/comments?post=104861"}],"version-history":[{"count":3,"href":"https:\/\/www.hautes-alpes.net\/de\/wp-json\/wp\/v2\/pages\/104861\/revisions"}],"predecessor-version":[{"id":123011,"href":"https:\/\/www.hautes-alpes.net\/de\/wp-json\/wp\/v2\/pages\/104861\/revisions\/123011"}],"up":[{"embeddable":true,"href":"https:\/\/www.hautes-alpes.net\/de\/wp-json\/wp\/v2\/pages\/107966"}],"wp:attachment":[{"href":"https:\/\/www.hautes-alpes.net\/de\/wp-json\/wp\/v2\/media?parent=104861"}],"wp:term":[{"taxonomy":"page_label","embeddable":true,"href":"https:\/\/www.hautes-alpes.net\/de\/wp-json\/wp\/v2\/page_label?post=104861"}],"curies":[{"name":"wp","href":"https:\/\/api.w.org\/{rel}","templated":true}]}}