{"id":104837,"date":"2025-12-05T08:30:22","date_gmt":"2025-12-05T07:30:22","guid":{"rendered":"https:\/\/www.hautes-alpes.net\/gaestezimmer\/"},"modified":"2025-12-17T15:19:16","modified_gmt":"2025-12-17T14:19:16","slug":"gaestezimmer","status":"publish","type":"page","link":"https:\/\/www.hautes-alpes.net\/de\/organisieren\/gaestezimmer\/","title":{"rendered":"G\u00e4stezimmer"},"content":{"rendered":"\n<div class=\"wp-block-group alignfull hero-banner-simple has-global-padding is-layout-constrained wp-block-group-is-layout-constrained\"><div class=\"yoast-breadcrumbs\"><span><span><a href=\"https:\/\/www.hautes-alpes.net\/de\/hautes-alpes\/\">Accueil<\/a><\/span>  <span><a href=\"https:\/\/www.hautes-alpes.net\/de\/organisieren\/\">Organisieren<\/a><\/span>  <span><a href=\"https:\/\/www.hautes-alpes.net\/de\/organisieren\/\">Organisieren<\/a><\/span>  <span class=\"breadcrumb_last\" aria-current=\"page\">G\u00e4stezimmer<\/span><\/span><\/div>\n\n\n<h1 class=\"wp-block-ws-library-post-title\">G\u00e4stezimmer<\/h1>\n\n\n\n<p class=\"subtitle wp-block-paragraph\">Willkommen zu Hause<\/p>\n\n\n\n<p class=\"wp-block-paragraph\"><\/p>\n<\/div>\n\n<div class=\"wp-block-ws-library-ws-banner alignfull\"><div class=\"wrapper\"><div class=\"group-media\"><img decoding=\"async\" width=\"1600\" height=\"480\" src=\"https:\/\/www.hautes-alpes.net\/wp-content\/uploads\/2025\/12\/la-ferme-de-beaute-bbodin-1-1600x480.jpg\" alt=\"\" class=\"single_image wp-image-101376\"><div class=\"credits\">B. Bodin<\/div><\/div>\n<div class=\"group-content\"><p class=\"wp-block-paragraph\">Entdecken Sie die wahre Seele der Hautes-Alpes, indem Sie sich f\u00fcr ein G\u00e4stezimmer entscheiden. Weit weg von der Anonymit\u00e4t garantieren Ihnen diese charmanten Adressen einen pers\u00f6nlichen und herzlichen Empfang. Teilen Sie besondere Momente, nutzen Sie die Ratschl\u00e4ge Ihrer Gastgeber und genie\u00dfen Sie ein leckeres Fr\u00fchst\u00fcck.  <\/p><\/div>\n<\/div><\/div>\n<div id=\"listing_53647\" data-observer-wishlist class=\"ws-listing wp-block-ws-apidae-library-listing-avance\" data-map-id=\"map_53647\" data-locations-id=\"locations-data_53647\"><div class=\"panel-fixe panel-facets\"><div class=\"panel-overlay toggle-facets\"><\/div><div class=\"panel-inner\"><div class=\"panel-header\"><div class=\"panel-title\">Filter<\/div><a href=\"#\" class=\"panel-close toggle-facets\">Sluiten<\/a><\/div><div class=\"panel-content\"><div class=\"group-summary\"><div class=\"facetwp-selections\"><\/div><a href=\"#\" class=\"link-reset\">Verwijderen<\/a><\/div><div class=\"facetwp-facet facetwp-facet-territoires facetwp-type-fselect\" data-name=\"territoires\" data-type=\"fselect\"><\/div><div class=\"facetwp-facet facetwp-facet-station facetwp-type-fselect\" data-name=\"station\" data-type=\"fselect\"><\/div><div class=\"facetwp-facet facetwp-facet-commune facetwp-type-fselect\" data-name=\"commune\" data-type=\"fselect\"><\/div><div class=\"facetwp-facet facetwp-facet-classement facetwp-type-rating\" data-name=\"classement\" data-type=\"rating\"><\/div><div class=\"facetwp-facet facetwp-facet-capacit facetwp-type-slider\" data-name=\"capacit\" data-type=\"slider\"><\/div><div class=\"facetwp-facet facetwp-facet-equipement facetwp-type-checkboxes\" data-name=\"equipement\" data-type=\"checkboxes\"><\/div><div class=\"facetwp-facet facetwp-facet-services facetwp-type-checkboxes\" data-name=\"services\" data-type=\"checkboxes\"><\/div><div class=\"facetwp-facet facetwp-facet-langues facetwp-type-checkboxes\" data-name=\"langues\" data-type=\"checkboxes\"><\/div><\/div><div class=\"panel-footer\"><div class=\"facet-buttons\"><button type=\"submit\" class=\"btn btn-1 toggle-facets facetwp-count-btn\">Alles bekijken <span class=\"results-count\"><\/span> resultaten<\/button><\/div><\/div><\/div><\/div><div class=\"listing-header\"><div class=\"toggle-container\"><button class=\"btn toggle-btn toggle-facets\" data-target=\"facets\">Filter<\/button><\/div><\/div><div class=\"facetwp-template\"><div class=\"list-container active\"><div class=\"list-items\"><div class=\"item\" ><div class=\"card card-apidae card-avance post-type-apidae\"><div class=\"group-top\"><\/div><div class=\"group-media\"><div class=\"field-image\"><img decoding=\"async\" src=\"https:\/\/images.weserv.nl\/?url=https:\/\/static.apidae-tourisme.com\/filestore\/objets-touristiques\/images\/86\/223\/34332502-diaporama.webp&#038;w=550&#038;h=350&#038;fit=cover&#038;output=webp&#038;q=45\" alt=\"Le Petit Chariot\"\/><\/div><\/div><div class=\"group-content\"><div class=\"field-commune\">La Saulce<\/div><div class=\"field-title\">Le Petit Chariot<\/div><\/div><div class=\"field-link\"><a href=\"https:\/\/www.hautes-alpes.net\/de\/fiche\/le-petit-chariot-2\/\" class=\"cardlink\">Le Petit Chariot<\/a><\/div><\/div><\/div><div class=\"item\" ><div class=\"card card-apidae card-avance post-type-apidae\"><div class=\"group-top\"><\/div><div class=\"group-media\"><div class=\"field-image\"><img decoding=\"async\" src=\"https:\/\/images.weserv.nl\/?url=https:\/\/static.apidae-tourisme.com\/filestore\/objets-touristiques\/images\/92\/26\/1383004-diaporama.jpg&#038;w=550&#038;h=350&#038;fit=cover&#038;output=webp&#038;q=45\" alt=\"La Pierre de l&#8217;Ours\"\/><\/div><\/div><div class=\"group-content\"><div class=\"field-commune\">Champol\u00e9on<\/div><div class=\"field-title\">La Pierre de l&#8217;Ours<\/div><\/div><div class=\"field-link\"><a href=\"https:\/\/www.hautes-alpes.net\/de\/fiche\/la-pierre-de-lours-2\/\" class=\"cardlink\">La Pierre de l&#8217;Ours<\/a><\/div><\/div><\/div><div class=\"item\" ><div class=\"card card-apidae card-avance post-type-apidae\"><div class=\"group-top\"><\/div><div class=\"group-media\"><div class=\"field-image\"><img decoding=\"async\" src=\"https:\/\/images.weserv.nl\/?url=https:\/\/static.apidae-tourisme.com\/filestore\/objets-touristiques\/images\/16\/205\/17026320-diaporama.jpg&#038;w=550&#038;h=350&#038;fit=cover&#038;output=webp&#038;q=45\" alt=\"Nalanda\"\/><\/div><\/div><div class=\"group-content\"><div class=\"field-commune\">L&#039;Argenti\u00e8re-la-Bess\u00e9e<\/div><div class=\"field-title\">Nalanda<\/div><\/div><div class=\"field-link\"><a href=\"https:\/\/www.hautes-alpes.net\/de\/fiche\/nalanda-2\/\" class=\"cardlink\">Nalanda<\/a><\/div><\/div><\/div><div class=\"item\" ><div class=\"card card-apidae card-avance post-type-apidae\"><div class=\"group-top\"><\/div><div class=\"group-media\"><div class=\"field-image\"><img decoding=\"async\" src=\"https:\/\/images.weserv.nl\/?url=https:\/\/static.apidae-tourisme.com\/filestore\/objets-touristiques\/images\/129\/142\/21073537-diaporama.jpg&#038;w=550&#038;h=350&#038;fit=cover&#038;output=webp&#038;q=45\" alt=\"Chambre d&#8217;h\u00f4tes La Br\u00e8che - Jarry Elisabeth\"\/><\/div><\/div><div class=\"group-content\"><div class=\"field-commune\">Villar-d&#039;Ar\u00eane<\/div><div class=\"field-title\">Chambre d&#8217;h\u00f4tes La Br\u00e8che - Jarry Elisabeth<\/div><\/div><div class=\"field-link\"><a href=\"https:\/\/www.hautes-alpes.net\/de\/fiche\/chambre-dhotes-la-breche-jarry-elisabeth-2\/\" class=\"cardlink\">Chambre d&#8217;h\u00f4tes La Br\u00e8che - Jarry Elisabeth<\/a><\/div><\/div><\/div><div class=\"item\" ><div class=\"card card-apidae card-avance post-type-apidae\"><div class=\"group-top\"><\/div><div class=\"group-media\"><div class=\"field-image\"><img decoding=\"async\" src=\"https:\/\/images.weserv.nl\/?url=https:\/\/static.apidae-tourisme.com\/filestore\/objets-touristiques\/images\/226\/86\/28792546-diaporama.png&#038;w=550&#038;h=350&#038;fit=cover&#038;output=webp&#038;q=45\" alt=\"La Ferme de Beaut\u00e9\"\/><\/div><\/div><div class=\"group-content\"><div class=\"field-commune\">Ch\u00e2teauroux-les-Alpes<\/div><div class=\"field-title\">La Ferme de Beaut\u00e9<\/div><div class=\"field-description\">Ruhige Lage zwischen dem Parc National des Ecrins und dem Lac de Serre-Pon\u00e7on, Ein gesch\u00fctzter Ort, der zum Auftanken einl\u00e4dt, mit au\u00dfergew\u00f6hnlichem Blick auf&#8230;<\/div><\/div><div class=\"field-link\"><a href=\"https:\/\/www.hautes-alpes.net\/de\/fiche\/la-ferme-de-beaute-2\/\" class=\"cardlink\">La Ferme de Beaut\u00e9<\/a><\/div><\/div><\/div><div class=\"item\" ><div class=\"card card-apidae card-avance post-type-apidae\"><div class=\"group-top\"><\/div><div class=\"group-media\"><div class=\"field-image\"><img decoding=\"async\" src=\"https:\/\/images.weserv.nl\/?url=https:\/\/static.apidae-tourisme.com\/filestore\/objets-touristiques\/images\/241\/5\/38274545-diaporama.jpg&#038;w=550&#038;h=350&#038;fit=cover&#038;output=webp&#038;q=45\" alt=\"ALPINEST - Les Cabanes du Pas de la Louve\"\/><\/div><\/div><div class=\"group-content\"><div class=\"field-commune\">Serres<\/div><div class=\"field-title\">ALPINEST - Les Cabanes du Pas de la Louve<\/div><div class=\"field-description\">In unseren komfortablen Baumh\u00e4usern ist Erholung garantiert. G\u00f6nnen Sie sich eine Auszeit zu zweit. Entspannen Sie sich im privaten Spa auf Ihrer Terrasse oder&#8230;<\/div><\/div><div class=\"field-link\"><a href=\"https:\/\/www.hautes-alpes.net\/de\/fiche\/alpinest-les-cabanes-du-pas-de-la-louve-2\/\" class=\"cardlink\">ALPINEST - Les Cabanes du Pas de la Louve<\/a><\/div><\/div><\/div><div class=\"item\" ><div class=\"card card-apidae card-avance post-type-apidae\"><div class=\"group-top\"><\/div><div class=\"group-media\"><div class=\"field-image\"><img decoding=\"async\" src=\"https:\/\/images.weserv.nl\/?url=https:\/\/static.apidae-tourisme.com\/filestore\/objets-touristiques\/images\/232\/84\/22697192-diaporama.jpg&#038;w=550&#038;h=350&#038;fit=cover&#038;output=webp&#038;q=45\" alt=\"LA MERIDIENNE - Chambre SERRE SOLEILLE\"\/><\/div><\/div><div class=\"group-content\"><div class=\"field-commune\">Venterol<\/div><div class=\"field-title\">LA MERIDIENNE - Chambre SERRE SOLEILLE<\/div><\/div><div class=\"field-link\"><a href=\"https:\/\/www.hautes-alpes.net\/de\/fiche\/la-meridienne-chambre-serre-soleille-2\/\" class=\"cardlink\">LA MERIDIENNE - Chambre SERRE SOLEILLE<\/a><\/div><\/div><\/div><div class=\"item\" ><div class=\"card card-apidae card-avance post-type-apidae\"><div class=\"group-top\"><\/div><div class=\"group-media\"><div class=\"field-image\"><img decoding=\"async\" src=\"https:\/\/images.weserv.nl\/?url=https:\/\/static.apidae-tourisme.com\/filestore\/objets-touristiques\/images\/241\/43\/30813169-diaporama.jpg&#038;w=550&#038;h=350&#038;fit=cover&#038;output=webp&#038;q=45\" alt=\"\u00d4 Clar\u00e9e Chambres d&#8217;h\u00f4tes\"\/><\/div><\/div><div class=\"group-content\"><div class=\"field-commune\">Val-des-Pr\u00e9s<\/div><div class=\"field-title\">\u00d4 Clar\u00e9e Chambres d&#8217;h\u00f4tes<\/div><\/div><div class=\"field-link\"><a href=\"https:\/\/www.hautes-alpes.net\/de\/fiche\/o-claree-chambres-dhotes-2\/\" class=\"cardlink\">\u00d4 Clar\u00e9e Chambres d&#8217;h\u00f4tes<\/a><\/div><\/div><\/div><div class=\"item\" ><div class=\"card card-apidae card-avance post-type-apidae\"><div class=\"group-top\"><\/div><div class=\"group-media\"><div class=\"field-image\"><img decoding=\"async\" src=\"https:\/\/images.weserv.nl\/?url=https:\/\/static.apidae-tourisme.com\/filestore\/objets-touristiques\/images\/248\/63\/2244600-diaporama.jpg&#038;w=550&#038;h=350&#038;fit=cover&#038;output=webp&#038;q=45\" alt=\"L&#8217;Auberge du Moulin\"\/><\/div><\/div><div class=\"group-content\"><div class=\"field-commune\">Montgardin<\/div><div class=\"field-title\">L&#8217;Auberge du Moulin<\/div><\/div><div class=\"field-link\"><a href=\"https:\/\/www.hautes-alpes.net\/de\/fiche\/lauberge-du-moulin-3\/\" class=\"cardlink\">L&#8217;Auberge du Moulin<\/a><\/div><\/div><\/div><div class=\"item\" ><div class=\"card card-apidae card-avance post-type-apidae\"><div class=\"group-top\"><\/div><div class=\"group-media\"><div class=\"field-image\"><img decoding=\"async\" src=\"https:\/\/images.weserv.nl\/?url=https:\/\/static.apidae-tourisme.com\/filestore\/objets-touristiques\/images\/128\/246\/849536-diaporama.jpg&#038;w=550&#038;h=350&#038;fit=cover&#038;output=webp&#038;q=45\" alt=\"Brin de paille\"\/><\/div><\/div><div class=\"group-content\"><div class=\"field-commune\">Saint-Martin-de-Queyri\u00e8res<\/div><div class=\"field-title\">Brin de paille<\/div><div class=\"field-description\">Diese \u00f6kologische Wanderh\u00fctte aus Stroh und Holz, verspricht den Komfort und die W\u00e4rme, von denen Sie schon immer getr\u00e4umt haben. Gro\u00dfes Esszimmer mit Wohnzimmer,&#8230;<\/div><\/div><div class=\"field-link\"><a href=\"https:\/\/www.hautes-alpes.net\/de\/fiche\/brin-de-paille-2\/\" class=\"cardlink\">Brin de paille<\/a><\/div><\/div><\/div><div class=\"item\" ><div class=\"card card-apidae card-avance post-type-apidae\"><div class=\"group-top\"><\/div><div class=\"group-media\"><div class=\"field-image\"><img decoding=\"async\" src=\"https:\/\/images.weserv.nl\/?url=https:\/\/static.apidae-tourisme.com\/filestore\/objets-touristiques\/images\/129\/140\/1608833-diaporama.jpg&#038;w=550&#038;h=350&#038;fit=cover&#038;output=webp&#038;q=45\" alt=\"La Fontaine fleurie\"\/><\/div><\/div><div class=\"group-content\"><div class=\"field-commune\">La Chapelle-en-Valgaud\u00e9mar<\/div><div class=\"field-title\">La Fontaine fleurie<\/div><\/div><div class=\"field-link\"><a href=\"https:\/\/www.hautes-alpes.net\/de\/fiche\/la-fontaine-fleurie-2\/\" class=\"cardlink\">La Fontaine fleurie<\/a><\/div><\/div><\/div><div class=\"item\" ><div class=\"card card-apidae card-avance post-type-apidae\"><div class=\"group-top\"><\/div><div class=\"group-media\"><div class=\"field-image\"><img decoding=\"async\" src=\"https:\/\/images.weserv.nl\/?url=https:\/\/static.apidae-tourisme.com\/filestore\/objets-touristiques\/images\/186\/198\/21153466-diaporama.jpg&#038;w=550&#038;h=350&#038;fit=cover&#038;output=webp&#038;q=45\" alt=\"Ch\u00e2teau Le Beylon\"\/><\/div><\/div><div class=\"group-content\"><div class=\"field-commune\">Montmaur<\/div><div class=\"field-title\">Ch\u00e2teau Le Beylon<\/div><\/div><div class=\"field-link\"><a href=\"https:\/\/www.hautes-alpes.net\/de\/fiche\/chateau-le-beylon-2\/\" class=\"cardlink\">Ch\u00e2teau Le Beylon<\/a><\/div><\/div><\/div><div class=\"item\" ><div class=\"card card-apidae card-avance post-type-apidae\"><div class=\"group-top\"><\/div><div class=\"group-media\"><div class=\"field-image\"><img decoding=\"async\" src=\"https:\/\/images.weserv.nl\/?url=https:\/\/static.apidae-tourisme.com\/filestore\/objets-touristiques\/images\/37\/245\/34600229-diaporama.jpg&#038;w=550&#038;h=350&#038;fit=cover&#038;output=webp&#038;q=45\" alt=\"Les Airelles - G\u00e4stezimmer\"\/><\/div><\/div><div class=\"group-content\"><div class=\"field-commune\">Val-des-Pr\u00e9s<\/div><div class=\"field-title\">Les Airelles - G\u00e4stezimmer<\/div><div class=\"field-description\">Die neuen Besitzer von Les Airelles ( seit 2018 ) werden Sie sowohl auf Franz\u00f6sisch, als auch auf Niederl\u00e4ndisch, Englisch und Deutsch begr\u00fc\u00dfen k\u00f6nnen&#8230;<\/div><\/div><div class=\"field-link\"><a href=\"https:\/\/www.hautes-alpes.net\/de\/fiche\/les-airelles-gastezimmer\/\" class=\"cardlink\">Les Airelles - G\u00e4stezimmer<\/a><\/div><\/div><\/div><div class=\"item\" ><div class=\"card card-apidae card-avance post-type-apidae\"><div class=\"group-top\"><\/div><div class=\"group-media\"><div class=\"field-image\"><img decoding=\"async\" src=\"https:\/\/images.weserv.nl\/?url=https:\/\/static.apidae-tourisme.com\/filestore\/objets-touristiques\/images\/191\/62\/25378495-diaporama.jpg&#038;w=550&#038;h=350&#038;fit=cover&#038;output=webp&#038;q=45\" alt=\"Inspiration Montagne\"\/><\/div><\/div><div class=\"group-content\"><div class=\"field-commune\">N\u00e9vache<\/div><div class=\"field-title\">Inspiration Montagne<\/div><\/div><div class=\"field-link\"><a href=\"https:\/\/www.hautes-alpes.net\/de\/fiche\/inspiration-montagne-2\/\" class=\"cardlink\">Inspiration Montagne<\/a><\/div><\/div><\/div><div class=\"item\" ><div class=\"card card-apidae card-avance post-type-apidae\"><div class=\"group-top\"><\/div><div class=\"group-media\"><div class=\"field-image\"><img decoding=\"async\" src=\"https:\/\/images.weserv.nl\/?url=https:\/\/static.apidae-tourisme.com\/filestore\/objets-touristiques\/images\/97\/127\/9207649-diaporama.jpg&#038;w=550&#038;h=350&#038;fit=cover&#038;output=webp&#038;q=45\" alt=\"Les Escoy\u00e8res 1967\"\/><\/div><\/div><div class=\"group-content\"><div class=\"field-commune\">Arvieux<\/div><div class=\"field-title\">Les Escoy\u00e8res 1967<\/div><\/div><div class=\"field-link\"><a href=\"https:\/\/www.hautes-alpes.net\/de\/fiche\/les-escoyeres-1967-2\/\" class=\"cardlink\">Les Escoy\u00e8res 1967<\/a><\/div><\/div><\/div><div id=\"locations-data_53647\" style=\"display: none;\">{&quot;locations&quot;:[{&quot;lat&quot;:&quot;44.443467&quot;,&quot;lng&quot;:&quot;6.025718&quot;,&quot;title&quot;:&quot;Le Petit Chariot&quot;,&quot;permalink&quot;:&quot;https:\\\/\\\/www.hautes-alpes.net\\\/de\\\/fiche\\\/le-petit-chariot-2\\\/&quot;,&quot;type&quot;:&quot;hebergement_locatif&quot;,&quot;commune&quot;:&quot;La Saulce&quot;,&quot;type_commerce&quot;:&quot;&quot;,&quot;image&quot;:&quot;https:\\\/\\\/static.apidae-tourisme.com\\\/filestore\\\/objets-touristiques\\\/images\\\/86\\\/223\\\/34332502-diaporama.webp&quot;,&quot;image_width&quot;:&quot;550&quot;,&quot;image_height&quot;:&quot;350&quot;,&quot;image_fit&quot;:&quot;cover&quot;},{&quot;lat&quot;:&quot;44.720539&quot;,&quot;lng&quot;:&quot;6.25959&quot;,&quot;title&quot;:&quot;La Pierre de l&#8217;Ours&quot;,&quot;permalink&quot;:&quot;https:\\\/\\\/www.hautes-alpes.net\\\/de\\\/fiche\\\/la-pierre-de-lours-2\\\/&quot;,&quot;type&quot;:&quot;hebergement_locatif&quot;,&quot;commune&quot;:&quot;Champol\\u00e9on&quot;,&quot;type_commerce&quot;:&quot;&quot;,&quot;image&quot;:&quot;https:\\\/\\\/static.apidae-tourisme.com\\\/filestore\\\/objets-touristiques\\\/images\\\/92\\\/26\\\/1383004-diaporama.jpg&quot;,&quot;image_width&quot;:&quot;550&quot;,&quot;image_height&quot;:&quot;350&quot;,&quot;image_fit&quot;:&quot;cover&quot;},{&quot;lat&quot;:&quot;44.798159&quot;,&quot;lng&quot;:&quot;6.554881&quot;,&quot;title&quot;:&quot;Nalanda&quot;,&quot;permalink&quot;:&quot;https:\\\/\\\/www.hautes-alpes.net\\\/de\\\/fiche\\\/nalanda-2\\\/&quot;,&quot;type&quot;:&quot;hebergement_locatif&quot;,&quot;commune&quot;:&quot;L&#039;Argenti\\u00e8re-la-Bess\\u00e9e&quot;,&quot;type_commerce&quot;:&quot;&quot;,&quot;image&quot;:&quot;https:\\\/\\\/static.apidae-tourisme.com\\\/filestore\\\/objets-touristiques\\\/images\\\/16\\\/205\\\/17026320-diaporama.jpg&quot;,&quot;image_width&quot;:&quot;550&quot;,&quot;image_height&quot;:&quot;350&quot;,&quot;image_fit&quot;:&quot;cover&quot;},{&quot;lat&quot;:&quot;45.043533&quot;,&quot;lng&quot;:&quot;6.336967&quot;,&quot;title&quot;:&quot;Chambre d&#8217;h\\u00f4tes La Br\\u00e8che - Jarry Elisabeth&quot;,&quot;permalink&quot;:&quot;https:\\\/\\\/www.hautes-alpes.net\\\/de\\\/fiche\\\/chambre-dhotes-la-breche-jarry-elisabeth-2\\\/&quot;,&quot;type&quot;:&quot;hebergement_locatif&quot;,&quot;commune&quot;:&quot;Villar-d&#039;Ar\\u00eane&quot;,&quot;type_commerce&quot;:&quot;&quot;,&quot;image&quot;:&quot;https:\\\/\\\/static.apidae-tourisme.com\\\/filestore\\\/objets-touristiques\\\/images\\\/129\\\/142\\\/21073537-diaporama.jpg&quot;,&quot;image_width&quot;:&quot;550&quot;,&quot;image_height&quot;:&quot;350&quot;,&quot;image_fit&quot;:&quot;cover&quot;},{&quot;lat&quot;:&quot;44.626164&quot;,&quot;lng&quot;:&quot;6.530088&quot;,&quot;title&quot;:&quot;La Ferme de Beaut\\u00e9&quot;,&quot;permalink&quot;:&quot;https:\\\/\\\/www.hautes-alpes.net\\\/de\\\/fiche\\\/la-ferme-de-beaute-2\\\/&quot;,&quot;type&quot;:&quot;hebergement_locatif&quot;,&quot;commune&quot;:&quot;Ch\\u00e2teauroux-les-Alpes&quot;,&quot;type_commerce&quot;:&quot;&quot;,&quot;image&quot;:&quot;https:\\\/\\\/static.apidae-tourisme.com\\\/filestore\\\/objets-touristiques\\\/images\\\/226\\\/86\\\/28792546-diaporama.png&quot;,&quot;image_width&quot;:&quot;550&quot;,&quot;image_height&quot;:&quot;350&quot;,&quot;image_fit&quot;:&quot;cover&quot;},{&quot;lat&quot;:&quot;44.420424&quot;,&quot;lng&quot;:&quot;5.727188&quot;,&quot;title&quot;:&quot;ALPINEST - Les Cabanes du Pas de la Louve&quot;,&quot;permalink&quot;:&quot;https:\\\/\\\/www.hautes-alpes.net\\\/de\\\/fiche\\\/alpinest-les-cabanes-du-pas-de-la-louve-2\\\/&quot;,&quot;type&quot;:&quot;hebergement_locatif&quot;,&quot;commune&quot;:&quot;Serres&quot;,&quot;type_commerce&quot;:&quot;&quot;,&quot;image&quot;:&quot;https:\\\/\\\/static.apidae-tourisme.com\\\/filestore\\\/objets-touristiques\\\/images\\\/241\\\/5\\\/38274545-diaporama.jpg&quot;,&quot;image_width&quot;:&quot;550&quot;,&quot;image_height&quot;:&quot;350&quot;,&quot;image_fit&quot;:&quot;cover&quot;},{&quot;lat&quot;:&quot;44.447341&quot;,&quot;lng&quot;:&quot;6.091621&quot;,&quot;title&quot;:&quot;LA MERIDIENNE - Chambre SERRE SOLEILLE&quot;,&quot;permalink&quot;:&quot;https:\\\/\\\/www.hautes-alpes.net\\\/de\\\/fiche\\\/la-meridienne-chambre-serre-soleille-2\\\/&quot;,&quot;type&quot;:&quot;hebergement_locatif&quot;,&quot;commune&quot;:&quot;Venterol&quot;,&quot;type_commerce&quot;:&quot;&quot;,&quot;image&quot;:&quot;https:\\\/\\\/static.apidae-tourisme.com\\\/filestore\\\/objets-touristiques\\\/images\\\/232\\\/84\\\/22697192-diaporama.jpg&quot;,&quot;image_width&quot;:&quot;550&quot;,&quot;image_height&quot;:&quot;350&quot;,&quot;image_fit&quot;:&quot;cover&quot;},{&quot;lat&quot;:&quot;44.916722&quot;,&quot;lng&quot;:&quot;6.674367&quot;,&quot;title&quot;:&quot;\\u00d4 Clar\\u00e9e Chambres d&#8217;h\\u00f4tes&quot;,&quot;permalink&quot;:&quot;https:\\\/\\\/www.hautes-alpes.net\\\/de\\\/fiche\\\/o-claree-chambres-dhotes-2\\\/&quot;,&quot;type&quot;:&quot;hebergement_locatif&quot;,&quot;commune&quot;:&quot;Val-des-Pr\\u00e9s&quot;,&quot;type_commerce&quot;:&quot;&quot;,&quot;image&quot;:&quot;https:\\\/\\\/static.apidae-tourisme.com\\\/filestore\\\/objets-touristiques\\\/images\\\/241\\\/43\\\/30813169-diaporama.jpg&quot;,&quot;image_width&quot;:&quot;550&quot;,&quot;image_height&quot;:&quot;350&quot;,&quot;image_fit&quot;:&quot;cover&quot;},{&quot;lat&quot;:&quot;44.558775&quot;,&quot;lng&quot;:&quot;6.22016&quot;,&quot;title&quot;:&quot;L&#8217;Auberge du Moulin&quot;,&quot;permalink&quot;:&quot;https:\\\/\\\/www.hautes-alpes.net\\\/de\\\/fiche\\\/lauberge-du-moulin-3\\\/&quot;,&quot;type&quot;:&quot;hebergement_locatif&quot;,&quot;commune&quot;:&quot;Montgardin&quot;,&quot;type_commerce&quot;:&quot;&quot;,&quot;image&quot;:&quot;https:\\\/\\\/static.apidae-tourisme.com\\\/filestore\\\/objets-touristiques\\\/images\\\/248\\\/63\\\/2244600-diaporama.jpg&quot;,&quot;image_width&quot;:&quot;550&quot;,&quot;image_height&quot;:&quot;350&quot;,&quot;image_fit&quot;:&quot;cover&quot;},{&quot;lat&quot;:&quot;44.854103&quot;,&quot;lng&quot;:&quot;6.580271&quot;,&quot;title&quot;:&quot;Brin de paille&quot;,&quot;permalink&quot;:&quot;https:\\\/\\\/www.hautes-alpes.net\\\/de\\\/fiche\\\/brin-de-paille-2\\\/&quot;,&quot;type&quot;:&quot;hebergement_locatif&quot;,&quot;commune&quot;:&quot;Saint-Martin-de-Queyri\\u00e8res&quot;,&quot;type_commerce&quot;:&quot;&quot;,&quot;image&quot;:&quot;https:\\\/\\\/static.apidae-tourisme.com\\\/filestore\\\/objets-touristiques\\\/images\\\/128\\\/246\\\/849536-diaporama.jpg&quot;,&quot;image_width&quot;:&quot;550&quot;,&quot;image_height&quot;:&quot;350&quot;,&quot;image_fit&quot;:&quot;cover&quot;},{&quot;lat&quot;:&quot;44.816417&quot;,&quot;lng&quot;:&quot;6.195468&quot;,&quot;title&quot;:&quot;La Fontaine fleurie&quot;,&quot;permalink&quot;:&quot;https:\\\/\\\/www.hautes-alpes.net\\\/de\\\/fiche\\\/la-fontaine-fleurie-2\\\/&quot;,&quot;type&quot;:&quot;hebergement_locatif&quot;,&quot;commune&quot;:&quot;La Chapelle-en-Valgaud\\u00e9mar&quot;,&quot;type_commerce&quot;:&quot;&quot;,&quot;image&quot;:&quot;https:\\\/\\\/static.apidae-tourisme.com\\\/filestore\\\/objets-touristiques\\\/images\\\/129\\\/140\\\/1608833-diaporama.jpg&quot;,&quot;image_width&quot;:&quot;550&quot;,&quot;image_height&quot;:&quot;350&quot;,&quot;image_fit&quot;:&quot;cover&quot;},{&quot;lat&quot;:&quot;44.573243&quot;,&quot;lng&quot;:&quot;5.884099&quot;,&quot;title&quot;:&quot;Ch\\u00e2teau Le Beylon&quot;,&quot;permalink&quot;:&quot;https:\\\/\\\/www.hautes-alpes.net\\\/de\\\/fiche\\\/chateau-le-beylon-2\\\/&quot;,&quot;type&quot;:&quot;hebergement_locatif&quot;,&quot;commune&quot;:&quot;Montmaur&quot;,&quot;type_commerce&quot;:&quot;&quot;,&quot;image&quot;:&quot;https:\\\/\\\/static.apidae-tourisme.com\\\/filestore\\\/objets-touristiques\\\/images\\\/186\\\/198\\\/21153466-diaporama.jpg&quot;,&quot;image_width&quot;:&quot;550&quot;,&quot;image_height&quot;:&quot;350&quot;,&quot;image_fit&quot;:&quot;cover&quot;},{&quot;lat&quot;:&quot;44.939&quot;,&quot;lng&quot;:&quot;6.6802&quot;,&quot;title&quot;:&quot;Les Airelles - G\\u00e4stezimmer&quot;,&quot;permalink&quot;:&quot;https:\\\/\\\/www.hautes-alpes.net\\\/de\\\/fiche\\\/les-airelles-gastezimmer\\\/&quot;,&quot;type&quot;:&quot;hebergement_locatif&quot;,&quot;commune&quot;:&quot;Val-des-Pr\\u00e9s&quot;,&quot;type_commerce&quot;:&quot;&quot;,&quot;image&quot;:&quot;https:\\\/\\\/static.apidae-tourisme.com\\\/filestore\\\/objets-touristiques\\\/images\\\/37\\\/245\\\/34600229-diaporama.jpg&quot;,&quot;image_width&quot;:&quot;550&quot;,&quot;image_height&quot;:&quot;350&quot;,&quot;image_fit&quot;:&quot;cover&quot;},{&quot;lat&quot;:&quot;45.002396&quot;,&quot;lng&quot;:&quot;6.662359&quot;,&quot;title&quot;:&quot;Inspiration Montagne&quot;,&quot;permalink&quot;:&quot;https:\\\/\\\/www.hautes-alpes.net\\\/de\\\/fiche\\\/inspiration-montagne-2\\\/&quot;,&quot;type&quot;:&quot;hebergement_locatif&quot;,&quot;commune&quot;:&quot;N\\u00e9vache&quot;,&quot;type_commerce&quot;:&quot;&quot;,&quot;image&quot;:&quot;https:\\\/\\\/static.apidae-tourisme.com\\\/filestore\\\/objets-touristiques\\\/images\\\/191\\\/62\\\/25378495-diaporama.jpg&quot;,&quot;image_width&quot;:&quot;550&quot;,&quot;image_height&quot;:&quot;350&quot;,&quot;image_fit&quot;:&quot;cover&quot;},{&quot;lat&quot;:&quot;44.71885&quot;,&quot;lng&quot;:&quot;6.74395&quot;,&quot;title&quot;:&quot;Les Escoy\\u00e8res 1967&quot;,&quot;permalink&quot;:&quot;https:\\\/\\\/www.hautes-alpes.net\\\/de\\\/fiche\\\/les-escoyeres-1967-2\\\/&quot;,&quot;type&quot;:&quot;hebergement_locatif&quot;,&quot;commune&quot;:&quot;Arvieux&quot;,&quot;type_commerce&quot;:&quot;&quot;,&quot;image&quot;:&quot;https:\\\/\\\/static.apidae-tourisme.com\\\/filestore\\\/objets-touristiques\\\/images\\\/97\\\/127\\\/9207649-diaporama.jpg&quot;,&quot;image_width&quot;:&quot;550&quot;,&quot;image_height&quot;:&quot;350&quot;,&quot;image_fit&quot;:&quot;cover&quot;}],&quot;center_lat&quot;:&quot;44.443467&quot;,&quot;center_lng&quot;:&quot;6.025718&quot;}<\/div><\/div><div class=\"ws-apidae-pager\" data-type=\"pager\"><div class=\"custom-pager\"><a class=\"facetwp-page first active\" data-page=\"1\" href=\"\/de\/wp-json\/wp\/v2\/pages\/104837?paged_53647=1#listing_53647\">1<\/a><a class=\"facetwp-page \" data-page=\"2\" href=\"\/de\/wp-json\/wp\/v2\/pages\/104837?paged_53647=2#listing_53647\">2<\/a><span class=\"facetwp-separator\">\u2026<\/span><a class=\"facetwp-page \" data-page=\"9\" href=\"\/de\/wp-json\/wp\/v2\/pages\/104837?paged_53647=9#listing_53647\">9<\/a><a class=\"facetwp-page next\" data-page=\"2\" href=\"\/de\/wp-json\/wp\/v2\/pages\/104837?paged_53647=2#listing_53647\">\u203a<\/a><\/div><\/div><\/div><\/div><\/div>\n<div class=\"wp-block-ws-library-ws-share\"><span class=\"share-subtitle\">Hat Ihnen diese Seite gefallen?<\/span><span class=\"share-title\">Teilen Sie es mit anderen!<\/span><button class=\"ws-share-button wp-element-button\">Diese Seite teilen<\/button><\/div>\n","protected":false},"excerpt":{"rendered":"<p>Willkommen zu Hause<\/p>\n","protected":false},"author":7,"featured_media":0,"parent":106511,"menu_order":0,"comment_status":"closed","ping_status":"closed","template":"","meta":{"is_dark_mode":false,"footnotes":""},"page_label":[],"class_list":["post-104837","page","type-page","status-publish","hentry"],"yoast_head":"<!-- This site is optimized with the Yoast SEO plugin v28.3 - https:\/\/yoast.com\/product\/yoast-seo-wordpress\/ -->\n<title>G\u00e4stezimmer - Hautes-Alpes<\/title>\n<meta name=\"description\" content=\"G\u00e4stezimmer Willkommen zu Hause B. Bodin Entdecken Sie die wahre Seele der Hautes-Alpes, indem Sie sich f\u00fcr ein G\u00e4stezimmer entscheiden. Weit weg von der\" \/>\n<meta name=\"robots\" content=\"index, follow, max-snippet:-1, max-image-preview:large, max-video-preview:-1\" \/>\n<link rel=\"canonical\" href=\"https:\/\/www.hautes-alpes.net\/de\/organisieren\/gaestezimmer\/\" \/>\n<meta property=\"og:locale\" content=\"de_DE\" \/>\n<meta property=\"og:type\" content=\"article\" \/>\n<meta property=\"og:title\" content=\"G\u00e4stezimmer - Hautes-Alpes\" \/>\n<meta property=\"og:description\" content=\"G\u00e4stezimmer Willkommen zu Hause B. Bodin Entdecken Sie die wahre Seele der Hautes-Alpes, indem Sie sich f\u00fcr ein G\u00e4stezimmer entscheiden. Weit weg von der\" \/>\n<meta property=\"og:url\" content=\"https:\/\/www.hautes-alpes.net\/de\/organisieren\/gaestezimmer\/\" \/>\n<meta property=\"og:site_name\" content=\"Hautes-Alpes\" \/>\n<meta property=\"article:modified_time\" content=\"2025-12-17T14:19:16+00:00\" \/>\n<meta property=\"og:image\" content=\"https:\/\/www.hautes-alpes.net\/wp-content\/uploads\/2025\/12\/la-ferme-de-beaute-bbodin-1.jpg\" \/>\n\t<meta property=\"og:image:width\" content=\"1600\" \/>\n\t<meta property=\"og:image:height\" content=\"1067\" \/>\n\t<meta property=\"og:image:type\" content=\"image\/jpeg\" \/>\n<meta name=\"twitter:card\" content=\"summary_large_image\" \/>\n<script type=\"application\/ld+json\" class=\"yoast-schema-graph\">{\"@context\":\"https:\\\/\\\/schema.org\",\"@graph\":[{\"@type\":\"WebPage\",\"@id\":\"https:\\\/\\\/www.hautes-alpes.net\\\/de\\\/organisieren\\\/gaestezimmer\\\/\",\"url\":\"https:\\\/\\\/www.hautes-alpes.net\\\/de\\\/organisieren\\\/gaestezimmer\\\/\",\"name\":\"G\u00e4stezimmer - Hautes-Alpes\",\"isPartOf\":{\"@id\":\"https:\\\/\\\/www.hautes-alpes.net\\\/de\\\/#website\"},\"primaryImageOfPage\":{\"@id\":\"https:\\\/\\\/www.hautes-alpes.net\\\/de\\\/organisieren\\\/gaestezimmer\\\/#primaryimage\"},\"image\":{\"@id\":\"https:\\\/\\\/www.hautes-alpes.net\\\/de\\\/organisieren\\\/gaestezimmer\\\/#primaryimage\"},\"thumbnailUrl\":\"https:\\\/\\\/www.hautes-alpes.net\\\/wp-content\\\/uploads\\\/2025\\\/12\\\/la-ferme-de-beaute-bbodin-1-1600x480.jpg\",\"datePublished\":\"2025-12-05T07:30:22+00:00\",\"dateModified\":\"2025-12-17T14:19:16+00:00\",\"description\":\"G\u00e4stezimmer Willkommen zu Hause B. Bodin Entdecken Sie die wahre Seele der Hautes-Alpes, indem Sie sich f\u00fcr ein G\u00e4stezimmer entscheiden. Weit weg von der\",\"breadcrumb\":{\"@id\":\"https:\\\/\\\/www.hautes-alpes.net\\\/de\\\/organisieren\\\/gaestezimmer\\\/#breadcrumb\"},\"inLanguage\":\"de\",\"potentialAction\":[{\"@type\":\"ReadAction\",\"target\":[\"https:\\\/\\\/www.hautes-alpes.net\\\/de\\\/organisieren\\\/gaestezimmer\\\/\"]}]},{\"@type\":\"ImageObject\",\"inLanguage\":\"de\",\"@id\":\"https:\\\/\\\/www.hautes-alpes.net\\\/de\\\/organisieren\\\/gaestezimmer\\\/#primaryimage\",\"url\":\"https:\\\/\\\/www.hautes-alpes.net\\\/wp-content\\\/uploads\\\/2025\\\/12\\\/la-ferme-de-beaute-bbodin-1-1600x480.jpg\",\"contentUrl\":\"https:\\\/\\\/www.hautes-alpes.net\\\/wp-content\\\/uploads\\\/2025\\\/12\\\/la-ferme-de-beaute-bbodin-1-1600x480.jpg\"},{\"@type\":\"BreadcrumbList\",\"@id\":\"https:\\\/\\\/www.hautes-alpes.net\\\/de\\\/organisieren\\\/gaestezimmer\\\/#breadcrumb\",\"itemListElement\":[{\"@type\":\"ListItem\",\"position\":1,\"name\":\"Accueil\",\"item\":\"https:\\\/\\\/www.hautes-alpes.net\\\/de\\\/hautes-alpes\\\/\"},{\"@type\":\"ListItem\",\"position\":2,\"name\":\"Organisieren\",\"item\":\"https:\\\/\\\/www.hautes-alpes.net\\\/de\\\/organisieren\\\/\"},{\"@type\":\"ListItem\",\"position\":3,\"name\":\"Organisieren\",\"item\":\"https:\\\/\\\/www.hautes-alpes.net\\\/de\\\/organisieren\\\/\"},{\"@type\":\"ListItem\",\"position\":4,\"name\":\"G\u00e4stezimmer\"}]},{\"@type\":\"WebSite\",\"@id\":\"https:\\\/\\\/www.hautes-alpes.net\\\/de\\\/#website\",\"url\":\"https:\\\/\\\/www.hautes-alpes.net\\\/de\\\/\",\"name\":\"ADDET\",\"description\":\"\",\"publisher\":{\"@id\":\"https:\\\/\\\/www.hautes-alpes.net\\\/de\\\/#organization\"},\"potentialAction\":[{\"@type\":\"SearchAction\",\"target\":{\"@type\":\"EntryPoint\",\"urlTemplate\":\"https:\\\/\\\/www.hautes-alpes.net\\\/de\\\/?s={search_term_string}\"},\"query-input\":{\"@type\":\"PropertyValueSpecification\",\"valueRequired\":true,\"valueName\":\"search_term_string\"}}],\"inLanguage\":\"de\"},{\"@type\":\"Organization\",\"@id\":\"https:\\\/\\\/www.hautes-alpes.net\\\/de\\\/#organization\",\"name\":\"Agence D\u00e9partementale de D\u00e9veloppement Economique et Touristique des Hautes-Alpes\",\"url\":\"https:\\\/\\\/www.hautes-alpes.net\\\/de\\\/\",\"logo\":{\"@type\":\"ImageObject\",\"inLanguage\":\"de\",\"@id\":\"https:\\\/\\\/www.hautes-alpes.net\\\/de\\\/#\\\/schema\\\/logo\\\/image\\\/\",\"url\":\"https:\\\/\\\/www.hautes-alpes.net\\\/wp-content\\\/uploads\\\/2026\\\/01\\\/black-logo-2.svg\",\"contentUrl\":\"https:\\\/\\\/www.hautes-alpes.net\\\/wp-content\\\/uploads\\\/2026\\\/01\\\/black-logo-2.svg\",\"caption\":\"Agence D\u00e9partementale de D\u00e9veloppement Economique et Touristique des Hautes-Alpes\"},\"image\":{\"@id\":\"https:\\\/\\\/www.hautes-alpes.net\\\/de\\\/#\\\/schema\\\/logo\\\/image\\\/\"}}]}<\/script>\n<!-- \/ Yoast SEO plugin. -->","yoast_head_json":{"title":"G\u00e4stezimmer - Hautes-Alpes","description":"G\u00e4stezimmer Willkommen zu Hause B. Bodin Entdecken Sie die wahre Seele der Hautes-Alpes, indem Sie sich f\u00fcr ein G\u00e4stezimmer entscheiden. Weit weg von der","robots":{"index":"index","follow":"follow","max-snippet":"max-snippet:-1","max-image-preview":"max-image-preview:large","max-video-preview":"max-video-preview:-1"},"canonical":"https:\/\/www.hautes-alpes.net\/de\/organisieren\/gaestezimmer\/","og_locale":"de_DE","og_type":"article","og_title":"G\u00e4stezimmer - Hautes-Alpes","og_description":"G\u00e4stezimmer Willkommen zu Hause B. Bodin Entdecken Sie die wahre Seele der Hautes-Alpes, indem Sie sich f\u00fcr ein G\u00e4stezimmer entscheiden. Weit weg von der","og_url":"https:\/\/www.hautes-alpes.net\/de\/organisieren\/gaestezimmer\/","og_site_name":"Hautes-Alpes","article_modified_time":"2025-12-17T14:19:16+00:00","og_image":[{"width":1600,"height":1067,"url":"https:\/\/www.hautes-alpes.net\/wp-content\/uploads\/2025\/12\/la-ferme-de-beaute-bbodin-1.jpg","type":"image\/jpeg"}],"twitter_card":"summary_large_image","schema":{"@context":"https:\/\/schema.org","@graph":[{"@type":"WebPage","@id":"https:\/\/www.hautes-alpes.net\/de\/organisieren\/gaestezimmer\/","url":"https:\/\/www.hautes-alpes.net\/de\/organisieren\/gaestezimmer\/","name":"G\u00e4stezimmer - Hautes-Alpes","isPartOf":{"@id":"https:\/\/www.hautes-alpes.net\/de\/#website"},"primaryImageOfPage":{"@id":"https:\/\/www.hautes-alpes.net\/de\/organisieren\/gaestezimmer\/#primaryimage"},"image":{"@id":"https:\/\/www.hautes-alpes.net\/de\/organisieren\/gaestezimmer\/#primaryimage"},"thumbnailUrl":"https:\/\/www.hautes-alpes.net\/wp-content\/uploads\/2025\/12\/la-ferme-de-beaute-bbodin-1-1600x480.jpg","datePublished":"2025-12-05T07:30:22+00:00","dateModified":"2025-12-17T14:19:16+00:00","description":"G\u00e4stezimmer Willkommen zu Hause B. Bodin Entdecken Sie die wahre Seele der Hautes-Alpes, indem Sie sich f\u00fcr ein G\u00e4stezimmer entscheiden. Weit weg von der","breadcrumb":{"@id":"https:\/\/www.hautes-alpes.net\/de\/organisieren\/gaestezimmer\/#breadcrumb"},"inLanguage":"de","potentialAction":[{"@type":"ReadAction","target":["https:\/\/www.hautes-alpes.net\/de\/organisieren\/gaestezimmer\/"]}]},{"@type":"ImageObject","inLanguage":"de","@id":"https:\/\/www.hautes-alpes.net\/de\/organisieren\/gaestezimmer\/#primaryimage","url":"https:\/\/www.hautes-alpes.net\/wp-content\/uploads\/2025\/12\/la-ferme-de-beaute-bbodin-1-1600x480.jpg","contentUrl":"https:\/\/www.hautes-alpes.net\/wp-content\/uploads\/2025\/12\/la-ferme-de-beaute-bbodin-1-1600x480.jpg"},{"@type":"BreadcrumbList","@id":"https:\/\/www.hautes-alpes.net\/de\/organisieren\/gaestezimmer\/#breadcrumb","itemListElement":[{"@type":"ListItem","position":1,"name":"Accueil","item":"https:\/\/www.hautes-alpes.net\/de\/hautes-alpes\/"},{"@type":"ListItem","position":2,"name":"Organisieren","item":"https:\/\/www.hautes-alpes.net\/de\/organisieren\/"},{"@type":"ListItem","position":3,"name":"Organisieren","item":"https:\/\/www.hautes-alpes.net\/de\/organisieren\/"},{"@type":"ListItem","position":4,"name":"G\u00e4stezimmer"}]},{"@type":"WebSite","@id":"https:\/\/www.hautes-alpes.net\/de\/#website","url":"https:\/\/www.hautes-alpes.net\/de\/","name":"ADDET","description":"","publisher":{"@id":"https:\/\/www.hautes-alpes.net\/de\/#organization"},"potentialAction":[{"@type":"SearchAction","target":{"@type":"EntryPoint","urlTemplate":"https:\/\/www.hautes-alpes.net\/de\/?s={search_term_string}"},"query-input":{"@type":"PropertyValueSpecification","valueRequired":true,"valueName":"search_term_string"}}],"inLanguage":"de"},{"@type":"Organization","@id":"https:\/\/www.hautes-alpes.net\/de\/#organization","name":"Agence D\u00e9partementale de D\u00e9veloppement Economique et Touristique des Hautes-Alpes","url":"https:\/\/www.hautes-alpes.net\/de\/","logo":{"@type":"ImageObject","inLanguage":"de","@id":"https:\/\/www.hautes-alpes.net\/de\/#\/schema\/logo\/image\/","url":"https:\/\/www.hautes-alpes.net\/wp-content\/uploads\/2026\/01\/black-logo-2.svg","contentUrl":"https:\/\/www.hautes-alpes.net\/wp-content\/uploads\/2026\/01\/black-logo-2.svg","caption":"Agence D\u00e9partementale de D\u00e9veloppement Economique et Touristique des Hautes-Alpes"},"image":{"@id":"https:\/\/www.hautes-alpes.net\/de\/#\/schema\/logo\/image\/"}}]}},"_links":{"self":[{"href":"https:\/\/www.hautes-alpes.net\/de\/wp-json\/wp\/v2\/pages\/104837","targetHints":{"allow":["GET"]}}],"collection":[{"href":"https:\/\/www.hautes-alpes.net\/de\/wp-json\/wp\/v2\/pages"}],"about":[{"href":"https:\/\/www.hautes-alpes.net\/de\/wp-json\/wp\/v2\/types\/page"}],"author":[{"embeddable":true,"href":"https:\/\/www.hautes-alpes.net\/de\/wp-json\/wp\/v2\/users\/7"}],"replies":[{"embeddable":true,"href":"https:\/\/www.hautes-alpes.net\/de\/wp-json\/wp\/v2\/comments?post=104837"}],"version-history":[{"count":3,"href":"https:\/\/www.hautes-alpes.net\/de\/wp-json\/wp\/v2\/pages\/104837\/revisions"}],"predecessor-version":[{"id":120042,"href":"https:\/\/www.hautes-alpes.net\/de\/wp-json\/wp\/v2\/pages\/104837\/revisions\/120042"}],"up":[{"embeddable":true,"href":"https:\/\/www.hautes-alpes.net\/de\/wp-json\/wp\/v2\/pages\/106511"}],"wp:attachment":[{"href":"https:\/\/www.hautes-alpes.net\/de\/wp-json\/wp\/v2\/media?parent=104837"}],"wp:term":[{"taxonomy":"page_label","embeddable":true,"href":"https:\/\/www.hautes-alpes.net\/de\/wp-json\/wp\/v2\/page_label?post=104837"}],"curies":[{"name":"wp","href":"https:\/\/api.w.org\/{rel}","templated":true}]}}