{"id":104694,"date":"2025-11-27T12:57:45","date_gmt":"2025-11-27T11:57:45","guid":{"rendered":"https:\/\/www.hautes-alpes.net\/tour-de-france\/"},"modified":"2026-08-21T15:41:23","modified_gmt":"2026-08-21T13:41:23","slug":"tour-de-france","status":"publish","type":"page","link":"https:\/\/www.hautes-alpes.net\/de\/ikonische\/tour-de-france\/","title":{"rendered":"Tour de France"},"content":{"rendered":"\n<div class=\"wp-block-group alignfull hero-banner-cover-float has-global-padding is-layout-constrained wp-block-group-is-layout-constrained\"><div class=\"yoast-breadcrumbs\"><span><span><a href=\"https:\/\/www.hautes-alpes.net\/de\/hautes-alpes\/\">Accueil<\/a><\/span>  <span><a href=\"https:\/\/www.hautes-alpes.net\/de\/ikonische\/\">Ikonische<\/a><\/span>  <span><a href=\"https:\/\/www.hautes-alpes.net\/de\/ikonische\/\">Ikonische<\/a><\/span>  <span class=\"breadcrumb_last\" aria-current=\"page\">Tour de France<\/span><\/span><\/div>\n\n\n<h1 class=\"wp-block-ws-library-post-title\">Tour <span class=\"text-highlight\">de France<\/span><\/h1>\n\n\n\n<p class=\"subtitle wp-block-paragraph\">Ph\u00e4nomene der Alpen<\/p>\n\n\n\n<p class=\"wp-block-paragraph\"><\/p>\n\n\n\n<div class=\"wp-block-ws-library-media-embed ws-media-embed\"><img decoding=\"async\" src=\"https:\/\/www.hautes-alpes.net\/wp-content\/uploads\/2025\/11\/tour-de-france-2017-col-de-lizoard-victoire-de-warren-barguil-patrick-domeyne-2000x1000.jpg\" alt=\"\" class=\"ws-media-embed__image\" style=\"aspect-ratio:2000\/1000\"><\/div>\n<\/div>\n\n<p class=\"wp-block-paragraph\"><\/p>\n\n<div class=\"wp-block-group alignfull block-etapes has-global-padding is-layout-constrained wp-block-group-is-layout-constrained\">\n<h2 class=\"wp-block-heading is-style-title-1\"><em>Gro\u00dfveranstaltung<\/em> in den Hautes-Alpes<br\/> <strong>untrennbar mit der Geschichte der Tour verbunden<\/strong><\/h2>\n\n\n\n<p class=\"wp-block-paragraph\">Die Hautes-Alpes sind untrennbar mit der Geschichte und der Gr\u00f6\u00dfe der Tour de France verbunden \u2013 sowohl aufgrund der Sch\u00f6nheit der Landschaften als auch aufgrund der beeindruckenden Leistungen der Radrennfahrer, die auf den P\u00e4ssen in Erinnerung geblieben sind.  <\/p>\n\n\n\n<p class=\"wp-block-paragraph\">Seit 1922 war die Tour de France <strong>91 Mal in den Hautes-Alpes<\/strong> zu Gast und machte diese Alpenregion zu <strong>einem der meistbesuchten<\/strong> Orte der &#8220; <strong>Grande Boucle<\/strong> &#8220;. Die Namen der legend\u00e4ren P\u00e4sse klingen wie ein Echo: Izoard, Granon, Galibier&#8230; <\/p>\n<\/div>\n\n<div class=\"wp-block-group alignfull step-by-step has-global-padding is-layout-constrained wp-block-group-is-layout-constrained\">\n<div class=\"wp-block-ws-library-ws-columns alignwide has-2-columns are-vertically-aligned-center layout-5050\">\n<div class=\"wp-block-ws-library-ws-column\"><div class=\"wrapper\">\n<h3 class=\"wp-block-heading is-style-title-1\">Die Tour <strong>in den Hautes-Alpes<\/strong> \u2013 eine gro\u00dfe Geschichte<\/h3>\n\n\n\n<p class=\"wp-block-paragraph\">Seit 1905, als die Tour de France zum ersten Mal \u00fcber den Col Bayard fuhr, entfalten die Hautes-Alpes Etappe f\u00fcr Etappe die Seiten eines Buches, das ganz dem Radsport gewidmet ist. Hier begegnet man der Geschichte mit einem gro\u00dfen &#8220;H&#8220;, den Heldentaten und dem Schwei\u00df, dem L\u00e4cheln und den Tr\u00e4nen. &#8220; <strong>Als die Tour de France vor mehr als einem Jahrhundert hierher kam, hat sie ihre Dimension ver\u00e4ndert<\/strong> &#8220;, erinnerte sich Christian Prudhomme, der Direktor der Veranstaltung. Die Geschichte geht weiter.   <\/p>\n<\/div><\/div>\n\n\n\n<div class=\"wp-block-ws-library-ws-column\"><div class=\"wrapper\">\n<div class=\"wp-block-ws-library-ws-image\"><div class=\"wrapper\"><div class=\"group-media\"><img decoding=\"async\" src=\"https:\/\/www.hautes-alpes.net\/wp-content\/uploads\/2025\/11\/jonas-vingegaard-granon-2022-patrick-domeyne-1240x800.jpg\" alt=\"\" class=\"single_image ws-image-78355\"><div class=\"credits\">P. Domeyne - AD05<\/div><\/div><p class=\"caption\"><\/p><\/div><\/div>\n<\/div><\/div>\n<\/div>\n\n\n\n<div class=\"wp-block-ws-library-ws-columns alignwide has-2-columns are-vertically-aligned-center layout-5050\">\n<div class=\"wp-block-ws-library-ws-column\"><div class=\"wrapper\">\n<h3 class=\"wp-block-heading is-style-title-1\">Eine <strong>au\u00dfergew\u00f6hnliche<\/strong> Atmosph\u00e4re<\/h3>\n\n\n\n<p class=\"wp-block-paragraph\">Wenn die <strong>Tour de France<\/strong> vorbeikommt, leben die <strong>Hautes-Alpes<\/strong> im Rhythmus eines gro\u00dfen Volksfestes. Schon in den Tagen vor dem Rennen werden die D\u00f6rfer und mythischen P\u00e4sse mit Bannern, Wohnmobilen und geselligen Momenten belebt. <strong>Am Tag X<\/strong> er\u00f6ffnet die Karawane die Feierlichkeiten vor der Ankunft des Pelotons, getragen von einer kollektiven Begeisterung, die daran erinnert, dass die Tour ebenso ein Fest wie ein Wettkampf ist. <\/p>\n<\/div><\/div>\n\n\n\n<div class=\"wp-block-ws-library-ws-column\"><div class=\"wrapper\">\n<div class=\"wp-block-ws-library-ws-image\"><div class=\"wrapper\"><div class=\"group-media\"><img decoding=\"async\" src=\"https:\/\/www.hautes-alpes.net\/wp-content\/uploads\/2025\/11\/7b3a5554-1240x800.jpg\" alt=\"\" class=\"single_image ws-image-78312\"><div class=\"credits\">P. Domeyne - AD05<\/div><\/div><p class=\"caption\"><\/p><\/div><\/div>\n<\/div><\/div>\n<\/div>\n\n\n\n<div class=\"wp-block-ws-library-ws-columns alignwide has-2-columns are-vertically-aligned-center layout-5050\">\n<div class=\"wp-block-ws-library-ws-column\"><div class=\"wrapper\">\n<h3 class=\"wp-block-heading is-style-title-1\"><strong>Reservierte<\/strong> P\u00e4sse<\/h3>\n\n\n\n<p class=\"wp-block-paragraph\">Mit der Aktion <strong>\u201eReservierte P\u00e4sse\u201c<\/strong> bieten die Hautes-Alpes Radfahrern ein einzigartiges Privileg: <strong>die gro\u00dfen P\u00e4sse in v\u00f6lliger Freiheit und ohne motorisierten Verkehr zu erklimmen<\/strong>. F\u00fcr einige Stunden verwandeln sich die legend\u00e4ren Stra\u00dfen des Departements in einen Spielplatz, der ausschlie\u00dflich den Liebhabern des Radsports gewidmet ist. So kann sich jeder in seinem eigenen Tempo an legend\u00e4ren Anstiegen messen. Am Ziel weicht die Anstrengung dem Stolz und dem gemeinsamen Erlebnis, was die besondere Verbindung zwischen der Region und all jenen st\u00e4rkt, die gekommen sind, um den Zauber der Gipfel der Hautes-Alpes zu genie\u00dfen.   <\/p>\n<\/div><\/div>\n\n\n\n<div class=\"wp-block-ws-library-ws-column\"><div class=\"wrapper\">\n<div class=\"wp-block-ws-library-ws-image\"><div class=\"wrapper\"><div class=\"group-media\"><img decoding=\"async\" src=\"https:\/\/www.hautes-alpes.net\/wp-content\/uploads\/2025\/11\/lautaret-galibier-hdagencekros-remifabregue-27-1-1240x800.jpg\" alt=\"\" class=\"single_image ws-image-78356\"><div class=\"credits\">R. Fabregue<\/div><\/div><p class=\"caption\"><\/p><\/div><\/div>\n<\/div><\/div>\n<\/div>\n<\/div>\n\n<h2 class=\"wp-block-heading is-style-title-1\"><strong>R\u00fcckblick<\/strong><\/h2>\n\n<div class=\"wp-block-ws-library-scrollable-section ws-section-scrollable alignfull\"><div class=\"scrollable-item\"><div class=\"group-content\"><div class=\"wrapper\"><h3 class=\"field-title\">Geschichten vom Turm<\/h3><div class=\"field-intro\"><p><\/p><\/div><\/div><\/div><div class=\"group-innerblocks\"><div class=\"group-media\"><div class=\"field-image\"><img decoding=\"async\" src=\"https:\/\/www.hautes-alpes.net\/wp-content\/uploads\/2025\/11\/2022.jpg\" alt=\"\"\/><\/div><div class=\"credits\">P. Domeyne - AD05<\/div><\/div>\n<div class=\"section-wrapper\"><div class=\"wp-block-ws-library-scrollable-section-item ws-section-scrollable-item\">\n<p class=\"wp-block-paragraph\">Das gro\u00dfe Finale auf dem Gipfel des Granon im Jahr 2022 ist noch in allen K\u00f6pfen. Ein Pass, der immer noch von dem Mano \u00e0 mano zwischen Jonas Vingegaard und Tadej Pogacar und dem anthologischen Erfolg des D\u00e4nen hallt. Eine legend\u00e4re Episode, die wie viele andere in die Annalen eingehen wird.  <\/p>\n\n\n\n<p class=\"wp-block-paragraph\">Seit fast einem Jahrhundert haben die Hautes-Alpes regelm\u00e4\u00dfig einige der sch\u00f6nsten Kapitel in der Geschichte der Tour de France geschrieben. <strong>R\u00fcckblick<\/strong>.<\/p>\n<\/div><\/div>\n\n\n\n<div class=\"section-wrapper\"><div class=\"wp-block-ws-library-scrollable-section-item ws-section-scrollable-item is-style-bg-grey\">\n<h2 class=\"wp-block-heading\"><strong>2022<\/strong><\/h2>\n\n\n\n<h2 class=\"wp-block-heading\">Der &#8220;Granon-Schlag&#8220; von Jonas Vingegaard<\/h2>\n<\/div><\/div>\n\n\n\n<div class=\"section-wrapper\"><div class=\"wp-block-ws-library-scrollable-section-item ws-section-scrollable-item\">\n<p class=\"wp-block-paragraph\">Ein unglaublicher Kampf zwischen dem gelben Trikot des Slowenen Tadej Pogacar und dem D\u00e4nen Jonas Vingegaard.<\/p>\n\n\n\n<p class=\"wp-block-paragraph\">Der Anstieg drehte die Gesamtwertung um und der D\u00e4ne gewann solidarisch auf 2413 m, nachdem er das slowenische Gelbe Trikot auf den letzten Serpentinen wirklich abgeworfen hatte.  <\/p>\n<\/div><\/div>\n\n\n\n<div class=\"section-wrapper\"><div class=\"wp-block-ws-library-scrollable-section-item ws-section-scrollable-item\">\n<p class=\"wp-block-paragraph\">Jonas Vingegaard wird dann das kostbare Gewand anziehen, das er bis nach Paris bringen wird, um seine erste Tour de France zu gewinnen.<\/p>\n<\/div><\/div>\n\n\n\n<div class=\"section-wrapper\"><div class=\"wp-block-ws-library-scrollable-section-item ws-section-scrollable-item\">\n<h2 class=\"wp-block-heading\"><strong>2019<\/strong><\/h2>\n\n\n\n<h2 class=\"wp-block-heading\">Silberhochzeit in Gap<\/h2>\n<\/div><\/div>\n\n\n\n<div class=\"section-wrapper\"><div class=\"wp-block-ws-library-scrollable-section-item ws-section-scrollable-item\">\n<p class=\"wp-block-paragraph\"><sup>Mal<\/sup> die Tour de France mit einem Finale auf der Avenue Foch, die von den Organisatoren der Tour de France als &#8220;die sch\u00f6nste Ziellinie nach der Champs Elys\u00e9es&#8220; bezeichnet wird.<\/p>\n<\/div><\/div>\n\n\n\n<div class=\"section-wrapper\"><div class=\"wp-block-ws-library-scrollable-section-item ws-section-scrollable-item\">\n<p class=\"wp-block-paragraph\">Seit 1931, als Jef Demuysere unter den Platanen der Avenue Jean Jaur\u00e8s gewann, ist Gap eine wichtige Etappe am Fu\u00dfe der Alpen. Andr\u00e9 Leducq (1933), Georges Speicher (1934), Raphael Geminiani (1950), Jean-Fran\u00e7ois Bernard (1986), Alexandre Vinokourov (2003), Ruben Plaza Molima (2015) und zuletzt Matt\u00e9o Trentin (2019) haben hier ihre Namen in die Siegerliste einer Stadt eingetragen, die ihre N\u00e4he zur Welt des Radsports stolz zur Schau stellt. <\/p>\n<\/div><\/div>\n\n\n\n<div class=\"section-wrapper\"><div class=\"wp-block-ws-library-scrollable-section-item ws-section-scrollable-item is-style-bg-grey\">\n<h2 class=\"wp-block-heading\"><strong>2017<\/strong><\/h2>\n\n\n\n<h2 class=\"wp-block-heading\">Warren Barguil, ein Novum auf dem Gipfel des Izoard<\/h2>\n<\/div><\/div>\n\n\n\n<div class=\"section-wrapper\"><div class=\"wp-block-ws-library-scrollable-section-item ws-section-scrollable-item is-style-default\">\n<p class=\"wp-block-paragraph\">Nach dem Galibier im Jahr 2011 haben die Organisatoren beschlossen, am 20. Juli 2017 eine Etappenankunft auf dem Gipfel des Col de l&#8217;Izoard zu veranstalten. Eine prestigetr\u00e4chtige Dimension f\u00fcr eine Etappe zwischen Brian\u00e7on und L&#8217;Izoard. Eine Anspielung auf diesen mythischen Pass und eine Casse D\u00e9serte, die noch immer von den vergangenen Heldentaten von Bartali, Coppi oder Bobet widerzuhallen scheint.    <\/p>\n<\/div><\/div>\n\n\n\n<div class=\"section-wrapper\"><div class=\"wp-block-ws-library-scrollable-section-item ws-section-scrollable-item is-style-default\">\n<p class=\"wp-block-paragraph\">In seinem gepunkteten Trikot des besten Bergsteigers streckt der Franzose Warren Barguil seine Arme in den Himmel der Alpen und feiert den sch\u00f6nsten Erfolg seiner Karriere als Solist.  <\/p>\n<\/div><\/div>\n\n\n\n<div class=\"section-wrapper\"><div class=\"wp-block-ws-library-scrollable-section-item ws-section-scrollable-item\">\n<h2 class=\"wp-block-heading\"><strong>2011<\/strong><\/h2>\n\n\n\n<h2 class=\"wp-block-heading\">Andy Schleck und Thomas Voekcler feiern den hundertsten Jahrestag des Galibier.<\/h2>\n<\/div><\/div>\n\n\n\n<div class=\"section-wrapper\"><div class=\"wp-block-ws-library-scrollable-section-item ws-section-scrollable-item\">\n<p class=\"wp-block-paragraph\">Vor 100 Jahren, am 12. Juli 1911, fuhren die ersten Rennfahrer \u00fcber den Col du Galibier. Um den hundertsten Jahrestag dieses Tages zu feiern, w\u00e4hlte die Tour de France den 21. Juli 2011, um auf dem Gipfel in 2642 m H\u00f6he die h\u00f6chste Ankunft in der Geschichte der Tour de France zu machen.   <\/p>\n<\/div><\/div>\n\n\n\n<div class=\"section-wrapper\"><div class=\"wp-block-ws-library-scrollable-section-item ws-section-scrollable-item\">\n<p class=\"wp-block-paragraph\">In diesem Jahr attackierte Andy Schleck 60 km vor dem Ziel dieser Etappe, die aus Italien (Pinerolo) \u00fcber den Col Agnel und den Col de l&#8217;Izoard kam. Als Vierter der Gesamtwertung vergr\u00f6\u00dferte der Luxemburger schnell den Abstand zur Gruppe um das Gelbe Trikot des Franzosen Thomas Voeckler. Auf dem Gipfel des Galibier hebt er schlie\u00dflich die Arme mit einem Vorsprung von mehr als zwei Minuten auf seinen Bruder Fr\u00e4nk. F\u00fcr 15 Sekunden beh\u00e4lt Thomas Voeckler sein Gelbes Trikot.     <\/p>\n\n\n\n<p class=\"wp-block-paragraph\">Historisch!<\/p>\n<\/div><\/div>\n\n\n\n<div class=\"section-wrapper\"><div class=\"wp-block-ws-library-scrollable-section-item ws-section-scrollable-item\">\n<div class=\"wp-block-ws-library-ws-image\"><div class=\"wrapper\"><div class=\"group-media\"><img decoding=\"async\" src=\"https:\/\/www.hautes-alpes.net\/wp-content\/uploads\/2025\/11\/2003.jpg\" alt=\"\" class=\"single_image ws-image-78342\"><div class=\"credits\">Le Dauphin\u00e9 Lib\u00e9r\u00e9<\/div><\/div><p class=\"caption\"><\/p><\/div><\/div>\n<\/div><\/div>\n\n\n\n<div class=\"section-wrapper\"><div class=\"wp-block-ws-library-scrollable-section-item ws-section-scrollable-item\">\n<h2 class=\"wp-block-heading\"><strong>2003<\/strong><\/h2>\n\n\n\n<h2 class=\"wp-block-heading\">Beloki st\u00fcrzt, Armstrong pfl\u00fcgt in Gap!<\/h2>\n<\/div><\/div>\n\n\n\n<div class=\"section-wrapper\"><div class=\"wp-block-ws-library-scrollable-section-item ws-section-scrollable-item\">\n<p class=\"wp-block-paragraph\">Es sind Bilder, die um die Welt gingen. Am 14. Juli 2003, unter sengender Sonne und auf gl\u00fchendem Asphalt, rasen Joseba Beloki (Zweiter in der Gesamtwertung) und Lance Armstrong (Gelbes Trikot) dem Ziel entgegen. Der Kasache Alexandre Vinokourov ist auf der Verfolgung.    <\/p>\n<\/div><\/div>\n\n\n\n<div class=\"section-wrapper\"><div class=\"wp-block-ws-library-scrollable-section-item ws-section-scrollable-item\">\n<p class=\"wp-block-paragraph\">Auf der Abfahrt vom Col de Manse (Ortsteil La Rochette), die durch die starke Hitze, die den Asphalt schmelzen lie\u00df, gef\u00e4hrlich wurde, st\u00fcrzte der Spanier am Ausgang einer Haarnadelkurve schwer und \u00fcberschlug sich mit seinem Fahrrad.  <\/p>\n\n\n\n<p class=\"wp-block-paragraph\">Der Amerikaner blieb an seinem Rad und wich ihm in einem Reflex eines Querfeldeinfahrers aus, \u00fcbersprang einen Graben und bog querfeldein ab, um eine Kurve weiter unten wieder auf die Stra\u00dfe zu gelangen.<\/p>\n<\/div><\/div>\n\n\n\n<div class=\"section-wrapper\"><div class=\"wp-block-ws-library-scrollable-section-item ws-section-scrollable-item\">\n<p class=\"wp-block-paragraph\">Inzwischen war Winokurow vorbeigekommen und gewann in Gap. Der verletzte Spanier kehrte erst 2004 in den Wettkampf zur\u00fcck, ohne jemals wieder sein wahres Niveau zu erreichen.   <\/p>\n\n\n\n<p class=\"wp-block-paragraph\">Was Armstrong betrifft, so wird die Geschichte bald eine neue Wendung nehmen&#8230;<\/p>\n<\/div><\/div>\n\n\n\n<div class=\"section-wrapper\"><div class=\"wp-block-ws-library-scrollable-section-item ws-section-scrollable-item\">\n<h2 class=\"wp-block-heading\"><strong>1975<\/strong><\/h2>\n\n\n\n<h2 class=\"wp-block-heading\">Bernard Thevenet schwebt \u00fcber dem Izoard<\/h2>\n<\/div><\/div>\n\n\n\n<div class=\"section-wrapper\"><div class=\"wp-block-ws-library-scrollable-section-item ws-section-scrollable-item\">\n<p class=\"wp-block-paragraph\">Was f\u00fcr eine Tour 1975!<\/p>\n\n\n\n<p class=\"wp-block-paragraph\">Am Morgen der Etappe fl\u00fcsterte Louison Bobet Bernard Thevenet, der von seinem Sieg am Vortag begeistert war, ins Ohr: &#8220; <em>Um ein Gro\u00dfer des Radsports zu werden, muss man den Izoard mit dem gelben Trikot an der Spitze \u00fcberqueren<\/em> &#8220;.  <\/p>\n<\/div><\/div>\n\n\n\n<div class=\"section-wrapper\"><div class=\"wp-block-ws-library-scrollable-section-item ws-section-scrollable-item\">\n<p class=\"wp-block-paragraph\">Der Franzose erkl\u00e4rte etwas sp\u00e4ter im Ziel: &#8220; <em>Es gab eine riesige Menschenmenge im Izoard, die die Stra\u00dfe f\u00fcllte und im letzten Moment beiseite <\/em>trat <em>. <\/em> <em>Es war eine echte Gemeinschaft zwischen dem Publikum und mir <\/em>&#8220;. Thevenet scheint \u00fcber der Grande Boucle zu schweben.  Eine Woche sp\u00e4ter gewann er seine erste Tour de France vor Merckx.  <\/p>\n<\/div><\/div>\n\n\n\n<div class=\"section-wrapper\"><div class=\"wp-block-ws-library-scrollable-section-item ws-section-scrollable-item\">\n<div class=\"wp-block-ws-library-ws-image\"><div class=\"wrapper\"><div class=\"group-media\"><img decoding=\"async\" src=\"https:\/\/www.hautes-alpes.net\/wp-content\/uploads\/2025\/11\/ocana-podium-orcieres-1971-archives-ot-orcieres.jpg\" alt=\"\" class=\"single_image ws-image-78357\"><div class=\"credits\">Archiv OT Orci\u00e8res<\/div><\/div><p class=\"caption\"><\/p><\/div><\/div>\n<\/div><\/div>\n\n\n\n<div class=\"section-wrapper\"><div class=\"wp-block-ws-library-scrollable-section-item ws-section-scrollable-item\">\n<h2 class=\"wp-block-heading\"><strong>1971<\/strong><\/h2>\n\n\n\n<h2 class=\"wp-block-heading\">Luis Ocana oder die unvollendete Symphonie<\/h2>\n<\/div><\/div>\n\n\n\n<div class=\"section-wrapper\"><div class=\"wp-block-ws-library-scrollable-section-item ws-section-scrollable-item\">\n<p class=\"wp-block-paragraph\">Der Spanier Luis Ocana, der als der gro\u00dfe Rivale von Eddy Merckx bei der Tour de France 1971 bezeichnet wurde, w\u00e4hlte den 8. Juli in den Alpen, um zwischen Grenoble und dem Ort Orci\u00e8res-Merlette, wo er die Ziellinie als Solist \u00fcberquerte, seinen H\u00f6hepunkt zu setzen.  <\/p>\n<\/div><\/div>\n\n\n\n<div class=\"section-wrapper\"><div class=\"wp-block-ws-library-scrollable-section-item ws-section-scrollable-item\">\n<p class=\"wp-block-paragraph\">Eddy Merckx verlor 8 Minuten und 42 Sekunden und \u00fcberlie\u00df ihm sein erstes Gelbes Trikot. Merckx sagte der Presse: &#8220; <em>Heute hat Ocana uns wie El Cordobes in der Arena seine Stiere <\/em>gemustert&#8220;. Einige Tage sp\u00e4ter, in den Pyren\u00e4en, zerst\u00f6rte ein schrecklicher Sturz auf dem Col de Mant\u00e9 seine Hoffnungen auf den Sieg bei der Tour de France.  <\/p>\n<\/div><\/div>\n\n\n\n<div class=\"section-wrapper\"><div class=\"wp-block-ws-library-scrollable-section-item ws-section-scrollable-item is-style-bg-grey\">\n<h2 class=\"wp-block-heading\"><strong>1953<\/strong><\/h2>\n\n\n\n<h2 class=\"wp-block-heading\">Louison Bobet betrat den Mond!<\/h2>\n<\/div><\/div>\n\n\n\n<div class=\"section-wrapper\"><div class=\"wp-block-ws-library-scrollable-section-item ws-section-scrollable-item is-style-default\">\n<p class=\"wp-block-paragraph\">Er wird als <strong>der Mann von Izoard<\/strong> bezeichnet.<\/p>\n\n\n\n<p class=\"wp-block-paragraph\">  Es ist dieser Pass in den Hautes-Alpes mit seiner ber\u00fchmten &#8220;Casse D\u00e9serte&#8220;, die einer Mondlandschaft gleicht, auf dem Louison Bobet seine Legende aufbaute und seine sch\u00f6nsten Troph\u00e4en gewann, wie an jenem 22. Juli 1953, als er im Alleingang auf dem Izoard seinen ersten Erfolg bei der Tour de France erzielte. Ein Etappensieg in Brian\u00e7on und das Gelbe Trikot. <\/p>\n<\/div><\/div>\n\n\n\n<div class=\"section-wrapper\"><div class=\"wp-block-ws-library-scrollable-section-item ws-section-scrollable-item\">\n<h2 class=\"wp-block-heading\"><strong>1949<\/strong><\/h2>\n\n\n\n<h2 class=\"wp-block-heading\">Ein Denkmal am Galibier zur Feier von Henri Desgranges &#8220;Akt der Anbetung&#8220;.<\/h2>\n<\/div><\/div>\n\n\n\n<div class=\"section-wrapper\"><div class=\"wp-block-ws-library-scrollable-section-item ws-section-scrollable-item\">\n<p class=\"wp-block-paragraph\">&#8220; <em>O Sappey, o Laffrey, o Col Bayard, o Tourmalet! Ich werde meine Pflicht nicht verletzen, wenn ich schreibe, dass Sie neben dem Galibier nur blasses und vulg\u00e4res Bier sind! <\/em>In seinem Leitartikel in der Zeitung l&#8217;Auto schrieb Henri Desgrange 1911 seinen ber\u00fchmten &#8220;Acte d&#8217;Adoration&#8220; (Akt der Anbetung) bei der blo\u00dfen Erw\u00e4hnung seiner Entdeckung: dem Col du Galibier. <\/p>\n<\/div><\/div>\n\n\n\n<div class=\"section-wrapper\"><div class=\"wp-block-ws-library-scrollable-section-item ws-section-scrollable-item\">\n<p class=\"wp-block-paragraph\">Henri Desgrange, der Sch\u00f6pfer der Tour de France, zu dessen Gedenken 1949 auf diesem Pass ein Denkmal nur wenige Meter vom Eingang des Galibier-Tunnels (auf der Seite der Hautes-Alpes) eingeweiht wurde. &#8220;Zu Ehren von Henri Desgrange (1865-1940), ehemaliger Direktor des Journal l&#8217;Auto, Sch\u00f6pfer der Tour de France Cycliste&#8220; ist in den Stein des Monolithen gemei\u00dfelt. <\/p>\n<\/div><\/div>\n\n\n\n<div class=\"section-wrapper\"><div class=\"wp-block-ws-library-scrollable-section-item ws-section-scrollable-item\">\n<div class=\"wp-block-ws-library-ws-image\"><div class=\"wrapper\"><div class=\"group-media\"><img decoding=\"async\" src=\"https:\/\/www.hautes-alpes.net\/wp-content\/uploads\/2025\/11\/1922.jpg\" alt=\"\" class=\"single_image ws-image-78332\"><div class=\"credits\">Gallica bnf.fr \/ Zeitung L&#8217;Auto<\/div><\/div><p class=\"caption\"><\/p><\/div><\/div>\n<\/div><\/div>\n\n\n\n<div class=\"section-wrapper\"><div class=\"wp-block-ws-library-scrollable-section-item ws-section-scrollable-item\">\n<h2 class=\"wp-block-heading\"><strong>1922<\/strong><\/h2>\n\n\n\n<h2 class=\"wp-block-heading\">Junge Erstsemester auf der Route des Grandes Alpes<\/h2>\n<\/div><\/div>\n\n\n\n<div class=\"section-wrapper\"><div class=\"wp-block-ws-library-scrollable-section-item ws-section-scrollable-item\">\n<p class=\"wp-block-paragraph\">13. Juli 1922. Etappe Nizza-Brian\u00e7on (274 km). Auf der Route des Grandes Alpes werden der Col de Vars und der Col de l&#8217;Izoard eingef\u00fchrt, die sich mit dem Galibier auf der Liste der Gipfel der Tour de France einreihen.  <\/p>\n<\/div><\/div>\n\n\n\n<div class=\"section-wrapper\"><div class=\"wp-block-ws-library-scrollable-section-item ws-section-scrollable-item\">\n<p class=\"wp-block-paragraph\">Henri Desgrange schrieb in seiner Kolumne in der Zeitung L&#8217;Auto: &#8220; <em>Ich m\u00f6chte Ihnen das unglaubliche Panorama dieser Etappe erz\u00e4hlen, den Platz, den sie unter den schwierigsten Etappen einnehmen muss, die Rolle, die sie in unserem Rennen im n\u00e4chsten Jahr spielen wird <\/em>&#8220;.  <\/p>\n\n\n\n<p class=\"wp-block-paragraph\">Er glaubte nicht, dass er so viel sagen w\u00fcrde, wenn er nur an die Mondw\u00fcste der Casse D\u00e9serte de l&#8217;Izoard dachte&#8230;<\/p>\n<\/div><\/div>\n\n\n\n<div class=\"section-wrapper\"><div class=\"wp-block-ws-library-scrollable-section-item ws-section-scrollable-item is-style-bg-grey\">\n<h2 class=\"wp-block-heading\"><strong>1911<\/strong><\/h2>\n\n\n\n<h2 class=\"wp-block-heading\">Der<sup>1.<\/sup> Galibier<\/h2>\n<\/div><\/div>\n\n\n\n<div class=\"section-wrapper\"><div class=\"wp-block-ws-library-scrollable-section-item ws-section-scrollable-item is-style-default\">\n<p class=\"wp-block-paragraph\">Emile Georget: &#8220; <em>Diejenigen, die den Tunnel gegraben haben, h\u00e4tten ihn unten \u00f6ffnen k\u00f6nnen! Er w\u00e4re sicher ein wenig l\u00e4nger gewesen, aber das h\u00e4tte uns das Martyrium erspart.<\/em> <em>Zwischen dem Metro-Tunnel und dem Galibier-Tunnel ziehe ich den Metro-Tunnel vor!<\/em><\/p>\n\n\n\n<p class=\"wp-block-paragraph\">Der &#8220;Gipfel der Krieger&#8220; ist in die Geschichte und die Legende der Tour de France eingegangen, unter dem jubelnden Blick des Direktors der Veranstaltung, Henri Desgrange.<\/p>\n<\/div><\/div>\n\n\n\n<div class=\"section-wrapper\"><div class=\"wp-block-ws-library-scrollable-section-item ws-section-scrollable-item is-style-bg-grey\">\n<h2 class=\"wp-block-heading\"><strong>1905<\/strong><\/h2>\n\n\n\n<h2 class=\"wp-block-heading\">Die Tour entdeckt die Hautes-Alpes<\/h2>\n<\/div><\/div>\n\n\n\n<div class=\"section-wrapper\"><div class=\"wp-block-ws-library-scrollable-section-item ws-section-scrollable-item is-style-default\">\n<p class=\"wp-block-paragraph\">1905, bei der dritten Ausgabe der Tour de France, starteten 60 Fahrer in Paris, um elf Etappen mit neuen St\u00e4dten wie Nancy, La Rochelle, Rennes und Grenoble zu bestreiten.  <\/p>\n\n\n\n<p class=\"wp-block-paragraph\">In Grenoble, der Hauptstadt der Alpen, beginnt am 16. Juli die vierte und gef\u00fcrchtete Etappe \u00fcber fast 342 km nach Toulon. Das Peloton hat die Gelegenheit, die S\u00fcdalpen zu entdecken, darunter die C\u00f4te de Laffrey und die Abfahrt vom Col Bayard. <\/p>\n<\/div><\/div>\n\n\n\n<div class=\"section-wrapper\"><div class=\"wp-block-ws-library-scrollable-section-item ws-section-scrollable-item\">\n<div class=\"wp-block-ws-library-ws-image\"><div class=\"wrapper\"><div class=\"group-media\"><img decoding=\"async\" src=\"https:\/\/www.hautes-alpes.net\/wp-content\/uploads\/2025\/11\/1905.jpg\" alt=\"\" class=\"single_image ws-image-78328\"><div class=\"credits\">Gallica bnf.fr \/ Zeitung L&#8217;Auto<\/div><\/div><p class=\"caption\"><\/p><\/div><\/div>\n<\/div><\/div>\n<\/div><\/div><\/div>\n\n<div class=\"wp-block-ws-library-ws-animated-quote\"><blockquote class=\"quote-container quote-align-undefined\"><div class=\"group-media\"><div class=\"field-image\"><img decoding=\"async\" class=\"quote-avatar ws-image-88621\" src=\"https:\/\/www.hautes-alpes.net\/wp-content\/uploads\/2025\/12\/presentation-tdf-2026-cedric-tempier-1-scaled-e1764603627401-160x160.jpg\" data-full-url=\"https:\/\/www.hautes-alpes.net\/wp-content\/uploads\/2025\/12\/presentation-tdf-2026-cedric-tempier-1-scaled-e1764603627401.jpg\" alt=\"\"><\/div><\/div><footer><cite class=\"quote-subcontent\"><strong>Christian Prudhomme<\/strong>, Direktor der Tour de France<\/cite><\/footer><p class=\"quote-content\">Die Stra\u00dfen der S\u00fcdalpen jedes Mal wieder zu befahren bedeutet, zu den Wurzeln des Radsports zur\u00fcckzukehren, auf die B\u00fchne eines Theaters unter freiem Himmel, wo hoffentlich neue sportliche und menschliche Wettk\u00e4mpfe ausgetragen werden, seien es Kom\u00f6dien oder Trag\u00f6dien, wie sie nur die Tour de France zu bieten hat. Nochmals vielen Dank, Hautes-Alpes! <\/p><\/blockquote><\/div>\n\n<div class=\"wp-block-group block-chiffres has-global-padding is-layout-constrained wp-block-group-is-layout-constrained\">\n<h2 class=\"wp-block-heading is-style-title-2\">Die Tour de France <br\/><strong>in Zahlen<\/strong><\/h2>\n\n\n\n<p class=\"wp-block-paragraph\"><\/p>\n\n\n\n<figure class=\"wp-block-table is-style-stats\"><table class=\"has-fixed-layout\"><tbody><tr><td><strong>An- und Abfahrten<\/strong>der Tour in den Hautes-Alpes<\/td><td>91<\/td><\/tr><tr><td><strong>Etappen in <a href=\"https:\/\/www.hautes-alpes.net\/de\/reiseziele-hautes-alpes\/brianconnais\/\">Brian\u00e7on<\/a><\/strong><\/td><td>34<\/td><\/tr><tr><td><strong>Schritte in <a href=\"https:\/\/www.hautes-alpes.net\/de\/reiseziele-hautes-alpes\/gapencais\/\">Gap<\/a><\/strong><\/td><td>27<\/td><\/tr><tr><td>Etappen in <a href=\"https:\/\/www.hautes-alpes.net\/de\/reiseziele-hautes-alpes\/serre-poncon\/\">Embrun<\/a><\/td><td>7<\/td><\/tr><tr><td>Erste Durchfahrt der Tour de France \u00fcber den Col Bayard<\/td><td>1905<\/td><\/tr><tr><td>Besteigung von hochalpinen P\u00e4ssen<\/td><td>232<\/td><\/tr><tr><td><\/td><td><\/td><\/tr><\/tbody><\/table><\/figure>\n\n\n\n<p class=\"field-source wp-block-paragraph\">Quelle: INSEE<\/p>\n<\/div>\n\n<div style=\"height:100px\" aria-hidden=\"true\" class=\"wp-block-spacer\"><\/div>\n\n<hr class=\"wp-block-separator has-alpha-channel-opacity is-style-default\"\/>\n\n<h2 class=\"wp-block-heading is-style-title-1\"><strong>Siehe auch<\/strong><\/h2>\n\n<div class=\"wp-block-group alignwide list-nodetails is-content-justification-center is-layout-flex wp-container-core-group-is-layout-c9a5442e wp-block-group-is-layout-flex\">\n<div class=\"wp-block-group has-global-padding is-layout-constrained wp-block-group-is-layout-constrained\">\n<div class=\"wp-block-ws-library-ws-image is-style-simple\"><div class=\"wrapper\"><div class=\"group-media\"><img decoding=\"async\" src=\"https:\/\/www.hautes-alpes.net\/wp-content\/uploads\/2026\/02\/tour-de-france-vars-credit-remi-morel-4-1-1240x800.jpg\" alt=\"\" class=\"single_image ws-image-275686\"><div class=\"credits\">R. Morel<\/div><\/div><p class=\"caption\"><\/p><\/div><\/div>\n\n\n\n<h3 class=\"wp-block-heading is-style-title-2\"><em>Veranstaltung<br\/><\/em>Tour de France 2026<\/h3>\n\n\n\n<div class=\"wp-block-buttons is-layout-flex wp-block-buttons-is-layout-flex\">\n<div class=\"wp-block-button\"><a class=\"wp-block-button__link wp-element-button\" href=\"https:\/\/www.hautes-alpes.net\/de\/rallye-monte-carlo\/\">Siehe<\/a><\/div>\n<\/div>\n<\/div>\n\n\n\n<div class=\"wp-block-group has-global-padding is-layout-constrained wp-block-group-is-layout-constrained\">\n<div class=\"wp-block-ws-library-ws-image is-style-simple\"><div class=\"wrapper\"><div class=\"group-media\"><img decoding=\"async\" src=\"https:\/\/www.hautes-alpes.net\/wp-content\/uploads\/2025\/11\/colagnelagencekros-remifabregue-44-1240x800.jpg\" alt=\"\" class=\"single_image ws-image-60972\"><div class=\"credits\"><\/div><\/div><p class=\"caption\"><\/p><\/div><\/div>\n\n\n\n<h3 class=\"wp-block-heading is-style-title-2\"><em>SportReservierte Schalen<\/em><\/h3>\n\n\n\n<div class=\"wp-block-buttons is-layout-flex wp-block-buttons-is-layout-flex\">\n<div class=\"wp-block-button\"><a class=\"wp-block-button__link wp-element-button\" href=\"https:\/\/www.hautes-alpes.net\/de\/reservierte-paesse\/\">Siehe<\/a><\/div>\n<\/div>\n<\/div>\n<\/div>\n\n<div class=\"wp-block-ws-library-ws-share\"><span class=\"share-subtitle\">Hat Ihnen diese Seite gefallen?<\/span><span class=\"share-title\">Teilen Sie es mit anderen!<\/span><button class=\"ws-share-button wp-element-button\">Diese Seite teilen<\/button><\/div>\n","protected":false},"excerpt":{"rendered":"<p>Ph\u00e4nomene der Alpen Gro\u00dfveranstaltung in den Hautes-Alpes untrennbar mit der Geschichte der Tour verbunden Die Hautes-Alpes sind untrennbar mit der [&hellip;]<\/p>\n","protected":false},"author":6,"featured_media":0,"parent":107966,"menu_order":0,"comment_status":"closed","ping_status":"closed","template":"","meta":{"is_dark_mode":true,"footnotes":""},"page_label":[],"class_list":["post-104694","page","type-page","status-publish","hentry"],"yoast_head":"<!-- This site is optimized with the Yoast SEO plugin v28.3 - https:\/\/yoast.com\/product\/yoast-seo-wordpress\/ -->\n<title>Tour de France - Hautes-Alpes<\/title>\n<meta name=\"description\" content=\"Tour de France Ph\u00e4nomene der Alpen Gro\u00dfveranstaltung in den Hautes-Alpes untrennbar mit der Geschichte der Tour verbunden Die Hautes-Alpes sind untrennbar\" \/>\n<meta name=\"robots\" content=\"index, follow, max-snippet:-1, max-image-preview:large, max-video-preview:-1\" \/>\n<link rel=\"canonical\" href=\"https:\/\/www.hautes-alpes.net\/de\/ikonische\/tour-de-france\/\" \/>\n<meta property=\"og:locale\" content=\"de_DE\" \/>\n<meta property=\"og:type\" content=\"article\" \/>\n<meta property=\"og:title\" content=\"Tour de France - Hautes-Alpes\" \/>\n<meta property=\"og:description\" content=\"Tour de France Ph\u00e4nomene der Alpen Gro\u00dfveranstaltung in den Hautes-Alpes untrennbar mit der Geschichte der Tour verbunden Die Hautes-Alpes sind untrennbar\" \/>\n<meta property=\"og:url\" content=\"https:\/\/www.hautes-alpes.net\/de\/ikonische\/tour-de-france\/\" \/>\n<meta property=\"og:site_name\" content=\"Hautes-Alpes\" \/>\n<meta property=\"article:modified_time\" content=\"2026-08-21T13:41:23+00:00\" \/>\n<meta property=\"og:image\" content=\"https:\/\/www.hautes-alpes.net\/wp-content\/uploads\/2025\/11\/tour-de-france-2017-col-de-lizoard-victoire-de-warren-barguil-patrick-domeyne-2000x1000.jpg\" \/>\n<meta name=\"twitter:card\" content=\"summary_large_image\" \/>\n<meta name=\"twitter:label1\" content=\"Gesch\u00e4tzte Lesezeit\" \/>\n\t<meta name=\"twitter:data1\" content=\"9 Minuten\" \/>\n<script type=\"application\/ld+json\" class=\"yoast-schema-graph\">{\"@context\":\"https:\\\/\\\/schema.org\",\"@graph\":[{\"@type\":\"WebPage\",\"@id\":\"https:\\\/\\\/www.hautes-alpes.net\\\/de\\\/ikonische\\\/tour-de-france\\\/\",\"url\":\"https:\\\/\\\/www.hautes-alpes.net\\\/de\\\/ikonische\\\/tour-de-france\\\/\",\"name\":\"Tour de France - Hautes-Alpes\",\"isPartOf\":{\"@id\":\"https:\\\/\\\/www.hautes-alpes.net\\\/de\\\/#website\"},\"primaryImageOfPage\":{\"@id\":\"https:\\\/\\\/www.hautes-alpes.net\\\/de\\\/ikonische\\\/tour-de-france\\\/#primaryimage\"},\"image\":{\"@id\":\"https:\\\/\\\/www.hautes-alpes.net\\\/de\\\/ikonische\\\/tour-de-france\\\/#primaryimage\"},\"thumbnailUrl\":\"https:\\\/\\\/www.hautes-alpes.net\\\/wp-content\\\/uploads\\\/2025\\\/11\\\/tour-de-france-2017-col-de-lizoard-victoire-de-warren-barguil-patrick-domeyne-2000x1000.jpg\",\"datePublished\":\"2025-11-27T11:57:45+00:00\",\"dateModified\":\"2026-08-21T13:41:23+00:00\",\"description\":\"Tour de France Ph\u00e4nomene der Alpen Gro\u00dfveranstaltung in den Hautes-Alpes untrennbar mit der Geschichte der Tour verbunden Die Hautes-Alpes sind untrennbar\",\"breadcrumb\":{\"@id\":\"https:\\\/\\\/www.hautes-alpes.net\\\/de\\\/ikonische\\\/tour-de-france\\\/#breadcrumb\"},\"inLanguage\":\"de\",\"potentialAction\":[{\"@type\":\"ReadAction\",\"target\":[\"https:\\\/\\\/www.hautes-alpes.net\\\/de\\\/ikonische\\\/tour-de-france\\\/\"]}]},{\"@type\":\"ImageObject\",\"inLanguage\":\"de\",\"@id\":\"https:\\\/\\\/www.hautes-alpes.net\\\/de\\\/ikonische\\\/tour-de-france\\\/#primaryimage\",\"url\":\"https:\\\/\\\/www.hautes-alpes.net\\\/wp-content\\\/uploads\\\/2025\\\/11\\\/tour-de-france-2017-col-de-lizoard-victoire-de-warren-barguil-patrick-domeyne-2000x1000.jpg\",\"contentUrl\":\"https:\\\/\\\/www.hautes-alpes.net\\\/wp-content\\\/uploads\\\/2025\\\/11\\\/tour-de-france-2017-col-de-lizoard-victoire-de-warren-barguil-patrick-domeyne-2000x1000.jpg\"},{\"@type\":\"BreadcrumbList\",\"@id\":\"https:\\\/\\\/www.hautes-alpes.net\\\/de\\\/ikonische\\\/tour-de-france\\\/#breadcrumb\",\"itemListElement\":[{\"@type\":\"ListItem\",\"position\":1,\"name\":\"Accueil\",\"item\":\"https:\\\/\\\/www.hautes-alpes.net\\\/de\\\/hautes-alpes\\\/\"},{\"@type\":\"ListItem\",\"position\":2,\"name\":\"Ikonische\",\"item\":\"https:\\\/\\\/www.hautes-alpes.net\\\/de\\\/ikonische\\\/\"},{\"@type\":\"ListItem\",\"position\":3,\"name\":\"Ikonische\",\"item\":\"https:\\\/\\\/www.hautes-alpes.net\\\/de\\\/ikonische\\\/\"},{\"@type\":\"ListItem\",\"position\":4,\"name\":\"Tour de France\"}]},{\"@type\":\"WebSite\",\"@id\":\"https:\\\/\\\/www.hautes-alpes.net\\\/de\\\/#website\",\"url\":\"https:\\\/\\\/www.hautes-alpes.net\\\/de\\\/\",\"name\":\"ADDET\",\"description\":\"\",\"publisher\":{\"@id\":\"https:\\\/\\\/www.hautes-alpes.net\\\/de\\\/#organization\"},\"potentialAction\":[{\"@type\":\"SearchAction\",\"target\":{\"@type\":\"EntryPoint\",\"urlTemplate\":\"https:\\\/\\\/www.hautes-alpes.net\\\/de\\\/?s={search_term_string}\"},\"query-input\":{\"@type\":\"PropertyValueSpecification\",\"valueRequired\":true,\"valueName\":\"search_term_string\"}}],\"inLanguage\":\"de\"},{\"@type\":\"Organization\",\"@id\":\"https:\\\/\\\/www.hautes-alpes.net\\\/de\\\/#organization\",\"name\":\"Agence D\u00e9partementale de D\u00e9veloppement Economique et Touristique des Hautes-Alpes\",\"url\":\"https:\\\/\\\/www.hautes-alpes.net\\\/de\\\/\",\"logo\":{\"@type\":\"ImageObject\",\"inLanguage\":\"de\",\"@id\":\"https:\\\/\\\/www.hautes-alpes.net\\\/de\\\/#\\\/schema\\\/logo\\\/image\\\/\",\"url\":\"https:\\\/\\\/www.hautes-alpes.net\\\/wp-content\\\/uploads\\\/2026\\\/01\\\/black-logo-2.svg\",\"contentUrl\":\"https:\\\/\\\/www.hautes-alpes.net\\\/wp-content\\\/uploads\\\/2026\\\/01\\\/black-logo-2.svg\",\"caption\":\"Agence D\u00e9partementale de D\u00e9veloppement Economique et Touristique des Hautes-Alpes\"},\"image\":{\"@id\":\"https:\\\/\\\/www.hautes-alpes.net\\\/de\\\/#\\\/schema\\\/logo\\\/image\\\/\"}}]}<\/script>\n<!-- \/ Yoast SEO plugin. -->","yoast_head_json":{"title":"Tour de France - Hautes-Alpes","description":"Tour de France Ph\u00e4nomene der Alpen Gro\u00dfveranstaltung in den Hautes-Alpes untrennbar mit der Geschichte der Tour verbunden Die Hautes-Alpes sind untrennbar","robots":{"index":"index","follow":"follow","max-snippet":"max-snippet:-1","max-image-preview":"max-image-preview:large","max-video-preview":"max-video-preview:-1"},"canonical":"https:\/\/www.hautes-alpes.net\/de\/ikonische\/tour-de-france\/","og_locale":"de_DE","og_type":"article","og_title":"Tour de France - Hautes-Alpes","og_description":"Tour de France Ph\u00e4nomene der Alpen Gro\u00dfveranstaltung in den Hautes-Alpes untrennbar mit der Geschichte der Tour verbunden Die Hautes-Alpes sind untrennbar","og_url":"https:\/\/www.hautes-alpes.net\/de\/ikonische\/tour-de-france\/","og_site_name":"Hautes-Alpes","article_modified_time":"2026-08-21T13:41:23+00:00","og_image":[{"url":"https:\/\/www.hautes-alpes.net\/wp-content\/uploads\/2025\/11\/tour-de-france-2017-col-de-lizoard-victoire-de-warren-barguil-patrick-domeyne-2000x1000.jpg","type":"","width":"","height":""}],"twitter_card":"summary_large_image","twitter_misc":{"Gesch\u00e4tzte Lesezeit":"9 Minuten"},"schema":{"@context":"https:\/\/schema.org","@graph":[{"@type":"WebPage","@id":"https:\/\/www.hautes-alpes.net\/de\/ikonische\/tour-de-france\/","url":"https:\/\/www.hautes-alpes.net\/de\/ikonische\/tour-de-france\/","name":"Tour de France - Hautes-Alpes","isPartOf":{"@id":"https:\/\/www.hautes-alpes.net\/de\/#website"},"primaryImageOfPage":{"@id":"https:\/\/www.hautes-alpes.net\/de\/ikonische\/tour-de-france\/#primaryimage"},"image":{"@id":"https:\/\/www.hautes-alpes.net\/de\/ikonische\/tour-de-france\/#primaryimage"},"thumbnailUrl":"https:\/\/www.hautes-alpes.net\/wp-content\/uploads\/2025\/11\/tour-de-france-2017-col-de-lizoard-victoire-de-warren-barguil-patrick-domeyne-2000x1000.jpg","datePublished":"2025-11-27T11:57:45+00:00","dateModified":"2026-08-21T13:41:23+00:00","description":"Tour de France Ph\u00e4nomene der Alpen Gro\u00dfveranstaltung in den Hautes-Alpes untrennbar mit der Geschichte der Tour verbunden Die Hautes-Alpes sind untrennbar","breadcrumb":{"@id":"https:\/\/www.hautes-alpes.net\/de\/ikonische\/tour-de-france\/#breadcrumb"},"inLanguage":"de","potentialAction":[{"@type":"ReadAction","target":["https:\/\/www.hautes-alpes.net\/de\/ikonische\/tour-de-france\/"]}]},{"@type":"ImageObject","inLanguage":"de","@id":"https:\/\/www.hautes-alpes.net\/de\/ikonische\/tour-de-france\/#primaryimage","url":"https:\/\/www.hautes-alpes.net\/wp-content\/uploads\/2025\/11\/tour-de-france-2017-col-de-lizoard-victoire-de-warren-barguil-patrick-domeyne-2000x1000.jpg","contentUrl":"https:\/\/www.hautes-alpes.net\/wp-content\/uploads\/2025\/11\/tour-de-france-2017-col-de-lizoard-victoire-de-warren-barguil-patrick-domeyne-2000x1000.jpg"},{"@type":"BreadcrumbList","@id":"https:\/\/www.hautes-alpes.net\/de\/ikonische\/tour-de-france\/#breadcrumb","itemListElement":[{"@type":"ListItem","position":1,"name":"Accueil","item":"https:\/\/www.hautes-alpes.net\/de\/hautes-alpes\/"},{"@type":"ListItem","position":2,"name":"Ikonische","item":"https:\/\/www.hautes-alpes.net\/de\/ikonische\/"},{"@type":"ListItem","position":3,"name":"Ikonische","item":"https:\/\/www.hautes-alpes.net\/de\/ikonische\/"},{"@type":"ListItem","position":4,"name":"Tour de France"}]},{"@type":"WebSite","@id":"https:\/\/www.hautes-alpes.net\/de\/#website","url":"https:\/\/www.hautes-alpes.net\/de\/","name":"ADDET","description":"","publisher":{"@id":"https:\/\/www.hautes-alpes.net\/de\/#organization"},"potentialAction":[{"@type":"SearchAction","target":{"@type":"EntryPoint","urlTemplate":"https:\/\/www.hautes-alpes.net\/de\/?s={search_term_string}"},"query-input":{"@type":"PropertyValueSpecification","valueRequired":true,"valueName":"search_term_string"}}],"inLanguage":"de"},{"@type":"Organization","@id":"https:\/\/www.hautes-alpes.net\/de\/#organization","name":"Agence D\u00e9partementale de D\u00e9veloppement Economique et Touristique des Hautes-Alpes","url":"https:\/\/www.hautes-alpes.net\/de\/","logo":{"@type":"ImageObject","inLanguage":"de","@id":"https:\/\/www.hautes-alpes.net\/de\/#\/schema\/logo\/image\/","url":"https:\/\/www.hautes-alpes.net\/wp-content\/uploads\/2026\/01\/black-logo-2.svg","contentUrl":"https:\/\/www.hautes-alpes.net\/wp-content\/uploads\/2026\/01\/black-logo-2.svg","caption":"Agence D\u00e9partementale de D\u00e9veloppement Economique et Touristique des Hautes-Alpes"},"image":{"@id":"https:\/\/www.hautes-alpes.net\/de\/#\/schema\/logo\/image\/"}}]}},"_links":{"self":[{"href":"https:\/\/www.hautes-alpes.net\/de\/wp-json\/wp\/v2\/pages\/104694","targetHints":{"allow":["GET"]}}],"collection":[{"href":"https:\/\/www.hautes-alpes.net\/de\/wp-json\/wp\/v2\/pages"}],"about":[{"href":"https:\/\/www.hautes-alpes.net\/de\/wp-json\/wp\/v2\/types\/page"}],"author":[{"embeddable":true,"href":"https:\/\/www.hautes-alpes.net\/de\/wp-json\/wp\/v2\/users\/6"}],"replies":[{"embeddable":true,"href":"https:\/\/www.hautes-alpes.net\/de\/wp-json\/wp\/v2\/comments?post=104694"}],"version-history":[{"count":10,"href":"https:\/\/www.hautes-alpes.net\/de\/wp-json\/wp\/v2\/pages\/104694\/revisions"}],"predecessor-version":[{"id":814637,"href":"https:\/\/www.hautes-alpes.net\/de\/wp-json\/wp\/v2\/pages\/104694\/revisions\/814637"}],"up":[{"embeddable":true,"href":"https:\/\/www.hautes-alpes.net\/de\/wp-json\/wp\/v2\/pages\/107966"}],"wp:attachment":[{"href":"https:\/\/www.hautes-alpes.net\/de\/wp-json\/wp\/v2\/media?parent=104694"}],"wp:term":[{"taxonomy":"page_label","embeddable":true,"href":"https:\/\/www.hautes-alpes.net\/de\/wp-json\/wp\/v2\/page_label?post=104694"}],"curies":[{"name":"wp","href":"https:\/\/api.w.org\/{rel}","templated":true}]}}