{"id":840275,"date":"2026-08-28T15:28:36","date_gmt":"2026-08-28T13:28:36","guid":{"rendered":"https:\/\/www.hautes-alpes.net\/fiche\/le-chalet-de-lanza-3\/"},"modified":"2026-08-28T15:28:36","modified_gmt":"2026-08-28T13:28:36","slug":"le-chalet-de-lanza-3","status":"publish","type":"apidae","link":"https:\/\/www.hautes-alpes.net\/de\/fiche\/le-chalet-de-lanza-3\/","title":{"rendered":"Le Chalet de Lanza"},"content":{"rendered":"","protected":false},"featured_media":0,"template":"","meta":{"is_dark_mode":false,"idApidae":"431851"},"apidae-selections":[7874],"apidae-environnements":[365,345,341,357,907,333,617],"apidae-chaines":[1084],"apidae-communes":[2259],"apidae-modes_paiement":[173,187,182,165,178,191],"apidae-services":[2283,2288,2278,534,538,233,274,259,251,247,542],"apidae-natures_terrain":[],"apidae-distinctions":[7943,8109,7999,8094],"apidae-langues_parlees":[200,196],"apidae-equipements":[493,515,216],"apidae-equipements_activite":[],"apidae-conforts":[577,578,588],"apidae-activites":[],"apidae-tourismes_adaptes":[],"apidae-typologies_promo_sitra":[],"apidae-types_clientele":[609],"apidae-types_patrimoine_culturel":[],"apidae-types_commerce_service":[],"apidae-activites_sportives":[],"apidae-activites_culturelles":[],"apidae-commerce_type_detaille":[],"apidae-fete_manifestation_cat":[],"apidae-criteres_internes":[1748],"apidae-territoires":[422,2239,2058,418,2053,406,2072,410,2244,995,2249],"apidae-salles_equipees_pour":[],"apidae-salles_equipement":[],"apidae-salles_hebergement":[],"apidae-salles_restauration":[],"apidae-categories":[],"apidae-specialites":[],"apidae-indications_periode":[382,370,374],"apidae-types_label":[],"apidae-hotel_classement":[796],"apidae-types_hebergement":[1080],"apidae-tourisme_affaire":[458],"class_list":["post-840275","apidae","type-apidae","status-publish","hentry"],"yoast_head":"<!-- This site is optimized with the Yoast SEO plugin v28.3 - https:\/\/yoast.com\/product\/yoast-seo-wordpress\/ -->\n<title>Le Chalet de Lanza - Hautes-Alpes<\/title>\n<meta name=\"description\" content=\"Familienhotel, ideal gelegen im Herzen des Dorfes. Gem\u00fctliche Atmosph\u00e4re und Geselligkeit f\u00fcr einen aktiven oder entspannenden Urlaub, mit der Familie oder allein, sportlich oder kulturell. Und was soll man zu der traditionellen hausgemachten K\u00fcche sagen!!!\" \/>\n<meta name=\"robots\" content=\"index, follow, max-snippet:-1, max-image-preview:large, max-video-preview:-1\" \/>\n<link rel=\"canonical\" href=\"https:\/\/www.hautes-alpes.net\/de\/fiche\/le-chalet-de-lanza-3\/\" \/>\n<meta property=\"og:locale\" content=\"de_DE\" \/>\n<meta property=\"og:type\" content=\"article\" \/>\n<meta property=\"og:title\" content=\"Le Chalet de Lanza - Hautes-Alpes\" \/>\n<meta property=\"og:description\" content=\"Familienhotel, ideal gelegen im Herzen des Dorfes. Gem\u00fctliche Atmosph\u00e4re und Geselligkeit f\u00fcr einen aktiven oder entspannenden Urlaub, mit der Familie oder allein, sportlich oder kulturell. Und was soll man zu der traditionellen hausgemachten K\u00fcche sagen!!!\" \/>\n<meta property=\"og:url\" content=\"https:\/\/www.hautes-alpes.net\/de\/fiche\/le-chalet-de-lanza-3\/\" \/>\n<meta property=\"og:site_name\" content=\"Hautes-Alpes\" \/>\n<meta name=\"twitter:card\" content=\"summary_large_image\" \/>\n<script type=\"application\/ld+json\" class=\"yoast-schema-graph\">{\"@context\":\"https:\\\/\\\/schema.org\",\"@graph\":[{\"@type\":\"WebPage\",\"@id\":\"https:\\\/\\\/www.hautes-alpes.net\\\/de\\\/fiche\\\/le-chalet-de-lanza-3\\\/\",\"url\":\"https:\\\/\\\/www.hautes-alpes.net\\\/de\\\/fiche\\\/le-chalet-de-lanza-3\\\/\",\"name\":\"Le Chalet de Lanza - Hautes-Alpes\",\"isPartOf\":{\"@id\":\"https:\\\/\\\/www.hautes-alpes.net\\\/de\\\/#website\"},\"datePublished\":\"2026-08-28T13:28:36+00:00\",\"description\":\"Familienhotel, ideal gelegen im Herzen des Dorfes. Gem\u00fctliche Atmosph\u00e4re und Geselligkeit f\u00fcr einen aktiven oder entspannenden Urlaub, mit der Familie oder allein, sportlich oder kulturell. Und was soll man zu der traditionellen hausgemachten K\u00fcche sagen!!!\",\"breadcrumb\":{\"@id\":\"https:\\\/\\\/www.hautes-alpes.net\\\/de\\\/fiche\\\/le-chalet-de-lanza-3\\\/#breadcrumb\"},\"inLanguage\":\"de\",\"potentialAction\":[{\"@type\":\"ReadAction\",\"target\":[\"https:\\\/\\\/www.hautes-alpes.net\\\/de\\\/fiche\\\/le-chalet-de-lanza-3\\\/\"]}]},{\"@type\":\"BreadcrumbList\",\"@id\":\"https:\\\/\\\/www.hautes-alpes.net\\\/de\\\/fiche\\\/le-chalet-de-lanza-3\\\/#breadcrumb\",\"itemListElement\":[{\"@type\":\"ListItem\",\"position\":1,\"name\":\"Accueil\",\"item\":\"https:\\\/\\\/www.hautes-alpes.net\\\/de\\\/hautes-alpes\\\/\"},{\"@type\":\"ListItem\",\"position\":2,\"name\":\"Le Chalet de Lanza\"}]},{\"@type\":\"WebSite\",\"@id\":\"https:\\\/\\\/www.hautes-alpes.net\\\/de\\\/#website\",\"url\":\"https:\\\/\\\/www.hautes-alpes.net\\\/de\\\/\",\"name\":\"ADDET\",\"description\":\"\",\"publisher\":{\"@id\":\"https:\\\/\\\/www.hautes-alpes.net\\\/de\\\/#organization\"},\"potentialAction\":[{\"@type\":\"SearchAction\",\"target\":{\"@type\":\"EntryPoint\",\"urlTemplate\":\"https:\\\/\\\/www.hautes-alpes.net\\\/de\\\/?s={search_term_string}\"},\"query-input\":{\"@type\":\"PropertyValueSpecification\",\"valueRequired\":true,\"valueName\":\"search_term_string\"}}],\"inLanguage\":\"de\"},{\"@type\":\"Organization\",\"@id\":\"https:\\\/\\\/www.hautes-alpes.net\\\/de\\\/#organization\",\"name\":\"Agence D\u00e9partementale de D\u00e9veloppement Economique et Touristique des Hautes-Alpes\",\"url\":\"https:\\\/\\\/www.hautes-alpes.net\\\/de\\\/\",\"logo\":{\"@type\":\"ImageObject\",\"inLanguage\":\"de\",\"@id\":\"https:\\\/\\\/www.hautes-alpes.net\\\/de\\\/#\\\/schema\\\/logo\\\/image\\\/\",\"url\":\"https:\\\/\\\/www.hautes-alpes.net\\\/wp-content\\\/uploads\\\/2026\\\/01\\\/black-logo-2.svg\",\"contentUrl\":\"https:\\\/\\\/www.hautes-alpes.net\\\/wp-content\\\/uploads\\\/2026\\\/01\\\/black-logo-2.svg\",\"caption\":\"Agence D\u00e9partementale de D\u00e9veloppement Economique et Touristique des Hautes-Alpes\"},\"image\":{\"@id\":\"https:\\\/\\\/www.hautes-alpes.net\\\/de\\\/#\\\/schema\\\/logo\\\/image\\\/\"}}]}<\/script>\n<!-- \/ Yoast SEO plugin. -->","yoast_head_json":{"title":"Le Chalet de Lanza - Hautes-Alpes","description":"Familienhotel, ideal gelegen im Herzen des Dorfes. Gem\u00fctliche Atmosph\u00e4re und Geselligkeit f\u00fcr einen aktiven oder entspannenden Urlaub, mit der Familie oder allein, sportlich oder kulturell. Und was soll man zu der traditionellen hausgemachten K\u00fcche sagen!!!","robots":{"index":"index","follow":"follow","max-snippet":"max-snippet:-1","max-image-preview":"max-image-preview:large","max-video-preview":"max-video-preview:-1"},"canonical":"https:\/\/www.hautes-alpes.net\/de\/fiche\/le-chalet-de-lanza-3\/","og_locale":"de_DE","og_type":"article","og_title":"Le Chalet de Lanza - Hautes-Alpes","og_description":"Familienhotel, ideal gelegen im Herzen des Dorfes. Gem\u00fctliche Atmosph\u00e4re und Geselligkeit f\u00fcr einen aktiven oder entspannenden Urlaub, mit der Familie oder allein, sportlich oder kulturell. Und was soll man zu der traditionellen hausgemachten K\u00fcche sagen!!!","og_url":"https:\/\/www.hautes-alpes.net\/de\/fiche\/le-chalet-de-lanza-3\/","og_site_name":"Hautes-Alpes","twitter_card":"summary_large_image","schema":{"@context":"https:\/\/schema.org","@graph":[{"@type":"WebPage","@id":"https:\/\/www.hautes-alpes.net\/de\/fiche\/le-chalet-de-lanza-3\/","url":"https:\/\/www.hautes-alpes.net\/de\/fiche\/le-chalet-de-lanza-3\/","name":"Le Chalet de Lanza - Hautes-Alpes","isPartOf":{"@id":"https:\/\/www.hautes-alpes.net\/de\/#website"},"datePublished":"2026-08-28T13:28:36+00:00","description":"Familienhotel, ideal gelegen im Herzen des Dorfes. Gem\u00fctliche Atmosph\u00e4re und Geselligkeit f\u00fcr einen aktiven oder entspannenden Urlaub, mit der Familie oder allein, sportlich oder kulturell. Und was soll man zu der traditionellen hausgemachten K\u00fcche sagen!!!","breadcrumb":{"@id":"https:\/\/www.hautes-alpes.net\/de\/fiche\/le-chalet-de-lanza-3\/#breadcrumb"},"inLanguage":"de","potentialAction":[{"@type":"ReadAction","target":["https:\/\/www.hautes-alpes.net\/de\/fiche\/le-chalet-de-lanza-3\/"]}]},{"@type":"BreadcrumbList","@id":"https:\/\/www.hautes-alpes.net\/de\/fiche\/le-chalet-de-lanza-3\/#breadcrumb","itemListElement":[{"@type":"ListItem","position":1,"name":"Accueil","item":"https:\/\/www.hautes-alpes.net\/de\/hautes-alpes\/"},{"@type":"ListItem","position":2,"name":"Le Chalet de Lanza"}]},{"@type":"WebSite","@id":"https:\/\/www.hautes-alpes.net\/de\/#website","url":"https:\/\/www.hautes-alpes.net\/de\/","name":"ADDET","description":"","publisher":{"@id":"https:\/\/www.hautes-alpes.net\/de\/#organization"},"potentialAction":[{"@type":"SearchAction","target":{"@type":"EntryPoint","urlTemplate":"https:\/\/www.hautes-alpes.net\/de\/?s={search_term_string}"},"query-input":{"@type":"PropertyValueSpecification","valueRequired":true,"valueName":"search_term_string"}}],"inLanguage":"de"},{"@type":"Organization","@id":"https:\/\/www.hautes-alpes.net\/de\/#organization","name":"Agence D\u00e9partementale de D\u00e9veloppement Economique et Touristique des Hautes-Alpes","url":"https:\/\/www.hautes-alpes.net\/de\/","logo":{"@type":"ImageObject","inLanguage":"de","@id":"https:\/\/www.hautes-alpes.net\/de\/#\/schema\/logo\/image\/","url":"https:\/\/www.hautes-alpes.net\/wp-content\/uploads\/2026\/01\/black-logo-2.svg","contentUrl":"https:\/\/www.hautes-alpes.net\/wp-content\/uploads\/2026\/01\/black-logo-2.svg","caption":"Agence D\u00e9partementale de D\u00e9veloppement Economique et Touristique des Hautes-Alpes"},"image":{"@id":"https:\/\/www.hautes-alpes.net\/de\/#\/schema\/logo\/image\/"}}]}},"_links":{"self":[{"href":"https:\/\/www.hautes-alpes.net\/de\/wp-json\/wp\/v2\/apidae\/840275","targetHints":{"allow":["GET"]}}],"collection":[{"href":"https:\/\/www.hautes-alpes.net\/de\/wp-json\/wp\/v2\/apidae"}],"about":[{"href":"https:\/\/www.hautes-alpes.net\/de\/wp-json\/wp\/v2\/types\/apidae"}],"wp:attachment":[{"href":"https:\/\/www.hautes-alpes.net\/de\/wp-json\/wp\/v2\/media?parent=840275"}],"wp:term":[{"taxonomy":"apidae-selections","embeddable":true,"href":"https:\/\/www.hautes-alpes.net\/de\/wp-json\/wp\/v2\/apidae-selections?post=840275"},{"taxonomy":"apidae-environnements","embeddable":true,"href":"https:\/\/www.hautes-alpes.net\/de\/wp-json\/wp\/v2\/apidae-environnements?post=840275"},{"taxonomy":"apidae-chaines","embeddable":true,"href":"https:\/\/www.hautes-alpes.net\/de\/wp-json\/wp\/v2\/apidae-chaines?post=840275"},{"taxonomy":"apidae-communes","embeddable":true,"href":"https:\/\/www.hautes-alpes.net\/de\/wp-json\/wp\/v2\/apidae-communes?post=840275"},{"taxonomy":"apidae-modes_paiement","embeddable":true,"href":"https:\/\/www.hautes-alpes.net\/de\/wp-json\/wp\/v2\/apidae-modes_paiement?post=840275"},{"taxonomy":"apidae-services","embeddable":true,"href":"https:\/\/www.hautes-alpes.net\/de\/wp-json\/wp\/v2\/apidae-services?post=840275"},{"taxonomy":"apidae-natures_terrain","embeddable":true,"href":"https:\/\/www.hautes-alpes.net\/de\/wp-json\/wp\/v2\/apidae-natures_terrain?post=840275"},{"taxonomy":"apidae-distinctions","embeddable":true,"href":"https:\/\/www.hautes-alpes.net\/de\/wp-json\/wp\/v2\/apidae-distinctions?post=840275"},{"taxonomy":"apidae-langues_parlees","embeddable":true,"href":"https:\/\/www.hautes-alpes.net\/de\/wp-json\/wp\/v2\/apidae-langues_parlees?post=840275"},{"taxonomy":"apidae-equipements","embeddable":true,"href":"https:\/\/www.hautes-alpes.net\/de\/wp-json\/wp\/v2\/apidae-equipements?post=840275"},{"taxonomy":"apidae-equipements_activite","embeddable":true,"href":"https:\/\/www.hautes-alpes.net\/de\/wp-json\/wp\/v2\/apidae-equipements_activite?post=840275"},{"taxonomy":"apidae-conforts","embeddable":true,"href":"https:\/\/www.hautes-alpes.net\/de\/wp-json\/wp\/v2\/apidae-conforts?post=840275"},{"taxonomy":"apidae-activites","embeddable":true,"href":"https:\/\/www.hautes-alpes.net\/de\/wp-json\/wp\/v2\/apidae-activites?post=840275"},{"taxonomy":"apidae-tourismes_adaptes","embeddable":true,"href":"https:\/\/www.hautes-alpes.net\/de\/wp-json\/wp\/v2\/apidae-tourismes_adaptes?post=840275"},{"taxonomy":"apidae-typologies_promo_sitra","embeddable":true,"href":"https:\/\/www.hautes-alpes.net\/de\/wp-json\/wp\/v2\/apidae-typologies_promo_sitra?post=840275"},{"taxonomy":"apidae-types_clientele","embeddable":true,"href":"https:\/\/www.hautes-alpes.net\/de\/wp-json\/wp\/v2\/apidae-types_clientele?post=840275"},{"taxonomy":"apidae-types_patrimoine_culturel","embeddable":true,"href":"https:\/\/www.hautes-alpes.net\/de\/wp-json\/wp\/v2\/apidae-types_patrimoine_culturel?post=840275"},{"taxonomy":"apidae-types_commerce_service","embeddable":true,"href":"https:\/\/www.hautes-alpes.net\/de\/wp-json\/wp\/v2\/apidae-types_commerce_service?post=840275"},{"taxonomy":"apidae-activites_sportives","embeddable":true,"href":"https:\/\/www.hautes-alpes.net\/de\/wp-json\/wp\/v2\/apidae-activites_sportives?post=840275"},{"taxonomy":"apidae-activites_culturelles","embeddable":true,"href":"https:\/\/www.hautes-alpes.net\/de\/wp-json\/wp\/v2\/apidae-activites_culturelles?post=840275"},{"taxonomy":"apidae-commerce_type_detaille","embeddable":true,"href":"https:\/\/www.hautes-alpes.net\/de\/wp-json\/wp\/v2\/apidae-commerce_type_detaille?post=840275"},{"taxonomy":"apidae-fete_manifestation_cat","embeddable":true,"href":"https:\/\/www.hautes-alpes.net\/de\/wp-json\/wp\/v2\/apidae-fete_manifestation_cat?post=840275"},{"taxonomy":"apidae-criteres_internes","embeddable":true,"href":"https:\/\/www.hautes-alpes.net\/de\/wp-json\/wp\/v2\/apidae-criteres_internes?post=840275"},{"taxonomy":"apidae-territoires","embeddable":true,"href":"https:\/\/www.hautes-alpes.net\/de\/wp-json\/wp\/v2\/apidae-territoires?post=840275"},{"taxonomy":"apidae-salles_equipees_pour","embeddable":true,"href":"https:\/\/www.hautes-alpes.net\/de\/wp-json\/wp\/v2\/apidae-salles_equipees_pour?post=840275"},{"taxonomy":"apidae-salles_equipement","embeddable":true,"href":"https:\/\/www.hautes-alpes.net\/de\/wp-json\/wp\/v2\/apidae-salles_equipement?post=840275"},{"taxonomy":"apidae-salles_hebergement","embeddable":true,"href":"https:\/\/www.hautes-alpes.net\/de\/wp-json\/wp\/v2\/apidae-salles_hebergement?post=840275"},{"taxonomy":"apidae-salles_restauration","embeddable":true,"href":"https:\/\/www.hautes-alpes.net\/de\/wp-json\/wp\/v2\/apidae-salles_restauration?post=840275"},{"taxonomy":"apidae-categories","embeddable":true,"href":"https:\/\/www.hautes-alpes.net\/de\/wp-json\/wp\/v2\/apidae-categories?post=840275"},{"taxonomy":"apidae-specialites","embeddable":true,"href":"https:\/\/www.hautes-alpes.net\/de\/wp-json\/wp\/v2\/apidae-specialites?post=840275"},{"taxonomy":"apidae-indications_periode","embeddable":true,"href":"https:\/\/www.hautes-alpes.net\/de\/wp-json\/wp\/v2\/apidae-indications_periode?post=840275"},{"taxonomy":"apidae-types_label","embeddable":true,"href":"https:\/\/www.hautes-alpes.net\/de\/wp-json\/wp\/v2\/apidae-types_label?post=840275"},{"taxonomy":"apidae-hotel_classement","embeddable":true,"href":"https:\/\/www.hautes-alpes.net\/de\/wp-json\/wp\/v2\/apidae-hotel_classement?post=840275"},{"taxonomy":"apidae-types_hebergement","embeddable":true,"href":"https:\/\/www.hautes-alpes.net\/de\/wp-json\/wp\/v2\/apidae-types_hebergement?post=840275"},{"taxonomy":"apidae-tourisme_affaire","embeddable":true,"href":"https:\/\/www.hautes-alpes.net\/de\/wp-json\/wp\/v2\/apidae-tourisme_affaire?post=840275"}],"curies":[{"name":"wp","href":"https:\/\/api.w.org\/{rel}","templated":true}]}}