{"id":569479,"date":"2026-06-02T23:48:19","date_gmt":"2026-06-02T21:48:19","guid":{"rendered":"https:\/\/www.hautes-alpes.net\/fiche\/le-graal-cafe-2\/"},"modified":"2026-06-02T23:48:19","modified_gmt":"2026-06-02T21:48:19","slug":"le-graal-cafe-2","status":"publish","type":"apidae","link":"https:\/\/www.hautes-alpes.net\/de\/fiche\/le-graal-cafe-2\/","title":{"rendered":"Le Graal Caf\u00e9"},"content":{"rendered":"","protected":false},"featured_media":0,"template":"","meta":{"is_dark_mode":false,"idApidae":"271308"},"apidae-selections":[7854],"apidae-environnements":[365,1034,337,1043,1047,345,353,341,1029,357,907,333,349,617,1038],"apidae-chaines":[],"apidae-communes":[1000],"apidae-modes_paiement":[169,917,173,187,922,182],"apidae-services":[1015,279,233,284,259,269,247],"apidae-natures_terrain":[],"apidae-distinctions":[],"apidae-langues_parlees":[200,204,196],"apidae-equipements":[493,519,473,801,472,212,737,208,1010,216,229,1005],"apidae-equipements_activite":[],"apidae-conforts":[],"apidae-activites":[1020,1025],"apidae-tourismes_adaptes":[],"apidae-typologies_promo_sitra":[],"apidae-types_clientele":[],"apidae-types_patrimoine_culturel":[],"apidae-types_commerce_service":[],"apidae-activites_sportives":[],"apidae-activites_culturelles":[],"apidae-commerce_type_detaille":[],"apidae-fete_manifestation_cat":[],"apidae-criteres_internes":[],"apidae-territoires":[422,402,418,970,406,1052,410,980,975],"apidae-salles_equipees_pour":[],"apidae-salles_equipement":[],"apidae-salles_hebergement":[],"apidae-salles_restauration":[],"apidae-categories":[],"apidae-specialites":[439],"apidae-indications_periode":[382,370,374,378],"apidae-types_label":[],"apidae-hotel_classement":[],"apidae-types_hebergement":[],"apidae-tourisme_affaire":[458],"class_list":["post-569479","apidae","type-apidae","status-publish","hentry"],"yoast_head":"<!-- This site is optimized with the Yoast SEO plugin v28.3 - https:\/\/yoast.com\/product\/yoast-seo-wordpress\/ -->\n<title>Le Graal Caf\u00e9 - Hautes-Alpes<\/title>\n<meta name=\"description\" content=\"Das Graal Caf\u00e9 empf\u00e4ngt Sie jeden Tag im Winter und im Sommer. Da es das ganze Jahr \u00fcber ge\u00f6ffnet ist, ist es das Nebengeb\u00e4ude vieler Menschen. Morgens und abends ist das gesamte Team des Graal Caf\u00e9 da, um Sie zu empfangen.\" \/>\n<meta name=\"robots\" content=\"index, follow, max-snippet:-1, max-image-preview:large, max-video-preview:-1\" \/>\n<link rel=\"canonical\" href=\"https:\/\/www.hautes-alpes.net\/de\/fiche\/le-graal-cafe-2\/\" \/>\n<meta property=\"og:locale\" content=\"de_DE\" \/>\n<meta property=\"og:type\" content=\"article\" \/>\n<meta property=\"og:title\" content=\"Le Graal Caf\u00e9 - Hautes-Alpes\" \/>\n<meta property=\"og:description\" content=\"Das Graal Caf\u00e9 empf\u00e4ngt Sie jeden Tag im Winter und im Sommer. Da es das ganze Jahr \u00fcber ge\u00f6ffnet ist, ist es das Nebengeb\u00e4ude vieler Menschen. Morgens und abends ist das gesamte Team des Graal Caf\u00e9 da, um Sie zu empfangen.\" \/>\n<meta property=\"og:url\" content=\"https:\/\/www.hautes-alpes.net\/de\/fiche\/le-graal-cafe-2\/\" \/>\n<meta property=\"og:site_name\" content=\"Hautes-Alpes\" \/>\n<meta name=\"twitter:card\" content=\"summary_large_image\" \/>\n<script type=\"application\/ld+json\" class=\"yoast-schema-graph\">{\"@context\":\"https:\\\/\\\/schema.org\",\"@graph\":[{\"@type\":\"WebPage\",\"@id\":\"https:\\\/\\\/www.hautes-alpes.net\\\/de\\\/fiche\\\/le-graal-cafe-2\\\/\",\"url\":\"https:\\\/\\\/www.hautes-alpes.net\\\/de\\\/fiche\\\/le-graal-cafe-2\\\/\",\"name\":\"Le Graal Caf\u00e9 - Hautes-Alpes\",\"isPartOf\":{\"@id\":\"https:\\\/\\\/www.hautes-alpes.net\\\/de\\\/#website\"},\"datePublished\":\"2026-06-02T21:48:19+00:00\",\"description\":\"Das Graal Caf\u00e9 empf\u00e4ngt Sie jeden Tag im Winter und im Sommer. Da es das ganze Jahr \u00fcber ge\u00f6ffnet ist, ist es das Nebengeb\u00e4ude vieler Menschen. Morgens und abends ist das gesamte Team des Graal Caf\u00e9 da, um Sie zu empfangen.\",\"breadcrumb\":{\"@id\":\"https:\\\/\\\/www.hautes-alpes.net\\\/de\\\/fiche\\\/le-graal-cafe-2\\\/#breadcrumb\"},\"inLanguage\":\"de\",\"potentialAction\":[{\"@type\":\"ReadAction\",\"target\":[\"https:\\\/\\\/www.hautes-alpes.net\\\/de\\\/fiche\\\/le-graal-cafe-2\\\/\"]}]},{\"@type\":\"BreadcrumbList\",\"@id\":\"https:\\\/\\\/www.hautes-alpes.net\\\/de\\\/fiche\\\/le-graal-cafe-2\\\/#breadcrumb\",\"itemListElement\":[{\"@type\":\"ListItem\",\"position\":1,\"name\":\"Accueil\",\"item\":\"https:\\\/\\\/www.hautes-alpes.net\\\/de\\\/hautes-alpes\\\/\"},{\"@type\":\"ListItem\",\"position\":2,\"name\":\"Le Graal Caf\u00e9\"}]},{\"@type\":\"WebSite\",\"@id\":\"https:\\\/\\\/www.hautes-alpes.net\\\/de\\\/#website\",\"url\":\"https:\\\/\\\/www.hautes-alpes.net\\\/de\\\/\",\"name\":\"ADDET\",\"description\":\"\",\"publisher\":{\"@id\":\"https:\\\/\\\/www.hautes-alpes.net\\\/de\\\/#organization\"},\"potentialAction\":[{\"@type\":\"SearchAction\",\"target\":{\"@type\":\"EntryPoint\",\"urlTemplate\":\"https:\\\/\\\/www.hautes-alpes.net\\\/de\\\/?s={search_term_string}\"},\"query-input\":{\"@type\":\"PropertyValueSpecification\",\"valueRequired\":true,\"valueName\":\"search_term_string\"}}],\"inLanguage\":\"de\"},{\"@type\":\"Organization\",\"@id\":\"https:\\\/\\\/www.hautes-alpes.net\\\/de\\\/#organization\",\"name\":\"Agence D\u00e9partementale de D\u00e9veloppement Economique et Touristique des Hautes-Alpes\",\"url\":\"https:\\\/\\\/www.hautes-alpes.net\\\/de\\\/\",\"logo\":{\"@type\":\"ImageObject\",\"inLanguage\":\"de\",\"@id\":\"https:\\\/\\\/www.hautes-alpes.net\\\/de\\\/#\\\/schema\\\/logo\\\/image\\\/\",\"url\":\"https:\\\/\\\/www.hautes-alpes.net\\\/wp-content\\\/uploads\\\/2026\\\/01\\\/black-logo-2.svg\",\"contentUrl\":\"https:\\\/\\\/www.hautes-alpes.net\\\/wp-content\\\/uploads\\\/2026\\\/01\\\/black-logo-2.svg\",\"caption\":\"Agence D\u00e9partementale de D\u00e9veloppement Economique et Touristique des Hautes-Alpes\"},\"image\":{\"@id\":\"https:\\\/\\\/www.hautes-alpes.net\\\/de\\\/#\\\/schema\\\/logo\\\/image\\\/\"}}]}<\/script>\n<!-- \/ Yoast SEO plugin. -->","yoast_head_json":{"title":"Le Graal Caf\u00e9 - Hautes-Alpes","description":"Das Graal Caf\u00e9 empf\u00e4ngt Sie jeden Tag im Winter und im Sommer. Da es das ganze Jahr \u00fcber ge\u00f6ffnet ist, ist es das Nebengeb\u00e4ude vieler Menschen. Morgens und abends ist das gesamte Team des Graal Caf\u00e9 da, um Sie zu empfangen.","robots":{"index":"index","follow":"follow","max-snippet":"max-snippet:-1","max-image-preview":"max-image-preview:large","max-video-preview":"max-video-preview:-1"},"canonical":"https:\/\/www.hautes-alpes.net\/de\/fiche\/le-graal-cafe-2\/","og_locale":"de_DE","og_type":"article","og_title":"Le Graal Caf\u00e9 - Hautes-Alpes","og_description":"Das Graal Caf\u00e9 empf\u00e4ngt Sie jeden Tag im Winter und im Sommer. Da es das ganze Jahr \u00fcber ge\u00f6ffnet ist, ist es das Nebengeb\u00e4ude vieler Menschen. Morgens und abends ist das gesamte Team des Graal Caf\u00e9 da, um Sie zu empfangen.","og_url":"https:\/\/www.hautes-alpes.net\/de\/fiche\/le-graal-cafe-2\/","og_site_name":"Hautes-Alpes","twitter_card":"summary_large_image","schema":{"@context":"https:\/\/schema.org","@graph":[{"@type":"WebPage","@id":"https:\/\/www.hautes-alpes.net\/de\/fiche\/le-graal-cafe-2\/","url":"https:\/\/www.hautes-alpes.net\/de\/fiche\/le-graal-cafe-2\/","name":"Le Graal Caf\u00e9 - Hautes-Alpes","isPartOf":{"@id":"https:\/\/www.hautes-alpes.net\/de\/#website"},"datePublished":"2026-06-02T21:48:19+00:00","description":"Das Graal Caf\u00e9 empf\u00e4ngt Sie jeden Tag im Winter und im Sommer. Da es das ganze Jahr \u00fcber ge\u00f6ffnet ist, ist es das Nebengeb\u00e4ude vieler Menschen. Morgens und abends ist das gesamte Team des Graal Caf\u00e9 da, um Sie zu empfangen.","breadcrumb":{"@id":"https:\/\/www.hautes-alpes.net\/de\/fiche\/le-graal-cafe-2\/#breadcrumb"},"inLanguage":"de","potentialAction":[{"@type":"ReadAction","target":["https:\/\/www.hautes-alpes.net\/de\/fiche\/le-graal-cafe-2\/"]}]},{"@type":"BreadcrumbList","@id":"https:\/\/www.hautes-alpes.net\/de\/fiche\/le-graal-cafe-2\/#breadcrumb","itemListElement":[{"@type":"ListItem","position":1,"name":"Accueil","item":"https:\/\/www.hautes-alpes.net\/de\/hautes-alpes\/"},{"@type":"ListItem","position":2,"name":"Le Graal Caf\u00e9"}]},{"@type":"WebSite","@id":"https:\/\/www.hautes-alpes.net\/de\/#website","url":"https:\/\/www.hautes-alpes.net\/de\/","name":"ADDET","description":"","publisher":{"@id":"https:\/\/www.hautes-alpes.net\/de\/#organization"},"potentialAction":[{"@type":"SearchAction","target":{"@type":"EntryPoint","urlTemplate":"https:\/\/www.hautes-alpes.net\/de\/?s={search_term_string}"},"query-input":{"@type":"PropertyValueSpecification","valueRequired":true,"valueName":"search_term_string"}}],"inLanguage":"de"},{"@type":"Organization","@id":"https:\/\/www.hautes-alpes.net\/de\/#organization","name":"Agence D\u00e9partementale de D\u00e9veloppement Economique et Touristique des Hautes-Alpes","url":"https:\/\/www.hautes-alpes.net\/de\/","logo":{"@type":"ImageObject","inLanguage":"de","@id":"https:\/\/www.hautes-alpes.net\/de\/#\/schema\/logo\/image\/","url":"https:\/\/www.hautes-alpes.net\/wp-content\/uploads\/2026\/01\/black-logo-2.svg","contentUrl":"https:\/\/www.hautes-alpes.net\/wp-content\/uploads\/2026\/01\/black-logo-2.svg","caption":"Agence D\u00e9partementale de D\u00e9veloppement Economique et Touristique des Hautes-Alpes"},"image":{"@id":"https:\/\/www.hautes-alpes.net\/de\/#\/schema\/logo\/image\/"}}]}},"_links":{"self":[{"href":"https:\/\/www.hautes-alpes.net\/de\/wp-json\/wp\/v2\/apidae\/569479","targetHints":{"allow":["GET"]}}],"collection":[{"href":"https:\/\/www.hautes-alpes.net\/de\/wp-json\/wp\/v2\/apidae"}],"about":[{"href":"https:\/\/www.hautes-alpes.net\/de\/wp-json\/wp\/v2\/types\/apidae"}],"wp:attachment":[{"href":"https:\/\/www.hautes-alpes.net\/de\/wp-json\/wp\/v2\/media?parent=569479"}],"wp:term":[{"taxonomy":"apidae-selections","embeddable":true,"href":"https:\/\/www.hautes-alpes.net\/de\/wp-json\/wp\/v2\/apidae-selections?post=569479"},{"taxonomy":"apidae-environnements","embeddable":true,"href":"https:\/\/www.hautes-alpes.net\/de\/wp-json\/wp\/v2\/apidae-environnements?post=569479"},{"taxonomy":"apidae-chaines","embeddable":true,"href":"https:\/\/www.hautes-alpes.net\/de\/wp-json\/wp\/v2\/apidae-chaines?post=569479"},{"taxonomy":"apidae-communes","embeddable":true,"href":"https:\/\/www.hautes-alpes.net\/de\/wp-json\/wp\/v2\/apidae-communes?post=569479"},{"taxonomy":"apidae-modes_paiement","embeddable":true,"href":"https:\/\/www.hautes-alpes.net\/de\/wp-json\/wp\/v2\/apidae-modes_paiement?post=569479"},{"taxonomy":"apidae-services","embeddable":true,"href":"https:\/\/www.hautes-alpes.net\/de\/wp-json\/wp\/v2\/apidae-services?post=569479"},{"taxonomy":"apidae-natures_terrain","embeddable":true,"href":"https:\/\/www.hautes-alpes.net\/de\/wp-json\/wp\/v2\/apidae-natures_terrain?post=569479"},{"taxonomy":"apidae-distinctions","embeddable":true,"href":"https:\/\/www.hautes-alpes.net\/de\/wp-json\/wp\/v2\/apidae-distinctions?post=569479"},{"taxonomy":"apidae-langues_parlees","embeddable":true,"href":"https:\/\/www.hautes-alpes.net\/de\/wp-json\/wp\/v2\/apidae-langues_parlees?post=569479"},{"taxonomy":"apidae-equipements","embeddable":true,"href":"https:\/\/www.hautes-alpes.net\/de\/wp-json\/wp\/v2\/apidae-equipements?post=569479"},{"taxonomy":"apidae-equipements_activite","embeddable":true,"href":"https:\/\/www.hautes-alpes.net\/de\/wp-json\/wp\/v2\/apidae-equipements_activite?post=569479"},{"taxonomy":"apidae-conforts","embeddable":true,"href":"https:\/\/www.hautes-alpes.net\/de\/wp-json\/wp\/v2\/apidae-conforts?post=569479"},{"taxonomy":"apidae-activites","embeddable":true,"href":"https:\/\/www.hautes-alpes.net\/de\/wp-json\/wp\/v2\/apidae-activites?post=569479"},{"taxonomy":"apidae-tourismes_adaptes","embeddable":true,"href":"https:\/\/www.hautes-alpes.net\/de\/wp-json\/wp\/v2\/apidae-tourismes_adaptes?post=569479"},{"taxonomy":"apidae-typologies_promo_sitra","embeddable":true,"href":"https:\/\/www.hautes-alpes.net\/de\/wp-json\/wp\/v2\/apidae-typologies_promo_sitra?post=569479"},{"taxonomy":"apidae-types_clientele","embeddable":true,"href":"https:\/\/www.hautes-alpes.net\/de\/wp-json\/wp\/v2\/apidae-types_clientele?post=569479"},{"taxonomy":"apidae-types_patrimoine_culturel","embeddable":true,"href":"https:\/\/www.hautes-alpes.net\/de\/wp-json\/wp\/v2\/apidae-types_patrimoine_culturel?post=569479"},{"taxonomy":"apidae-types_commerce_service","embeddable":true,"href":"https:\/\/www.hautes-alpes.net\/de\/wp-json\/wp\/v2\/apidae-types_commerce_service?post=569479"},{"taxonomy":"apidae-activites_sportives","embeddable":true,"href":"https:\/\/www.hautes-alpes.net\/de\/wp-json\/wp\/v2\/apidae-activites_sportives?post=569479"},{"taxonomy":"apidae-activites_culturelles","embeddable":true,"href":"https:\/\/www.hautes-alpes.net\/de\/wp-json\/wp\/v2\/apidae-activites_culturelles?post=569479"},{"taxonomy":"apidae-commerce_type_detaille","embeddable":true,"href":"https:\/\/www.hautes-alpes.net\/de\/wp-json\/wp\/v2\/apidae-commerce_type_detaille?post=569479"},{"taxonomy":"apidae-fete_manifestation_cat","embeddable":true,"href":"https:\/\/www.hautes-alpes.net\/de\/wp-json\/wp\/v2\/apidae-fete_manifestation_cat?post=569479"},{"taxonomy":"apidae-criteres_internes","embeddable":true,"href":"https:\/\/www.hautes-alpes.net\/de\/wp-json\/wp\/v2\/apidae-criteres_internes?post=569479"},{"taxonomy":"apidae-territoires","embeddable":true,"href":"https:\/\/www.hautes-alpes.net\/de\/wp-json\/wp\/v2\/apidae-territoires?post=569479"},{"taxonomy":"apidae-salles_equipees_pour","embeddable":true,"href":"https:\/\/www.hautes-alpes.net\/de\/wp-json\/wp\/v2\/apidae-salles_equipees_pour?post=569479"},{"taxonomy":"apidae-salles_equipement","embeddable":true,"href":"https:\/\/www.hautes-alpes.net\/de\/wp-json\/wp\/v2\/apidae-salles_equipement?post=569479"},{"taxonomy":"apidae-salles_hebergement","embeddable":true,"href":"https:\/\/www.hautes-alpes.net\/de\/wp-json\/wp\/v2\/apidae-salles_hebergement?post=569479"},{"taxonomy":"apidae-salles_restauration","embeddable":true,"href":"https:\/\/www.hautes-alpes.net\/de\/wp-json\/wp\/v2\/apidae-salles_restauration?post=569479"},{"taxonomy":"apidae-categories","embeddable":true,"href":"https:\/\/www.hautes-alpes.net\/de\/wp-json\/wp\/v2\/apidae-categories?post=569479"},{"taxonomy":"apidae-specialites","embeddable":true,"href":"https:\/\/www.hautes-alpes.net\/de\/wp-json\/wp\/v2\/apidae-specialites?post=569479"},{"taxonomy":"apidae-indications_periode","embeddable":true,"href":"https:\/\/www.hautes-alpes.net\/de\/wp-json\/wp\/v2\/apidae-indications_periode?post=569479"},{"taxonomy":"apidae-types_label","embeddable":true,"href":"https:\/\/www.hautes-alpes.net\/de\/wp-json\/wp\/v2\/apidae-types_label?post=569479"},{"taxonomy":"apidae-hotel_classement","embeddable":true,"href":"https:\/\/www.hautes-alpes.net\/de\/wp-json\/wp\/v2\/apidae-hotel_classement?post=569479"},{"taxonomy":"apidae-types_hebergement","embeddable":true,"href":"https:\/\/www.hautes-alpes.net\/de\/wp-json\/wp\/v2\/apidae-types_hebergement?post=569479"},{"taxonomy":"apidae-tourisme_affaire","embeddable":true,"href":"https:\/\/www.hautes-alpes.net\/de\/wp-json\/wp\/v2\/apidae-tourisme_affaire?post=569479"}],"curies":[{"name":"wp","href":"https:\/\/api.w.org\/{rel}","templated":true}]}}