{"id":500718,"date":"2026-04-28T21:32:14","date_gmt":"2026-04-28T19:32:14","guid":{"rendered":"https:\/\/www.hautes-alpes.net\/fiche\/auberge-saint-antoine-3\/"},"modified":"2026-04-28T22:35:04","modified_gmt":"2026-04-28T20:35:04","slug":"auberge-saint-antoine-3-2","status":"publish","type":"apidae","link":"https:\/\/www.hautes-alpes.net\/de\/fiche\/auberge-saint-antoine-3-2\/","title":{"rendered":"Gasthaus Saint Antoine"},"content":{"rendered":"","protected":false},"featured_media":0,"template":"","meta":{"is_dark_mode":false,"idApidae":"617341"},"apidae-selections":[7854],"apidae-environnements":[],"apidae-chaines":[],"apidae-communes":[1923],"apidae-modes_paiement":[],"apidae-services":[],"apidae-natures_terrain":[],"apidae-distinctions":[],"apidae-langues_parlees":[204],"apidae-equipements":[],"apidae-equipements_activite":[],"apidae-conforts":[],"apidae-activites":[],"apidae-tourismes_adaptes":[],"apidae-typologies_promo_sitra":[],"apidae-types_clientele":[],"apidae-types_patrimoine_culturel":[],"apidae-types_commerce_service":[],"apidae-activites_sportives":[],"apidae-activites_culturelles":[],"apidae-commerce_type_detaille":[],"apidae-fete_manifestation_cat":[],"apidae-criteres_internes":[],"apidae-territoires":[422,414,418,406,1948,398,1943,7934,410],"apidae-salles_equipees_pour":[],"apidae-salles_equipement":[],"apidae-salles_hebergement":[],"apidae-salles_restauration":[],"apidae-categories":[],"apidae-specialites":[],"apidae-indications_periode":[382,370,374,378],"apidae-types_label":[],"apidae-hotel_classement":[],"apidae-types_hebergement":[],"apidae-tourisme_affaire":[458],"class_list":["post-500718","apidae","type-apidae","status-publish","hentry"],"yoast_head":"<!-- This site is optimized with the Yoast SEO plugin v27.2 - https:\/\/yoast.com\/product\/yoast-seo-wordpress\/ -->\n<title>Gasthaus Saint Antoine - Hautes-Alpes<\/title>\n<meta name=\"description\" content=\"La Table de l\u2019Auberge hei\u00dft Sie den ganzen Sommer \u00fcber auf seiner gro\u00dfen Terrasse mit Panoramablick auf die Berge willkommen. Eine famili\u00e4re, authentische und gro\u00dfz\u00fcgige K\u00fcche. Frische Produkte, die vorwiegend aus den Hautes-Alpes stammen. Eine gute ausgesuchte Weinkarte. Tagesmen\u00fc, das an 7 Tagen pro Woche serviert wird. Neu in diesem Jahr: \u00abLe Jardin de l\u2019Auberge\u00bb, der Ihnen den ganzen Tag \u00fcber einen kleinen Imbiss anbietet. Reservierung empfohlen.\" \/>\n<meta name=\"robots\" content=\"index, follow, max-snippet:-1, max-image-preview:large, max-video-preview:-1\" \/>\n<link rel=\"canonical\" href=\"https:\/\/www.hautes-alpes.net\/de\/fiche\/auberge-saint-antoine-3-2\/\" \/>\n<meta property=\"og:locale\" content=\"de_DE\" \/>\n<meta property=\"og:type\" content=\"article\" \/>\n<meta property=\"og:title\" content=\"Gasthaus Saint Antoine - Hautes-Alpes\" \/>\n<meta property=\"og:description\" content=\"La Table de l\u2019Auberge hei\u00dft Sie den ganzen Sommer \u00fcber auf seiner gro\u00dfen Terrasse mit Panoramablick auf die Berge willkommen. Eine famili\u00e4re, authentische und gro\u00dfz\u00fcgige K\u00fcche. Frische Produkte, die vorwiegend aus den Hautes-Alpes stammen. Eine gute ausgesuchte Weinkarte. Tagesmen\u00fc, das an 7 Tagen pro Woche serviert wird. Neu in diesem Jahr: \u00abLe Jardin de l\u2019Auberge\u00bb, der Ihnen den ganzen Tag \u00fcber einen kleinen Imbiss anbietet. Reservierung empfohlen.\" \/>\n<meta property=\"og:url\" content=\"https:\/\/www.hautes-alpes.net\/de\/fiche\/auberge-saint-antoine-3-2\/\" \/>\n<meta property=\"og:site_name\" content=\"Hautes-Alpes\" \/>\n<meta property=\"article:modified_time\" content=\"2026-04-28T20:35:04+00:00\" \/>\n<meta name=\"twitter:card\" content=\"summary_large_image\" \/>\n<script type=\"application\/ld+json\" class=\"yoast-schema-graph\">{\"@context\":\"https:\/\/schema.org\",\"@graph\":[{\"@type\":\"WebPage\",\"@id\":\"https:\/\/www.hautes-alpes.net\/de\/fiche\/auberge-saint-antoine-3-2\/\",\"url\":\"https:\/\/www.hautes-alpes.net\/de\/fiche\/auberge-saint-antoine-3-2\/\",\"name\":\"Gasthaus Saint Antoine - Hautes-Alpes\",\"isPartOf\":{\"@id\":\"https:\/\/www.hautes-alpes.net\/de\/#website\"},\"datePublished\":\"2026-04-28T19:32:14+00:00\",\"dateModified\":\"2026-04-28T20:35:04+00:00\",\"description\":\"La Table de l\u2019Auberge hei\u00dft Sie den ganzen Sommer \u00fcber auf seiner gro\u00dfen Terrasse mit Panoramablick auf die Berge willkommen. Eine famili\u00e4re, authentische und gro\u00dfz\u00fcgige K\u00fcche. Frische Produkte, die vorwiegend aus den Hautes-Alpes stammen. Eine gute ausgesuchte Weinkarte. Tagesmen\u00fc, das an 7 Tagen pro Woche serviert wird. Neu in diesem Jahr: \u00abLe Jardin de l\u2019Auberge\u00bb, der Ihnen den ganzen Tag \u00fcber einen kleinen Imbiss anbietet. Reservierung empfohlen.\",\"breadcrumb\":{\"@id\":\"https:\/\/www.hautes-alpes.net\/de\/fiche\/auberge-saint-antoine-3-2\/#breadcrumb\"},\"inLanguage\":\"de\",\"potentialAction\":[{\"@type\":\"ReadAction\",\"target\":[\"https:\/\/www.hautes-alpes.net\/de\/fiche\/auberge-saint-antoine-3-2\/\"]}]},{\"@type\":\"BreadcrumbList\",\"@id\":\"https:\/\/www.hautes-alpes.net\/de\/fiche\/auberge-saint-antoine-3-2\/#breadcrumb\",\"itemListElement\":[{\"@type\":\"ListItem\",\"position\":1,\"name\":\"Accueil\",\"item\":\"https:\/\/www.hautes-alpes.net\/de\/hautes-alpes\/\"},{\"@type\":\"ListItem\",\"position\":2,\"name\":\"Gasthaus Saint Antoine\"}]},{\"@type\":\"WebSite\",\"@id\":\"https:\/\/www.hautes-alpes.net\/de\/#website\",\"url\":\"https:\/\/www.hautes-alpes.net\/de\/\",\"name\":\"ADDET\",\"description\":\"\",\"publisher\":{\"@id\":\"https:\/\/www.hautes-alpes.net\/de\/#organization\"},\"potentialAction\":[{\"@type\":\"SearchAction\",\"target\":{\"@type\":\"EntryPoint\",\"urlTemplate\":\"https:\/\/www.hautes-alpes.net\/de\/?s={search_term_string}\"},\"query-input\":{\"@type\":\"PropertyValueSpecification\",\"valueRequired\":true,\"valueName\":\"search_term_string\"}}],\"inLanguage\":\"de\"},{\"@type\":\"Organization\",\"@id\":\"https:\/\/www.hautes-alpes.net\/de\/#organization\",\"name\":\"Agence D\u00e9partementale de D\u00e9veloppement Economique et Touristique des Hautes-Alpes\",\"url\":\"https:\/\/www.hautes-alpes.net\/de\/\",\"logo\":{\"@type\":\"ImageObject\",\"inLanguage\":\"de\",\"@id\":\"https:\/\/www.hautes-alpes.net\/de\/#\/schema\/logo\/image\/\",\"url\":\"https:\/\/www.hautes-alpes.net\/wp-content\/uploads\/2026\/01\/black-logo-2.svg\",\"contentUrl\":\"https:\/\/www.hautes-alpes.net\/wp-content\/uploads\/2026\/01\/black-logo-2.svg\",\"caption\":\"Agence D\u00e9partementale de D\u00e9veloppement Economique et Touristique des Hautes-Alpes\"},\"image\":{\"@id\":\"https:\/\/www.hautes-alpes.net\/de\/#\/schema\/logo\/image\/\"}}]}<\/script>\n<!-- \/ Yoast SEO plugin. -->","yoast_head_json":{"title":"Gasthaus Saint Antoine - Hautes-Alpes","description":"La Table de l\u2019Auberge hei\u00dft Sie den ganzen Sommer \u00fcber auf seiner gro\u00dfen Terrasse mit Panoramablick auf die Berge willkommen. Eine famili\u00e4re, authentische und gro\u00dfz\u00fcgige K\u00fcche. Frische Produkte, die vorwiegend aus den Hautes-Alpes stammen. Eine gute ausgesuchte Weinkarte. Tagesmen\u00fc, das an 7 Tagen pro Woche serviert wird. Neu in diesem Jahr: \u00abLe Jardin de l\u2019Auberge\u00bb, der Ihnen den ganzen Tag \u00fcber einen kleinen Imbiss anbietet. Reservierung empfohlen.","robots":{"index":"index","follow":"follow","max-snippet":"max-snippet:-1","max-image-preview":"max-image-preview:large","max-video-preview":"max-video-preview:-1"},"canonical":"https:\/\/www.hautes-alpes.net\/de\/fiche\/auberge-saint-antoine-3-2\/","og_locale":"de_DE","og_type":"article","og_title":"Gasthaus Saint Antoine - Hautes-Alpes","og_description":"La Table de l\u2019Auberge hei\u00dft Sie den ganzen Sommer \u00fcber auf seiner gro\u00dfen Terrasse mit Panoramablick auf die Berge willkommen. Eine famili\u00e4re, authentische und gro\u00dfz\u00fcgige K\u00fcche. Frische Produkte, die vorwiegend aus den Hautes-Alpes stammen. Eine gute ausgesuchte Weinkarte. Tagesmen\u00fc, das an 7 Tagen pro Woche serviert wird. Neu in diesem Jahr: \u00abLe Jardin de l\u2019Auberge\u00bb, der Ihnen den ganzen Tag \u00fcber einen kleinen Imbiss anbietet. Reservierung empfohlen.","og_url":"https:\/\/www.hautes-alpes.net\/de\/fiche\/auberge-saint-antoine-3-2\/","og_site_name":"Hautes-Alpes","article_modified_time":"2026-04-28T20:35:04+00:00","twitter_card":"summary_large_image","schema":{"@context":"https:\/\/schema.org","@graph":[{"@type":"WebPage","@id":"https:\/\/www.hautes-alpes.net\/de\/fiche\/auberge-saint-antoine-3-2\/","url":"https:\/\/www.hautes-alpes.net\/de\/fiche\/auberge-saint-antoine-3-2\/","name":"Gasthaus Saint Antoine - Hautes-Alpes","isPartOf":{"@id":"https:\/\/www.hautes-alpes.net\/de\/#website"},"datePublished":"2026-04-28T19:32:14+00:00","dateModified":"2026-04-28T20:35:04+00:00","description":"La Table de l\u2019Auberge hei\u00dft Sie den ganzen Sommer \u00fcber auf seiner gro\u00dfen Terrasse mit Panoramablick auf die Berge willkommen. Eine famili\u00e4re, authentische und gro\u00dfz\u00fcgige K\u00fcche. Frische Produkte, die vorwiegend aus den Hautes-Alpes stammen. Eine gute ausgesuchte Weinkarte. Tagesmen\u00fc, das an 7 Tagen pro Woche serviert wird. Neu in diesem Jahr: \u00abLe Jardin de l\u2019Auberge\u00bb, der Ihnen den ganzen Tag \u00fcber einen kleinen Imbiss anbietet. Reservierung empfohlen.","breadcrumb":{"@id":"https:\/\/www.hautes-alpes.net\/de\/fiche\/auberge-saint-antoine-3-2\/#breadcrumb"},"inLanguage":"de","potentialAction":[{"@type":"ReadAction","target":["https:\/\/www.hautes-alpes.net\/de\/fiche\/auberge-saint-antoine-3-2\/"]}]},{"@type":"BreadcrumbList","@id":"https:\/\/www.hautes-alpes.net\/de\/fiche\/auberge-saint-antoine-3-2\/#breadcrumb","itemListElement":[{"@type":"ListItem","position":1,"name":"Accueil","item":"https:\/\/www.hautes-alpes.net\/de\/hautes-alpes\/"},{"@type":"ListItem","position":2,"name":"Gasthaus Saint Antoine"}]},{"@type":"WebSite","@id":"https:\/\/www.hautes-alpes.net\/de\/#website","url":"https:\/\/www.hautes-alpes.net\/de\/","name":"ADDET","description":"","publisher":{"@id":"https:\/\/www.hautes-alpes.net\/de\/#organization"},"potentialAction":[{"@type":"SearchAction","target":{"@type":"EntryPoint","urlTemplate":"https:\/\/www.hautes-alpes.net\/de\/?s={search_term_string}"},"query-input":{"@type":"PropertyValueSpecification","valueRequired":true,"valueName":"search_term_string"}}],"inLanguage":"de"},{"@type":"Organization","@id":"https:\/\/www.hautes-alpes.net\/de\/#organization","name":"Agence D\u00e9partementale de D\u00e9veloppement Economique et Touristique des Hautes-Alpes","url":"https:\/\/www.hautes-alpes.net\/de\/","logo":{"@type":"ImageObject","inLanguage":"de","@id":"https:\/\/www.hautes-alpes.net\/de\/#\/schema\/logo\/image\/","url":"https:\/\/www.hautes-alpes.net\/wp-content\/uploads\/2026\/01\/black-logo-2.svg","contentUrl":"https:\/\/www.hautes-alpes.net\/wp-content\/uploads\/2026\/01\/black-logo-2.svg","caption":"Agence D\u00e9partementale de D\u00e9veloppement Economique et Touristique des Hautes-Alpes"},"image":{"@id":"https:\/\/www.hautes-alpes.net\/de\/#\/schema\/logo\/image\/"}}]}},"_links":{"self":[{"href":"https:\/\/www.hautes-alpes.net\/de\/wp-json\/wp\/v2\/apidae\/500718","targetHints":{"allow":["GET"]}}],"collection":[{"href":"https:\/\/www.hautes-alpes.net\/de\/wp-json\/wp\/v2\/apidae"}],"about":[{"href":"https:\/\/www.hautes-alpes.net\/de\/wp-json\/wp\/v2\/types\/apidae"}],"wp:attachment":[{"href":"https:\/\/www.hautes-alpes.net\/de\/wp-json\/wp\/v2\/media?parent=500718"}],"wp:term":[{"taxonomy":"apidae-selections","embeddable":true,"href":"https:\/\/www.hautes-alpes.net\/de\/wp-json\/wp\/v2\/apidae-selections?post=500718"},{"taxonomy":"apidae-environnements","embeddable":true,"href":"https:\/\/www.hautes-alpes.net\/de\/wp-json\/wp\/v2\/apidae-environnements?post=500718"},{"taxonomy":"apidae-chaines","embeddable":true,"href":"https:\/\/www.hautes-alpes.net\/de\/wp-json\/wp\/v2\/apidae-chaines?post=500718"},{"taxonomy":"apidae-communes","embeddable":true,"href":"https:\/\/www.hautes-alpes.net\/de\/wp-json\/wp\/v2\/apidae-communes?post=500718"},{"taxonomy":"apidae-modes_paiement","embeddable":true,"href":"https:\/\/www.hautes-alpes.net\/de\/wp-json\/wp\/v2\/apidae-modes_paiement?post=500718"},{"taxonomy":"apidae-services","embeddable":true,"href":"https:\/\/www.hautes-alpes.net\/de\/wp-json\/wp\/v2\/apidae-services?post=500718"},{"taxonomy":"apidae-natures_terrain","embeddable":true,"href":"https:\/\/www.hautes-alpes.net\/de\/wp-json\/wp\/v2\/apidae-natures_terrain?post=500718"},{"taxonomy":"apidae-distinctions","embeddable":true,"href":"https:\/\/www.hautes-alpes.net\/de\/wp-json\/wp\/v2\/apidae-distinctions?post=500718"},{"taxonomy":"apidae-langues_parlees","embeddable":true,"href":"https:\/\/www.hautes-alpes.net\/de\/wp-json\/wp\/v2\/apidae-langues_parlees?post=500718"},{"taxonomy":"apidae-equipements","embeddable":true,"href":"https:\/\/www.hautes-alpes.net\/de\/wp-json\/wp\/v2\/apidae-equipements?post=500718"},{"taxonomy":"apidae-equipements_activite","embeddable":true,"href":"https:\/\/www.hautes-alpes.net\/de\/wp-json\/wp\/v2\/apidae-equipements_activite?post=500718"},{"taxonomy":"apidae-conforts","embeddable":true,"href":"https:\/\/www.hautes-alpes.net\/de\/wp-json\/wp\/v2\/apidae-conforts?post=500718"},{"taxonomy":"apidae-activites","embeddable":true,"href":"https:\/\/www.hautes-alpes.net\/de\/wp-json\/wp\/v2\/apidae-activites?post=500718"},{"taxonomy":"apidae-tourismes_adaptes","embeddable":true,"href":"https:\/\/www.hautes-alpes.net\/de\/wp-json\/wp\/v2\/apidae-tourismes_adaptes?post=500718"},{"taxonomy":"apidae-typologies_promo_sitra","embeddable":true,"href":"https:\/\/www.hautes-alpes.net\/de\/wp-json\/wp\/v2\/apidae-typologies_promo_sitra?post=500718"},{"taxonomy":"apidae-types_clientele","embeddable":true,"href":"https:\/\/www.hautes-alpes.net\/de\/wp-json\/wp\/v2\/apidae-types_clientele?post=500718"},{"taxonomy":"apidae-types_patrimoine_culturel","embeddable":true,"href":"https:\/\/www.hautes-alpes.net\/de\/wp-json\/wp\/v2\/apidae-types_patrimoine_culturel?post=500718"},{"taxonomy":"apidae-types_commerce_service","embeddable":true,"href":"https:\/\/www.hautes-alpes.net\/de\/wp-json\/wp\/v2\/apidae-types_commerce_service?post=500718"},{"taxonomy":"apidae-activites_sportives","embeddable":true,"href":"https:\/\/www.hautes-alpes.net\/de\/wp-json\/wp\/v2\/apidae-activites_sportives?post=500718"},{"taxonomy":"apidae-activites_culturelles","embeddable":true,"href":"https:\/\/www.hautes-alpes.net\/de\/wp-json\/wp\/v2\/apidae-activites_culturelles?post=500718"},{"taxonomy":"apidae-commerce_type_detaille","embeddable":true,"href":"https:\/\/www.hautes-alpes.net\/de\/wp-json\/wp\/v2\/apidae-commerce_type_detaille?post=500718"},{"taxonomy":"apidae-fete_manifestation_cat","embeddable":true,"href":"https:\/\/www.hautes-alpes.net\/de\/wp-json\/wp\/v2\/apidae-fete_manifestation_cat?post=500718"},{"taxonomy":"apidae-criteres_internes","embeddable":true,"href":"https:\/\/www.hautes-alpes.net\/de\/wp-json\/wp\/v2\/apidae-criteres_internes?post=500718"},{"taxonomy":"apidae-territoires","embeddable":true,"href":"https:\/\/www.hautes-alpes.net\/de\/wp-json\/wp\/v2\/apidae-territoires?post=500718"},{"taxonomy":"apidae-salles_equipees_pour","embeddable":true,"href":"https:\/\/www.hautes-alpes.net\/de\/wp-json\/wp\/v2\/apidae-salles_equipees_pour?post=500718"},{"taxonomy":"apidae-salles_equipement","embeddable":true,"href":"https:\/\/www.hautes-alpes.net\/de\/wp-json\/wp\/v2\/apidae-salles_equipement?post=500718"},{"taxonomy":"apidae-salles_hebergement","embeddable":true,"href":"https:\/\/www.hautes-alpes.net\/de\/wp-json\/wp\/v2\/apidae-salles_hebergement?post=500718"},{"taxonomy":"apidae-salles_restauration","embeddable":true,"href":"https:\/\/www.hautes-alpes.net\/de\/wp-json\/wp\/v2\/apidae-salles_restauration?post=500718"},{"taxonomy":"apidae-categories","embeddable":true,"href":"https:\/\/www.hautes-alpes.net\/de\/wp-json\/wp\/v2\/apidae-categories?post=500718"},{"taxonomy":"apidae-specialites","embeddable":true,"href":"https:\/\/www.hautes-alpes.net\/de\/wp-json\/wp\/v2\/apidae-specialites?post=500718"},{"taxonomy":"apidae-indications_periode","embeddable":true,"href":"https:\/\/www.hautes-alpes.net\/de\/wp-json\/wp\/v2\/apidae-indications_periode?post=500718"},{"taxonomy":"apidae-types_label","embeddable":true,"href":"https:\/\/www.hautes-alpes.net\/de\/wp-json\/wp\/v2\/apidae-types_label?post=500718"},{"taxonomy":"apidae-hotel_classement","embeddable":true,"href":"https:\/\/www.hautes-alpes.net\/de\/wp-json\/wp\/v2\/apidae-hotel_classement?post=500718"},{"taxonomy":"apidae-types_hebergement","embeddable":true,"href":"https:\/\/www.hautes-alpes.net\/de\/wp-json\/wp\/v2\/apidae-types_hebergement?post=500718"},{"taxonomy":"apidae-tourisme_affaire","embeddable":true,"href":"https:\/\/www.hautes-alpes.net\/de\/wp-json\/wp\/v2\/apidae-tourisme_affaire?post=500718"}],"curies":[{"name":"wp","href":"https:\/\/api.w.org\/{rel}","templated":true}]}}