{"id":480918,"date":"2026-04-17T00:12:03","date_gmt":"2026-04-16T22:12:03","guid":{"rendered":"https:\/\/www.hautes-alpes.net\/fiche\/campingplatz-le-verger\/"},"modified":"2026-04-17T00:16:12","modified_gmt":"2026-04-16T22:16:12","slug":"campingplatz-le-verger","status":"publish","type":"apidae","link":"https:\/\/www.hautes-alpes.net\/de\/fiche\/campingplatz-le-verger\/","title":{"rendered":"Campingplatz Le Verger"},"content":{"rendered":"","protected":false},"featured_media":0,"template":"","meta":{"is_dark_mode":false,"idApidae":"226105"},"apidae-selections":[7879],"apidae-environnements":[337,361,353,349],"apidae-chaines":[],"apidae-communes":[3932],"apidae-modes_paiement":[173,187],"apidae-services":[3798,4023,3803,4614,233,2527,880,2522,1312,2127,746,259,251,4679,4609,2517,2132,247,875,2512,4674],"apidae-natures_terrain":[],"apidae-distinctions":[7943],"apidae-langues_parlees":[200,196],"apidae-equipements":[4013,1249,2117,1873,2490,4634,224,4300,4644,515,723,4689,867,816,472,212,4694,1010,3398,719,1263,3783,2507,216,229,479,2502,4018,4639,4589],"apidae-equipements_activite":[],"apidae-conforts":[577,955,4594,751,567,588,2147,3828,2142,764,3823,1933,4619,1492,548],"apidae-activites":[3130,1683,2038,1365,3531,1527,1532,1522,1350,1688,2033,2547,1512],"apidae-tourismes_adaptes":[],"apidae-typologies_promo_sitra":[],"apidae-types_clientele":[],"apidae-types_patrimoine_culturel":[],"apidae-types_commerce_service":[],"apidae-activites_sportives":[],"apidae-activites_culturelles":[],"apidae-commerce_type_detaille":[],"apidae-fete_manifestation_cat":[],"apidae-criteres_internes":[960],"apidae-territoires":[422,414,418,406,1943,7934,410,995],"apidae-salles_equipees_pour":[],"apidae-salles_equipement":[],"apidae-salles_hebergement":[],"apidae-salles_restauration":[],"apidae-categories":[],"apidae-specialites":[],"apidae-indications_periode":[382,370,374,378],"apidae-types_label":[],"apidae-hotel_classement":[709],"apidae-types_hebergement":[2542],"apidae-tourisme_affaire":[458],"class_list":["post-480918","apidae","type-apidae","status-publish","hentry"],"yoast_head":"<!-- This site is optimized with the Yoast SEO plugin v27.2 - https:\/\/yoast.com\/product\/yoast-seo-wordpress\/ -->\n<title>Campingplatz Le Verger - Hautes-Alpes<\/title>\n<meta name=\"description\" content=\"Der Campingplatz \u201eLe Verger\u201c liegt zwischen Brian\u00e7on und Guillestre in der N\u00e4he des Nationalparks der \u00c9crins und des Pelvoux-Massivs. Freizeitaktivit\u00e4ten in unmittelbarer N\u00e4he (in 800 m Entfernung): Wildwassersport, Klettern, Klettersteig, Wandern, Reiten, Mountainbiking\" \/>\n<meta name=\"robots\" content=\"index, follow, max-snippet:-1, max-image-preview:large, max-video-preview:-1\" \/>\n<link rel=\"canonical\" href=\"https:\/\/www.hautes-alpes.net\/de\/fiche\/campingplatz-le-verger\/\" \/>\n<meta property=\"og:locale\" content=\"de_DE\" \/>\n<meta property=\"og:type\" content=\"article\" \/>\n<meta property=\"og:title\" content=\"Campingplatz Le Verger - Hautes-Alpes\" \/>\n<meta property=\"og:description\" content=\"Der Campingplatz \u201eLe Verger\u201c liegt zwischen Brian\u00e7on und Guillestre in der N\u00e4he des Nationalparks der \u00c9crins und des Pelvoux-Massivs. Freizeitaktivit\u00e4ten in unmittelbarer N\u00e4he (in 800 m Entfernung): Wildwassersport, Klettern, Klettersteig, Wandern, Reiten, Mountainbiking\" \/>\n<meta property=\"og:url\" content=\"https:\/\/www.hautes-alpes.net\/de\/fiche\/campingplatz-le-verger\/\" \/>\n<meta property=\"og:site_name\" content=\"Hautes-Alpes\" \/>\n<meta property=\"article:modified_time\" content=\"2026-04-16T22:16:12+00:00\" \/>\n<meta name=\"twitter:card\" content=\"summary_large_image\" \/>\n<script type=\"application\/ld+json\" class=\"yoast-schema-graph\">{\"@context\":\"https:\/\/schema.org\",\"@graph\":[{\"@type\":\"WebPage\",\"@id\":\"https:\/\/www.hautes-alpes.net\/de\/fiche\/campingplatz-le-verger\/\",\"url\":\"https:\/\/www.hautes-alpes.net\/de\/fiche\/campingplatz-le-verger\/\",\"name\":\"Campingplatz Le Verger - Hautes-Alpes\",\"isPartOf\":{\"@id\":\"https:\/\/www.hautes-alpes.net\/de\/#website\"},\"datePublished\":\"2026-04-16T22:12:03+00:00\",\"dateModified\":\"2026-04-16T22:16:12+00:00\",\"description\":\"Der Campingplatz \u201eLe Verger\u201c liegt zwischen Brian\u00e7on und Guillestre in der N\u00e4he des Nationalparks der \u00c9crins und des Pelvoux-Massivs. Freizeitaktivit\u00e4ten in unmittelbarer N\u00e4he (in 800 m Entfernung): Wildwassersport, Klettern, Klettersteig, Wandern, Reiten, Mountainbiking\",\"breadcrumb\":{\"@id\":\"https:\/\/www.hautes-alpes.net\/de\/fiche\/campingplatz-le-verger\/#breadcrumb\"},\"inLanguage\":\"de\",\"potentialAction\":[{\"@type\":\"ReadAction\",\"target\":[\"https:\/\/www.hautes-alpes.net\/de\/fiche\/campingplatz-le-verger\/\"]}]},{\"@type\":\"BreadcrumbList\",\"@id\":\"https:\/\/www.hautes-alpes.net\/de\/fiche\/campingplatz-le-verger\/#breadcrumb\",\"itemListElement\":[{\"@type\":\"ListItem\",\"position\":1,\"name\":\"Accueil\",\"item\":\"https:\/\/www.hautes-alpes.net\/de\/hautes-alpes\/\"},{\"@type\":\"ListItem\",\"position\":2,\"name\":\"Campingplatz Le Verger\"}]},{\"@type\":\"WebSite\",\"@id\":\"https:\/\/www.hautes-alpes.net\/de\/#website\",\"url\":\"https:\/\/www.hautes-alpes.net\/de\/\",\"name\":\"ADDET\",\"description\":\"\",\"publisher\":{\"@id\":\"https:\/\/www.hautes-alpes.net\/de\/#organization\"},\"potentialAction\":[{\"@type\":\"SearchAction\",\"target\":{\"@type\":\"EntryPoint\",\"urlTemplate\":\"https:\/\/www.hautes-alpes.net\/de\/?s={search_term_string}\"},\"query-input\":{\"@type\":\"PropertyValueSpecification\",\"valueRequired\":true,\"valueName\":\"search_term_string\"}}],\"inLanguage\":\"de\"},{\"@type\":\"Organization\",\"@id\":\"https:\/\/www.hautes-alpes.net\/de\/#organization\",\"name\":\"Agence D\u00e9partementale de D\u00e9veloppement Economique et Touristique des Hautes-Alpes\",\"url\":\"https:\/\/www.hautes-alpes.net\/de\/\",\"logo\":{\"@type\":\"ImageObject\",\"inLanguage\":\"de\",\"@id\":\"https:\/\/www.hautes-alpes.net\/de\/#\/schema\/logo\/image\/\",\"url\":\"https:\/\/www.hautes-alpes.net\/wp-content\/uploads\/2026\/01\/black-logo-2.svg\",\"contentUrl\":\"https:\/\/www.hautes-alpes.net\/wp-content\/uploads\/2026\/01\/black-logo-2.svg\",\"caption\":\"Agence D\u00e9partementale de D\u00e9veloppement Economique et Touristique des Hautes-Alpes\"},\"image\":{\"@id\":\"https:\/\/www.hautes-alpes.net\/de\/#\/schema\/logo\/image\/\"}}]}<\/script>\n<!-- \/ Yoast SEO plugin. -->","yoast_head_json":{"title":"Campingplatz Le Verger - Hautes-Alpes","description":"Der Campingplatz \u201eLe Verger\u201c liegt zwischen Brian\u00e7on und Guillestre in der N\u00e4he des Nationalparks der \u00c9crins und des Pelvoux-Massivs. Freizeitaktivit\u00e4ten in unmittelbarer N\u00e4he (in 800 m Entfernung): Wildwassersport, Klettern, Klettersteig, Wandern, Reiten, Mountainbiking","robots":{"index":"index","follow":"follow","max-snippet":"max-snippet:-1","max-image-preview":"max-image-preview:large","max-video-preview":"max-video-preview:-1"},"canonical":"https:\/\/www.hautes-alpes.net\/de\/fiche\/campingplatz-le-verger\/","og_locale":"de_DE","og_type":"article","og_title":"Campingplatz Le Verger - Hautes-Alpes","og_description":"Der Campingplatz \u201eLe Verger\u201c liegt zwischen Brian\u00e7on und Guillestre in der N\u00e4he des Nationalparks der \u00c9crins und des Pelvoux-Massivs. Freizeitaktivit\u00e4ten in unmittelbarer N\u00e4he (in 800 m Entfernung): Wildwassersport, Klettern, Klettersteig, Wandern, Reiten, Mountainbiking","og_url":"https:\/\/www.hautes-alpes.net\/de\/fiche\/campingplatz-le-verger\/","og_site_name":"Hautes-Alpes","article_modified_time":"2026-04-16T22:16:12+00:00","twitter_card":"summary_large_image","schema":{"@context":"https:\/\/schema.org","@graph":[{"@type":"WebPage","@id":"https:\/\/www.hautes-alpes.net\/de\/fiche\/campingplatz-le-verger\/","url":"https:\/\/www.hautes-alpes.net\/de\/fiche\/campingplatz-le-verger\/","name":"Campingplatz Le Verger - Hautes-Alpes","isPartOf":{"@id":"https:\/\/www.hautes-alpes.net\/de\/#website"},"datePublished":"2026-04-16T22:12:03+00:00","dateModified":"2026-04-16T22:16:12+00:00","description":"Der Campingplatz \u201eLe Verger\u201c liegt zwischen Brian\u00e7on und Guillestre in der N\u00e4he des Nationalparks der \u00c9crins und des Pelvoux-Massivs. Freizeitaktivit\u00e4ten in unmittelbarer N\u00e4he (in 800 m Entfernung): Wildwassersport, Klettern, Klettersteig, Wandern, Reiten, Mountainbiking","breadcrumb":{"@id":"https:\/\/www.hautes-alpes.net\/de\/fiche\/campingplatz-le-verger\/#breadcrumb"},"inLanguage":"de","potentialAction":[{"@type":"ReadAction","target":["https:\/\/www.hautes-alpes.net\/de\/fiche\/campingplatz-le-verger\/"]}]},{"@type":"BreadcrumbList","@id":"https:\/\/www.hautes-alpes.net\/de\/fiche\/campingplatz-le-verger\/#breadcrumb","itemListElement":[{"@type":"ListItem","position":1,"name":"Accueil","item":"https:\/\/www.hautes-alpes.net\/de\/hautes-alpes\/"},{"@type":"ListItem","position":2,"name":"Campingplatz Le Verger"}]},{"@type":"WebSite","@id":"https:\/\/www.hautes-alpes.net\/de\/#website","url":"https:\/\/www.hautes-alpes.net\/de\/","name":"ADDET","description":"","publisher":{"@id":"https:\/\/www.hautes-alpes.net\/de\/#organization"},"potentialAction":[{"@type":"SearchAction","target":{"@type":"EntryPoint","urlTemplate":"https:\/\/www.hautes-alpes.net\/de\/?s={search_term_string}"},"query-input":{"@type":"PropertyValueSpecification","valueRequired":true,"valueName":"search_term_string"}}],"inLanguage":"de"},{"@type":"Organization","@id":"https:\/\/www.hautes-alpes.net\/de\/#organization","name":"Agence D\u00e9partementale de D\u00e9veloppement Economique et Touristique des Hautes-Alpes","url":"https:\/\/www.hautes-alpes.net\/de\/","logo":{"@type":"ImageObject","inLanguage":"de","@id":"https:\/\/www.hautes-alpes.net\/de\/#\/schema\/logo\/image\/","url":"https:\/\/www.hautes-alpes.net\/wp-content\/uploads\/2026\/01\/black-logo-2.svg","contentUrl":"https:\/\/www.hautes-alpes.net\/wp-content\/uploads\/2026\/01\/black-logo-2.svg","caption":"Agence D\u00e9partementale de D\u00e9veloppement Economique et Touristique des Hautes-Alpes"},"image":{"@id":"https:\/\/www.hautes-alpes.net\/de\/#\/schema\/logo\/image\/"}}]}},"_links":{"self":[{"href":"https:\/\/www.hautes-alpes.net\/de\/wp-json\/wp\/v2\/apidae\/480918","targetHints":{"allow":["GET"]}}],"collection":[{"href":"https:\/\/www.hautes-alpes.net\/de\/wp-json\/wp\/v2\/apidae"}],"about":[{"href":"https:\/\/www.hautes-alpes.net\/de\/wp-json\/wp\/v2\/types\/apidae"}],"wp:attachment":[{"href":"https:\/\/www.hautes-alpes.net\/de\/wp-json\/wp\/v2\/media?parent=480918"}],"wp:term":[{"taxonomy":"apidae-selections","embeddable":true,"href":"https:\/\/www.hautes-alpes.net\/de\/wp-json\/wp\/v2\/apidae-selections?post=480918"},{"taxonomy":"apidae-environnements","embeddable":true,"href":"https:\/\/www.hautes-alpes.net\/de\/wp-json\/wp\/v2\/apidae-environnements?post=480918"},{"taxonomy":"apidae-chaines","embeddable":true,"href":"https:\/\/www.hautes-alpes.net\/de\/wp-json\/wp\/v2\/apidae-chaines?post=480918"},{"taxonomy":"apidae-communes","embeddable":true,"href":"https:\/\/www.hautes-alpes.net\/de\/wp-json\/wp\/v2\/apidae-communes?post=480918"},{"taxonomy":"apidae-modes_paiement","embeddable":true,"href":"https:\/\/www.hautes-alpes.net\/de\/wp-json\/wp\/v2\/apidae-modes_paiement?post=480918"},{"taxonomy":"apidae-services","embeddable":true,"href":"https:\/\/www.hautes-alpes.net\/de\/wp-json\/wp\/v2\/apidae-services?post=480918"},{"taxonomy":"apidae-natures_terrain","embeddable":true,"href":"https:\/\/www.hautes-alpes.net\/de\/wp-json\/wp\/v2\/apidae-natures_terrain?post=480918"},{"taxonomy":"apidae-distinctions","embeddable":true,"href":"https:\/\/www.hautes-alpes.net\/de\/wp-json\/wp\/v2\/apidae-distinctions?post=480918"},{"taxonomy":"apidae-langues_parlees","embeddable":true,"href":"https:\/\/www.hautes-alpes.net\/de\/wp-json\/wp\/v2\/apidae-langues_parlees?post=480918"},{"taxonomy":"apidae-equipements","embeddable":true,"href":"https:\/\/www.hautes-alpes.net\/de\/wp-json\/wp\/v2\/apidae-equipements?post=480918"},{"taxonomy":"apidae-equipements_activite","embeddable":true,"href":"https:\/\/www.hautes-alpes.net\/de\/wp-json\/wp\/v2\/apidae-equipements_activite?post=480918"},{"taxonomy":"apidae-conforts","embeddable":true,"href":"https:\/\/www.hautes-alpes.net\/de\/wp-json\/wp\/v2\/apidae-conforts?post=480918"},{"taxonomy":"apidae-activites","embeddable":true,"href":"https:\/\/www.hautes-alpes.net\/de\/wp-json\/wp\/v2\/apidae-activites?post=480918"},{"taxonomy":"apidae-tourismes_adaptes","embeddable":true,"href":"https:\/\/www.hautes-alpes.net\/de\/wp-json\/wp\/v2\/apidae-tourismes_adaptes?post=480918"},{"taxonomy":"apidae-typologies_promo_sitra","embeddable":true,"href":"https:\/\/www.hautes-alpes.net\/de\/wp-json\/wp\/v2\/apidae-typologies_promo_sitra?post=480918"},{"taxonomy":"apidae-types_clientele","embeddable":true,"href":"https:\/\/www.hautes-alpes.net\/de\/wp-json\/wp\/v2\/apidae-types_clientele?post=480918"},{"taxonomy":"apidae-types_patrimoine_culturel","embeddable":true,"href":"https:\/\/www.hautes-alpes.net\/de\/wp-json\/wp\/v2\/apidae-types_patrimoine_culturel?post=480918"},{"taxonomy":"apidae-types_commerce_service","embeddable":true,"href":"https:\/\/www.hautes-alpes.net\/de\/wp-json\/wp\/v2\/apidae-types_commerce_service?post=480918"},{"taxonomy":"apidae-activites_sportives","embeddable":true,"href":"https:\/\/www.hautes-alpes.net\/de\/wp-json\/wp\/v2\/apidae-activites_sportives?post=480918"},{"taxonomy":"apidae-activites_culturelles","embeddable":true,"href":"https:\/\/www.hautes-alpes.net\/de\/wp-json\/wp\/v2\/apidae-activites_culturelles?post=480918"},{"taxonomy":"apidae-commerce_type_detaille","embeddable":true,"href":"https:\/\/www.hautes-alpes.net\/de\/wp-json\/wp\/v2\/apidae-commerce_type_detaille?post=480918"},{"taxonomy":"apidae-fete_manifestation_cat","embeddable":true,"href":"https:\/\/www.hautes-alpes.net\/de\/wp-json\/wp\/v2\/apidae-fete_manifestation_cat?post=480918"},{"taxonomy":"apidae-criteres_internes","embeddable":true,"href":"https:\/\/www.hautes-alpes.net\/de\/wp-json\/wp\/v2\/apidae-criteres_internes?post=480918"},{"taxonomy":"apidae-territoires","embeddable":true,"href":"https:\/\/www.hautes-alpes.net\/de\/wp-json\/wp\/v2\/apidae-territoires?post=480918"},{"taxonomy":"apidae-salles_equipees_pour","embeddable":true,"href":"https:\/\/www.hautes-alpes.net\/de\/wp-json\/wp\/v2\/apidae-salles_equipees_pour?post=480918"},{"taxonomy":"apidae-salles_equipement","embeddable":true,"href":"https:\/\/www.hautes-alpes.net\/de\/wp-json\/wp\/v2\/apidae-salles_equipement?post=480918"},{"taxonomy":"apidae-salles_hebergement","embeddable":true,"href":"https:\/\/www.hautes-alpes.net\/de\/wp-json\/wp\/v2\/apidae-salles_hebergement?post=480918"},{"taxonomy":"apidae-salles_restauration","embeddable":true,"href":"https:\/\/www.hautes-alpes.net\/de\/wp-json\/wp\/v2\/apidae-salles_restauration?post=480918"},{"taxonomy":"apidae-categories","embeddable":true,"href":"https:\/\/www.hautes-alpes.net\/de\/wp-json\/wp\/v2\/apidae-categories?post=480918"},{"taxonomy":"apidae-specialites","embeddable":true,"href":"https:\/\/www.hautes-alpes.net\/de\/wp-json\/wp\/v2\/apidae-specialites?post=480918"},{"taxonomy":"apidae-indications_periode","embeddable":true,"href":"https:\/\/www.hautes-alpes.net\/de\/wp-json\/wp\/v2\/apidae-indications_periode?post=480918"},{"taxonomy":"apidae-types_label","embeddable":true,"href":"https:\/\/www.hautes-alpes.net\/de\/wp-json\/wp\/v2\/apidae-types_label?post=480918"},{"taxonomy":"apidae-hotel_classement","embeddable":true,"href":"https:\/\/www.hautes-alpes.net\/de\/wp-json\/wp\/v2\/apidae-hotel_classement?post=480918"},{"taxonomy":"apidae-types_hebergement","embeddable":true,"href":"https:\/\/www.hautes-alpes.net\/de\/wp-json\/wp\/v2\/apidae-types_hebergement?post=480918"},{"taxonomy":"apidae-tourisme_affaire","embeddable":true,"href":"https:\/\/www.hautes-alpes.net\/de\/wp-json\/wp\/v2\/apidae-tourisme_affaire?post=480918"}],"curies":[{"name":"wp","href":"https:\/\/api.w.org\/{rel}","templated":true}]}}