{"id":272589,"date":"2026-02-06T06:52:09","date_gmt":"2026-02-06T05:52:09","guid":{"rendered":"https:\/\/www.hautes-alpes.net\/fiche\/le-pounti-du-hameau-de-villauret-2\/"},"modified":"2026-02-06T07:03:55","modified_gmt":"2026-02-06T06:03:55","slug":"le-pounti-du-hameau-de-villauret-2","status":"publish","type":"apidae","link":"https:\/\/www.hautes-alpes.net\/de\/fiche\/le-pounti-du-hameau-de-villauret-2\/","title":{"rendered":"Der &#8220;Pounti&#8220; von Hameau de Villauret"},"content":{"rendered":"","protected":false},"featured_media":0,"template":"","meta":{"is_dark_mode":false,"idApidae":"4625048"},"apidae-selections":[7779],"apidae-environnements":[1693,1555,622,337,353],"apidae-chaines":[],"apidae-communes":[4375],"apidae-modes_paiement":[173,187,165,191],"apidae-services":[2122,4148,279,3374,538,233,4243,274,2127,1316,746,259,251,255,2132,3897,542],"apidae-natures_terrain":[],"apidae-distinctions":[8530,8821,7963,8094],"apidae-langues_parlees":[200,204,1413],"apidae-equipements":[1273,2092,1249,2117,506,1873,871,3225,519,723,2457,728,867,816,3240,3334,472,737,2112,719,1863,3235,3369,3140],"apidae-equipements_activite":[],"apidae-conforts":[2166,577,955,578,3165,558,1833,751,567,3250,1497,3160,562,3180,588,2157,2147,3260,1478,3280,1066,893,756,2142,2067,2152,884,3155,554,3255,548,2686],"apidae-activites":[3130,2312,1365,3065,2306,3070,1527,2305,1331,1326,3483,1522,1350,3428,2547],"apidae-tourismes_adaptes":[],"apidae-typologies_promo_sitra":[],"apidae-types_clientele":[1399,324,842,605,2696,609],"apidae-types_patrimoine_culturel":[],"apidae-types_commerce_service":[],"apidae-activites_sportives":[],"apidae-activites_culturelles":[],"apidae-commerce_type_detaille":[],"apidae-fete_manifestation_cat":[],"apidae-criteres_internes":[],"apidae-territoires":[422,2880,418,406,2960,2632,2945,410,3060,2940,3135,2622],"apidae-salles_equipees_pour":[],"apidae-salles_equipement":[],"apidae-salles_hebergement":[],"apidae-salles_restauration":[],"apidae-categories":[],"apidae-specialites":[],"apidae-indications_periode":[382,370,374,378],"apidae-types_label":[4405],"apidae-hotel_classement":[],"apidae-types_hebergement":[2171],"apidae-tourisme_affaire":[458],"class_list":["post-272589","apidae","type-apidae","status-publish","hentry"],"yoast_head":"<!-- This site is optimized with the Yoast SEO plugin v27.2 - https:\/\/yoast.com\/product\/yoast-seo-wordpress\/ -->\n<title>Der &quot;Pounti&quot; von Hameau de Villauret - Hautes-Alpes<\/title>\n<meta name=\"description\" content=\"Wohnung f\u00fcr 5 oder 6 Personen, die sich im Obergeschoss des Bauernhauses befindet und im reinen Stil der Region eingerichtet ist, man erreicht sie \u00fcber einen traditionellen Balkon &quot;un pounti&quot;. Au\u00dfenbereich am Fu\u00df des Balkons. Empfang f\u00fcr Reiter!\" \/>\n<meta name=\"robots\" content=\"index, follow, max-snippet:-1, max-image-preview:large, max-video-preview:-1\" \/>\n<link rel=\"canonical\" href=\"https:\/\/www.hautes-alpes.net\/de\/fiche\/le-pounti-du-hameau-de-villauret-2\/\" \/>\n<meta property=\"og:locale\" content=\"de_DE\" \/>\n<meta property=\"og:type\" content=\"article\" \/>\n<meta property=\"og:title\" content=\"Der &quot;Pounti&quot; von Hameau de Villauret - Hautes-Alpes\" \/>\n<meta property=\"og:description\" content=\"Wohnung f\u00fcr 5 oder 6 Personen, die sich im Obergeschoss des Bauernhauses befindet und im reinen Stil der Region eingerichtet ist, man erreicht sie \u00fcber einen traditionellen Balkon &quot;un pounti&quot;. Au\u00dfenbereich am Fu\u00df des Balkons. Empfang f\u00fcr Reiter!\" \/>\n<meta property=\"og:url\" content=\"https:\/\/www.hautes-alpes.net\/de\/fiche\/le-pounti-du-hameau-de-villauret-2\/\" \/>\n<meta property=\"og:site_name\" content=\"Hautes-Alpes\" \/>\n<meta property=\"article:modified_time\" content=\"2026-02-06T06:03:55+00:00\" \/>\n<meta name=\"twitter:card\" content=\"summary_large_image\" \/>\n<script type=\"application\/ld+json\" class=\"yoast-schema-graph\">{\"@context\":\"https:\/\/schema.org\",\"@graph\":[{\"@type\":\"WebPage\",\"@id\":\"https:\/\/www.hautes-alpes.net\/de\/fiche\/le-pounti-du-hameau-de-villauret-2\/\",\"url\":\"https:\/\/www.hautes-alpes.net\/de\/fiche\/le-pounti-du-hameau-de-villauret-2\/\",\"name\":\"Der \\\"Pounti\\\" von Hameau de Villauret - Hautes-Alpes\",\"isPartOf\":{\"@id\":\"https:\/\/www.hautes-alpes.net\/de\/#website\"},\"datePublished\":\"2026-02-06T05:52:09+00:00\",\"dateModified\":\"2026-02-06T06:03:55+00:00\",\"description\":\"Wohnung f\u00fcr 5 oder 6 Personen, die sich im Obergeschoss des Bauernhauses befindet und im reinen Stil der Region eingerichtet ist, man erreicht sie \u00fcber einen traditionellen Balkon \\\"un pounti\\\". Au\u00dfenbereich am Fu\u00df des Balkons. Empfang f\u00fcr Reiter!\",\"breadcrumb\":{\"@id\":\"https:\/\/www.hautes-alpes.net\/de\/fiche\/le-pounti-du-hameau-de-villauret-2\/#breadcrumb\"},\"inLanguage\":\"de\",\"potentialAction\":[{\"@type\":\"ReadAction\",\"target\":[\"https:\/\/www.hautes-alpes.net\/de\/fiche\/le-pounti-du-hameau-de-villauret-2\/\"]}]},{\"@type\":\"BreadcrumbList\",\"@id\":\"https:\/\/www.hautes-alpes.net\/de\/fiche\/le-pounti-du-hameau-de-villauret-2\/#breadcrumb\",\"itemListElement\":[{\"@type\":\"ListItem\",\"position\":1,\"name\":\"Accueil\",\"item\":\"https:\/\/www.hautes-alpes.net\/de\/hautes-alpes\/\"},{\"@type\":\"ListItem\",\"position\":2,\"name\":\"Der \u00a0\u00bbPounti\u00a0\u00bb von Hameau de Villauret\"}]},{\"@type\":\"WebSite\",\"@id\":\"https:\/\/www.hautes-alpes.net\/de\/#website\",\"url\":\"https:\/\/www.hautes-alpes.net\/de\/\",\"name\":\"ADDET\",\"description\":\"\",\"publisher\":{\"@id\":\"https:\/\/www.hautes-alpes.net\/de\/#organization\"},\"potentialAction\":[{\"@type\":\"SearchAction\",\"target\":{\"@type\":\"EntryPoint\",\"urlTemplate\":\"https:\/\/www.hautes-alpes.net\/de\/?s={search_term_string}\"},\"query-input\":{\"@type\":\"PropertyValueSpecification\",\"valueRequired\":true,\"valueName\":\"search_term_string\"}}],\"inLanguage\":\"de\"},{\"@type\":\"Organization\",\"@id\":\"https:\/\/www.hautes-alpes.net\/de\/#organization\",\"name\":\"Agence D\u00e9partementale de D\u00e9veloppement Economique et Touristique des Hautes-Alpes\",\"url\":\"https:\/\/www.hautes-alpes.net\/de\/\",\"logo\":{\"@type\":\"ImageObject\",\"inLanguage\":\"de\",\"@id\":\"https:\/\/www.hautes-alpes.net\/de\/#\/schema\/logo\/image\/\",\"url\":\"https:\/\/www.hautes-alpes.net\/wp-content\/uploads\/2026\/01\/black-logo-2.svg\",\"contentUrl\":\"https:\/\/www.hautes-alpes.net\/wp-content\/uploads\/2026\/01\/black-logo-2.svg\",\"caption\":\"Agence D\u00e9partementale de D\u00e9veloppement Economique et Touristique des Hautes-Alpes\"},\"image\":{\"@id\":\"https:\/\/www.hautes-alpes.net\/de\/#\/schema\/logo\/image\/\"}}]}<\/script>\n<!-- \/ Yoast SEO plugin. -->","yoast_head_json":{"title":"Der \"Pounti\" von Hameau de Villauret - Hautes-Alpes","description":"Wohnung f\u00fcr 5 oder 6 Personen, die sich im Obergeschoss des Bauernhauses befindet und im reinen Stil der Region eingerichtet ist, man erreicht sie \u00fcber einen traditionellen Balkon \"un pounti\". Au\u00dfenbereich am Fu\u00df des Balkons. Empfang f\u00fcr Reiter!","robots":{"index":"index","follow":"follow","max-snippet":"max-snippet:-1","max-image-preview":"max-image-preview:large","max-video-preview":"max-video-preview:-1"},"canonical":"https:\/\/www.hautes-alpes.net\/de\/fiche\/le-pounti-du-hameau-de-villauret-2\/","og_locale":"de_DE","og_type":"article","og_title":"Der \"Pounti\" von Hameau de Villauret - Hautes-Alpes","og_description":"Wohnung f\u00fcr 5 oder 6 Personen, die sich im Obergeschoss des Bauernhauses befindet und im reinen Stil der Region eingerichtet ist, man erreicht sie \u00fcber einen traditionellen Balkon \"un pounti\". Au\u00dfenbereich am Fu\u00df des Balkons. Empfang f\u00fcr Reiter!","og_url":"https:\/\/www.hautes-alpes.net\/de\/fiche\/le-pounti-du-hameau-de-villauret-2\/","og_site_name":"Hautes-Alpes","article_modified_time":"2026-02-06T06:03:55+00:00","twitter_card":"summary_large_image","schema":{"@context":"https:\/\/schema.org","@graph":[{"@type":"WebPage","@id":"https:\/\/www.hautes-alpes.net\/de\/fiche\/le-pounti-du-hameau-de-villauret-2\/","url":"https:\/\/www.hautes-alpes.net\/de\/fiche\/le-pounti-du-hameau-de-villauret-2\/","name":"Der \"Pounti\" von Hameau de Villauret - Hautes-Alpes","isPartOf":{"@id":"https:\/\/www.hautes-alpes.net\/de\/#website"},"datePublished":"2026-02-06T05:52:09+00:00","dateModified":"2026-02-06T06:03:55+00:00","description":"Wohnung f\u00fcr 5 oder 6 Personen, die sich im Obergeschoss des Bauernhauses befindet und im reinen Stil der Region eingerichtet ist, man erreicht sie \u00fcber einen traditionellen Balkon \"un pounti\". Au\u00dfenbereich am Fu\u00df des Balkons. Empfang f\u00fcr Reiter!","breadcrumb":{"@id":"https:\/\/www.hautes-alpes.net\/de\/fiche\/le-pounti-du-hameau-de-villauret-2\/#breadcrumb"},"inLanguage":"de","potentialAction":[{"@type":"ReadAction","target":["https:\/\/www.hautes-alpes.net\/de\/fiche\/le-pounti-du-hameau-de-villauret-2\/"]}]},{"@type":"BreadcrumbList","@id":"https:\/\/www.hautes-alpes.net\/de\/fiche\/le-pounti-du-hameau-de-villauret-2\/#breadcrumb","itemListElement":[{"@type":"ListItem","position":1,"name":"Accueil","item":"https:\/\/www.hautes-alpes.net\/de\/hautes-alpes\/"},{"@type":"ListItem","position":2,"name":"Der \u00a0\u00bbPounti\u00a0\u00bb von Hameau de Villauret"}]},{"@type":"WebSite","@id":"https:\/\/www.hautes-alpes.net\/de\/#website","url":"https:\/\/www.hautes-alpes.net\/de\/","name":"ADDET","description":"","publisher":{"@id":"https:\/\/www.hautes-alpes.net\/de\/#organization"},"potentialAction":[{"@type":"SearchAction","target":{"@type":"EntryPoint","urlTemplate":"https:\/\/www.hautes-alpes.net\/de\/?s={search_term_string}"},"query-input":{"@type":"PropertyValueSpecification","valueRequired":true,"valueName":"search_term_string"}}],"inLanguage":"de"},{"@type":"Organization","@id":"https:\/\/www.hautes-alpes.net\/de\/#organization","name":"Agence D\u00e9partementale de D\u00e9veloppement Economique et Touristique des Hautes-Alpes","url":"https:\/\/www.hautes-alpes.net\/de\/","logo":{"@type":"ImageObject","inLanguage":"de","@id":"https:\/\/www.hautes-alpes.net\/de\/#\/schema\/logo\/image\/","url":"https:\/\/www.hautes-alpes.net\/wp-content\/uploads\/2026\/01\/black-logo-2.svg","contentUrl":"https:\/\/www.hautes-alpes.net\/wp-content\/uploads\/2026\/01\/black-logo-2.svg","caption":"Agence D\u00e9partementale de D\u00e9veloppement Economique et Touristique des Hautes-Alpes"},"image":{"@id":"https:\/\/www.hautes-alpes.net\/de\/#\/schema\/logo\/image\/"}}]}},"_links":{"self":[{"href":"https:\/\/www.hautes-alpes.net\/de\/wp-json\/wp\/v2\/apidae\/272589","targetHints":{"allow":["GET"]}}],"collection":[{"href":"https:\/\/www.hautes-alpes.net\/de\/wp-json\/wp\/v2\/apidae"}],"about":[{"href":"https:\/\/www.hautes-alpes.net\/de\/wp-json\/wp\/v2\/types\/apidae"}],"wp:attachment":[{"href":"https:\/\/www.hautes-alpes.net\/de\/wp-json\/wp\/v2\/media?parent=272589"}],"wp:term":[{"taxonomy":"apidae-selections","embeddable":true,"href":"https:\/\/www.hautes-alpes.net\/de\/wp-json\/wp\/v2\/apidae-selections?post=272589"},{"taxonomy":"apidae-environnements","embeddable":true,"href":"https:\/\/www.hautes-alpes.net\/de\/wp-json\/wp\/v2\/apidae-environnements?post=272589"},{"taxonomy":"apidae-chaines","embeddable":true,"href":"https:\/\/www.hautes-alpes.net\/de\/wp-json\/wp\/v2\/apidae-chaines?post=272589"},{"taxonomy":"apidae-communes","embeddable":true,"href":"https:\/\/www.hautes-alpes.net\/de\/wp-json\/wp\/v2\/apidae-communes?post=272589"},{"taxonomy":"apidae-modes_paiement","embeddable":true,"href":"https:\/\/www.hautes-alpes.net\/de\/wp-json\/wp\/v2\/apidae-modes_paiement?post=272589"},{"taxonomy":"apidae-services","embeddable":true,"href":"https:\/\/www.hautes-alpes.net\/de\/wp-json\/wp\/v2\/apidae-services?post=272589"},{"taxonomy":"apidae-natures_terrain","embeddable":true,"href":"https:\/\/www.hautes-alpes.net\/de\/wp-json\/wp\/v2\/apidae-natures_terrain?post=272589"},{"taxonomy":"apidae-distinctions","embeddable":true,"href":"https:\/\/www.hautes-alpes.net\/de\/wp-json\/wp\/v2\/apidae-distinctions?post=272589"},{"taxonomy":"apidae-langues_parlees","embeddable":true,"href":"https:\/\/www.hautes-alpes.net\/de\/wp-json\/wp\/v2\/apidae-langues_parlees?post=272589"},{"taxonomy":"apidae-equipements","embeddable":true,"href":"https:\/\/www.hautes-alpes.net\/de\/wp-json\/wp\/v2\/apidae-equipements?post=272589"},{"taxonomy":"apidae-equipements_activite","embeddable":true,"href":"https:\/\/www.hautes-alpes.net\/de\/wp-json\/wp\/v2\/apidae-equipements_activite?post=272589"},{"taxonomy":"apidae-conforts","embeddable":true,"href":"https:\/\/www.hautes-alpes.net\/de\/wp-json\/wp\/v2\/apidae-conforts?post=272589"},{"taxonomy":"apidae-activites","embeddable":true,"href":"https:\/\/www.hautes-alpes.net\/de\/wp-json\/wp\/v2\/apidae-activites?post=272589"},{"taxonomy":"apidae-tourismes_adaptes","embeddable":true,"href":"https:\/\/www.hautes-alpes.net\/de\/wp-json\/wp\/v2\/apidae-tourismes_adaptes?post=272589"},{"taxonomy":"apidae-typologies_promo_sitra","embeddable":true,"href":"https:\/\/www.hautes-alpes.net\/de\/wp-json\/wp\/v2\/apidae-typologies_promo_sitra?post=272589"},{"taxonomy":"apidae-types_clientele","embeddable":true,"href":"https:\/\/www.hautes-alpes.net\/de\/wp-json\/wp\/v2\/apidae-types_clientele?post=272589"},{"taxonomy":"apidae-types_patrimoine_culturel","embeddable":true,"href":"https:\/\/www.hautes-alpes.net\/de\/wp-json\/wp\/v2\/apidae-types_patrimoine_culturel?post=272589"},{"taxonomy":"apidae-types_commerce_service","embeddable":true,"href":"https:\/\/www.hautes-alpes.net\/de\/wp-json\/wp\/v2\/apidae-types_commerce_service?post=272589"},{"taxonomy":"apidae-activites_sportives","embeddable":true,"href":"https:\/\/www.hautes-alpes.net\/de\/wp-json\/wp\/v2\/apidae-activites_sportives?post=272589"},{"taxonomy":"apidae-activites_culturelles","embeddable":true,"href":"https:\/\/www.hautes-alpes.net\/de\/wp-json\/wp\/v2\/apidae-activites_culturelles?post=272589"},{"taxonomy":"apidae-commerce_type_detaille","embeddable":true,"href":"https:\/\/www.hautes-alpes.net\/de\/wp-json\/wp\/v2\/apidae-commerce_type_detaille?post=272589"},{"taxonomy":"apidae-fete_manifestation_cat","embeddable":true,"href":"https:\/\/www.hautes-alpes.net\/de\/wp-json\/wp\/v2\/apidae-fete_manifestation_cat?post=272589"},{"taxonomy":"apidae-criteres_internes","embeddable":true,"href":"https:\/\/www.hautes-alpes.net\/de\/wp-json\/wp\/v2\/apidae-criteres_internes?post=272589"},{"taxonomy":"apidae-territoires","embeddable":true,"href":"https:\/\/www.hautes-alpes.net\/de\/wp-json\/wp\/v2\/apidae-territoires?post=272589"},{"taxonomy":"apidae-salles_equipees_pour","embeddable":true,"href":"https:\/\/www.hautes-alpes.net\/de\/wp-json\/wp\/v2\/apidae-salles_equipees_pour?post=272589"},{"taxonomy":"apidae-salles_equipement","embeddable":true,"href":"https:\/\/www.hautes-alpes.net\/de\/wp-json\/wp\/v2\/apidae-salles_equipement?post=272589"},{"taxonomy":"apidae-salles_hebergement","embeddable":true,"href":"https:\/\/www.hautes-alpes.net\/de\/wp-json\/wp\/v2\/apidae-salles_hebergement?post=272589"},{"taxonomy":"apidae-salles_restauration","embeddable":true,"href":"https:\/\/www.hautes-alpes.net\/de\/wp-json\/wp\/v2\/apidae-salles_restauration?post=272589"},{"taxonomy":"apidae-categories","embeddable":true,"href":"https:\/\/www.hautes-alpes.net\/de\/wp-json\/wp\/v2\/apidae-categories?post=272589"},{"taxonomy":"apidae-specialites","embeddable":true,"href":"https:\/\/www.hautes-alpes.net\/de\/wp-json\/wp\/v2\/apidae-specialites?post=272589"},{"taxonomy":"apidae-indications_periode","embeddable":true,"href":"https:\/\/www.hautes-alpes.net\/de\/wp-json\/wp\/v2\/apidae-indications_periode?post=272589"},{"taxonomy":"apidae-types_label","embeddable":true,"href":"https:\/\/www.hautes-alpes.net\/de\/wp-json\/wp\/v2\/apidae-types_label?post=272589"},{"taxonomy":"apidae-hotel_classement","embeddable":true,"href":"https:\/\/www.hautes-alpes.net\/de\/wp-json\/wp\/v2\/apidae-hotel_classement?post=272589"},{"taxonomy":"apidae-types_hebergement","embeddable":true,"href":"https:\/\/www.hautes-alpes.net\/de\/wp-json\/wp\/v2\/apidae-types_hebergement?post=272589"},{"taxonomy":"apidae-tourisme_affaire","embeddable":true,"href":"https:\/\/www.hautes-alpes.net\/de\/wp-json\/wp\/v2\/apidae-tourisme_affaire?post=272589"}],"curies":[{"name":"wp","href":"https:\/\/api.w.org\/{rel}","templated":true}]}}